{"id":1625,"date":"2024-06-26T15:01:46","date_gmt":"2024-06-26T13:01:46","guid":{"rendered":"https:\/\/www.hvk-bo.de\/hvk_neu\/?page_id=1625"},"modified":"2024-10-13T11:46:15","modified_gmt":"2024-10-13T09:46:15","slug":"oberstufe","status":"publish","type":"page","link":"https:\/\/www.hvk-bo.de\/hvk_neu\/schullaufbahn\/oberstufe\/","title":{"rendered":"Oberstufe"},"content":{"rendered":"\n<div class=\"wp-block-uagb-container uagb-block-148a1303 default uagb-is-root-container\">\n<h3 class=\"wp-block-heading\">Oberstufe<\/h3>\n\n\n\n<p>Mit dem Eintritt in die gymnasiale Oberstufe verabschieden sich alle Sch\u00fclerinnen und Sch\u00fcler von dem bisher vertrauten Klassenverband und bilden zusammen eine gemeinsame Jahrgangsstufe. Dabei integrieren wir auch Bewerberinnen und Bewerber von anderen Schulen, die bei uns die allgemeine Hochschulreife erreichen m\u00f6chten. Im <strong>Kurssystem<\/strong> unserer Oberstufe k\u00f6nnen die Sch\u00fclerinnen und Sch\u00fcler eigene Schwerpunkte setzen und viele F\u00e4cher selbst w\u00e4hlen. Somit gestalten sie eine ganz individuelle Schullaufbahn, in welcher sie sich in drei Jahren (EF,Q1,Q2) auf die Abiturpr\u00fcfungen vorbereiten. <br><br>Bei allen Entscheidungen zur Schullaufbahn in der Oberstufe werden unsere Sch\u00fclerinnen und Sch\u00fcler von unserem <strong>Oberstufenteam<\/strong> unterst\u00fctzt. Die Jahrgangsstufenleitungen und die Oberstufenkoordination arbeiten Hand in Hand, um eine bestm\u00f6gliche Beratung zu gew\u00e4hrleisten. Schon in Klasse 10 erfolgen erste Informationsveranstaltungen und eine individuelle Beratung zur Planung der Fachwahlen f\u00fcr die Oberstufe. <br><br>Das erste Schuljahr in der gymnasialen Oberstufe wird als Einf\u00fchrungsphase (EF) bezeichnet. Um den \u00dcbergang in diesen neuen Abschnitt zu erleichtern, finden die ersten drei Schultage in der Einf\u00fchrungsphase als sogenannte <strong>Einf\u00fchrungstage<\/strong> statt. An diesen Tagen f\u00fchren wir noch keinen regul\u00e4ren Unterricht durch, sondern fokussieren uns auf die Organisation, das Kennenlernen und das Methodenlernen.<br><br>Viele F\u00e4cher und Klausuren k\u00f6nnen in der Einf\u00fchrungsphase ausprobiert werden. Es werden auch einige <strong>neue F\u00e4cher<\/strong> angeboten (z.B. Spanisch, Technik, Erziehungswissenschaften). Erst in den beiden folgenden Jahren (als Qualifikationsphase 1 und 2 bezeichnet) werden Punkte f\u00fcr das Abitur gesammelt und Leistungskurse belegt. Um interessierten Sch\u00fclerinnen und Sch\u00fclern ein m\u00f6glichst gro\u00dfes Angebot an Leistungskursf\u00e4chern zu erm\u00f6glichen, haben wir mit der Lessingschule eine<strong> Kooperation<\/strong>&nbsp;vereinbart. Dieser Unterricht liegt jeweils morgens in den Randstunden, der Transfer zwischen den Kooperationsschulen wird mit Schulbussen durchgef\u00fchrt.<br><br>Haben Sie <strong>Fragen<\/strong> zur gymnasialen Oberstufe am Heinrich-von-Kleist-Gymnasium? Sprechen Sie uns gerne pers\u00f6nlich an! Im Downloadbereich finden Sie ebenfalls weitere Informationen.<\/p>\n\n\n\n<h4 class=\"wp-block-heading\" style=\"margin-top:0;margin-bottom:0\"><strong>Kontakt zum Oberstufenteam<\/strong><\/h4>\n\n\n\n<p>Telefonisch erreichen Sie uns \u00fcber das Sekretariat <a href=\"tel:+49234891250\">0234 \u2013 89125 \u2013 0<\/a><\/p>\n\n\n\n<figure class=\"wp-block-table\"><table class=\"has-fixed-layout\"><tbody><tr><td><strong>Koordination Oberstufe<br><\/strong>Robin B\u00e4ck<br><a href=\"mailto:r.baeck@hvk-bochum.de\">r.baeck@hvk-bochum.de<\/a> <\/td><td><\/td><\/tr><tr><td><strong>Einf\u00fchrungsphase im Schuljahr 2024\/2025<br><\/strong>Simone Netz<br><a href=\"mailto:s.netz@hvk-bochum.de\">s.netz@hvk-bochum.de<\/a> <br>Daniel Savelsbergh-Netz<br><a href=\"mailto:d.savelsbergh@hvk-bochum.de\">d.savelsbergh@hvk-bochum.de<\/a> <\/td><td><strong>Qualifikationsphase 2 im Schuljahr 2024\/2025<br><\/strong>Ylva Henseler<br><a href=\"mailto:y.henseler@hvk-bochum.de\">y.henseler@hvk-bochum.de<\/a>  <br>Kai Brandt<br><a href=\"mailto:k.brandt@hvk-bochum.de\">k.brandt@hvk-bochum.de<\/a><\/td><\/tr><\/tbody><\/table><\/figure>\n<\/div>\n","protected":false},"excerpt":{"rendered":"<p>Oberstufe Mit dem Eintritt in die gymnasiale Oberstufe verabschieden sich alle Sch\u00fclerinnen und Sch\u00fcler von dem bisher vertrauten Klassenverband und [&hellip;]<\/p>\n","protected":false},"author":6,"featured_media":0,"parent":1619,"menu_order":3,"comment_status":"closed","ping_status":"closed","template":"","meta":{"_uag_custom_page_level_css":"","site-sidebar-layout":"default","site-content-layout":"","ast-site-content-layout":"default","site-content-style":"default","site-sidebar-style":"default","ast-global-header-display":"","ast-banner-title-visibility":"","ast-main-header-display":"","ast-hfb-above-header-display":"","ast-hfb-below-header-display":"","ast-hfb-mobile-header-display":"","site-post-title":"disabled","ast-breadcrumbs-content":"","ast-featured-img":"","footer-sml-layout":"","ast-disable-related-posts":"","theme-transparent-header-meta":"","adv-header-id-meta":"","stick-header-meta":"","header-above-stick-meta":"","header-main-stick-meta":"","header-below-stick-meta":"","astra-migrate-meta-layouts":"default","ast-page-background-enabled":"default","ast-page-background-meta":{"desktop":{"background-color":"var(--ast-global-color-4)","background-image":"","background-repeat":"repeat","background-position":"center center","background-size":"auto","background-attachment":"scroll","background-type":"","background-media":"","overlay-type":"","overlay-color":"","overlay-opacity":"","overlay-gradient":""},"tablet":{"background-color":"","background-image":"","background-repeat":"repeat","background-position":"center center","background-size":"auto","background-attachment":"scroll","background-type":"","background-media":"","overlay-type":"","overlay-color":"","overlay-opacity":"","overlay-gradient":""},"mobile":{"background-color":"","background-image":"","background-repeat":"repeat","background-position":"center center","background-size":"auto","background-attachment":"scroll","background-type":"","background-media":"","overlay-type":"","overlay-color":"","overlay-opacity":"","overlay-gradient":""}},"ast-content-background-meta":{"desktop":{"background-color":"var(--ast-global-color-5)","background-image":"","background-repeat":"repeat","background-position":"center center","background-size":"auto","background-attachment":"scroll","background-type":"","background-media":"","overlay-type":"","overlay-color":"","overlay-opacity":"","overlay-gradient":""},"tablet":{"background-color":"var(--ast-global-color-5)","background-image":"","background-repeat":"repeat","background-position":"center center","background-size":"auto","background-attachment":"scroll","background-type":"","background-media":"","overlay-type":"","overlay-color":"","overlay-opacity":"","overlay-gradient":""},"mobile":{"background-color":"var(--ast-global-color-5)","background-image":"","background-repeat":"repeat","background-position":"center center","background-size":"auto","background-attachment":"scroll","background-type":"","background-media":"","overlay-type":"","overlay-color":"","overlay-opacity":"","overlay-gradient":""}},"footnotes":""},"class_list":["post-1625","page","type-page","status-publish","hentry"],"yoast_head":"<!-- This site is optimized with the Yoast SEO plugin v27.5 - https:\/\/yoast.com\/product\/yoast-seo-wordpress\/ -->\n<title>Oberstufe - Heinrich-von-Kleist-Gymnasium<\/title>\n<meta name=\"robots\" content=\"index, follow, max-snippet:-1, max-image-preview:large, max-video-preview:-1\" \/>\n<link rel=\"canonical\" href=\"https:\/\/www.hvk-bo.de\/hvk_neu\/schullaufbahn\/oberstufe\/\" \/>\n<meta property=\"og:locale\" content=\"de_DE\" \/>\n<meta property=\"og:type\" content=\"article\" \/>\n<meta property=\"og:title\" content=\"Oberstufe - Heinrich-von-Kleist-Gymnasium\" \/>\n<meta property=\"og:description\" content=\"Oberstufe Mit dem Eintritt in die gymnasiale Oberstufe verabschieden sich alle Sch\u00fclerinnen und Sch\u00fcler von dem bisher vertrauten Klassenverband und [&hellip;]\" \/>\n<meta property=\"og:url\" content=\"https:\/\/www.hvk-bo.de\/hvk_neu\/schullaufbahn\/oberstufe\/\" \/>\n<meta property=\"og:site_name\" content=\"Heinrich-von-Kleist-Gymnasium\" \/>\n<meta property=\"article:modified_time\" content=\"2024-10-13T09:46:15+00:00\" \/>\n<meta name=\"twitter:card\" content=\"summary_large_image\" \/>\n<meta name=\"twitter:label1\" content=\"Gesch\u00e4tzte Lesezeit\" \/>\n\t<meta name=\"twitter:data1\" content=\"2\u00a0Minuten\" \/>\n<script type=\"application\/ld+json\" class=\"yoast-schema-graph\">{\"@context\":\"https:\\\/\\\/schema.org\",\"@graph\":[{\"@type\":\"WebPage\",\"@id\":\"https:\\\/\\\/www.hvk-bo.de\\\/hvk_neu\\\/schullaufbahn\\\/oberstufe\\\/\",\"url\":\"https:\\\/\\\/www.hvk-bo.de\\\/hvk_neu\\\/schullaufbahn\\\/oberstufe\\\/\",\"name\":\"Oberstufe - Heinrich-von-Kleist-Gymnasium\",\"isPartOf\":{\"@id\":\"https:\\\/\\\/www.hvk-bo.de\\\/hvk_neu\\\/#website\"},\"datePublished\":\"2024-06-26T13:01:46+00:00\",\"dateModified\":\"2024-10-13T09:46:15+00:00\",\"breadcrumb\":{\"@id\":\"https:\\\/\\\/www.hvk-bo.de\\\/hvk_neu\\\/schullaufbahn\\\/oberstufe\\\/#breadcrumb\"},\"inLanguage\":\"de\",\"potentialAction\":[{\"@type\":\"ReadAction\",\"target\":[\"https:\\\/\\\/www.hvk-bo.de\\\/hvk_neu\\\/schullaufbahn\\\/oberstufe\\\/\"]}]},{\"@type\":\"BreadcrumbList\",\"@id\":\"https:\\\/\\\/www.hvk-bo.de\\\/hvk_neu\\\/schullaufbahn\\\/oberstufe\\\/#breadcrumb\",\"itemListElement\":[{\"@type\":\"ListItem\",\"position\":1,\"name\":\"Startseite\",\"item\":\"https:\\\/\\\/www.hvk-bo.de\\\/hvk_neu\\\/\"},{\"@type\":\"ListItem\",\"position\":2,\"name\":\"Schullaufbahn\",\"item\":\"https:\\\/\\\/www.hvk-bo.de\\\/hvk_neu\\\/schullaufbahn\\\/\"},{\"@type\":\"ListItem\",\"position\":3,\"name\":\"Oberstufe\"}]},{\"@type\":\"WebSite\",\"@id\":\"https:\\\/\\\/www.hvk-bo.de\\\/hvk_neu\\\/#website\",\"url\":\"https:\\\/\\\/www.hvk-bo.de\\\/hvk_neu\\\/\",\"name\":\"Heinrich-von-Kleist-Gymnasium\",\"description\":\"Ganztagsgymnasium\",\"publisher\":{\"@id\":\"https:\\\/\\\/www.hvk-bo.de\\\/hvk_neu\\\/#organization\"},\"alternateName\":\"HvK Bochum\",\"potentialAction\":[{\"@type\":\"SearchAction\",\"target\":{\"@type\":\"EntryPoint\",\"urlTemplate\":\"https:\\\/\\\/www.hvk-bo.de\\\/hvk_neu\\\/?s={search_term_string}\"},\"query-input\":{\"@type\":\"PropertyValueSpecification\",\"valueRequired\":true,\"valueName\":\"search_term_string\"}}],\"inLanguage\":\"de\"},{\"@type\":\"Organization\",\"@id\":\"https:\\\/\\\/www.hvk-bo.de\\\/hvk_neu\\\/#organization\",\"name\":\"Heinrich-von-Kleist-Gymnasium\",\"alternateName\":\"HvK Bochum\",\"url\":\"https:\\\/\\\/www.hvk-bo.de\\\/hvk_neu\\\/\",\"logo\":{\"@type\":\"ImageObject\",\"inLanguage\":\"de\",\"@id\":\"https:\\\/\\\/www.hvk-bo.de\\\/hvk_neu\\\/#\\\/schema\\\/logo\\\/image\\\/\",\"url\":\"https:\\\/\\\/www.hvk-bo.de\\\/hvk_neu\\\/wp-content\\\/uploads\\\/2024\\\/06\\\/HvK_Logo_klein.png\",\"contentUrl\":\"https:\\\/\\\/www.hvk-bo.de\\\/hvk_neu\\\/wp-content\\\/uploads\\\/2024\\\/06\\\/HvK_Logo_klein.png\",\"width\":512,\"height\":512,\"caption\":\"Heinrich-von-Kleist-Gymnasium\"},\"image\":{\"@id\":\"https:\\\/\\\/www.hvk-bo.de\\\/hvk_neu\\\/#\\\/schema\\\/logo\\\/image\\\/\"}}]}<\/script>\n<!-- \/ Yoast SEO plugin. -->","yoast_head_json":{"title":"Oberstufe - Heinrich-von-Kleist-Gymnasium","robots":{"index":"index","follow":"follow","max-snippet":"max-snippet:-1","max-image-preview":"max-image-preview:large","max-video-preview":"max-video-preview:-1"},"canonical":"https:\/\/www.hvk-bo.de\/hvk_neu\/schullaufbahn\/oberstufe\/","og_locale":"de_DE","og_type":"article","og_title":"Oberstufe - Heinrich-von-Kleist-Gymnasium","og_description":"Oberstufe Mit dem Eintritt in die gymnasiale Oberstufe verabschieden sich alle Sch\u00fclerinnen und Sch\u00fcler von dem bisher vertrauten Klassenverband und [&hellip;]","og_url":"https:\/\/www.hvk-bo.de\/hvk_neu\/schullaufbahn\/oberstufe\/","og_site_name":"Heinrich-von-Kleist-Gymnasium","article_modified_time":"2024-10-13T09:46:15+00:00","twitter_card":"summary_large_image","twitter_misc":{"Gesch\u00e4tzte Lesezeit":"2\u00a0Minuten"},"schema":{"@context":"https:\/\/schema.org","@graph":[{"@type":"WebPage","@id":"https:\/\/www.hvk-bo.de\/hvk_neu\/schullaufbahn\/oberstufe\/","url":"https:\/\/www.hvk-bo.de\/hvk_neu\/schullaufbahn\/oberstufe\/","name":"Oberstufe - Heinrich-von-Kleist-Gymnasium","isPartOf":{"@id":"https:\/\/www.hvk-bo.de\/hvk_neu\/#website"},"datePublished":"2024-06-26T13:01:46+00:00","dateModified":"2024-10-13T09:46:15+00:00","breadcrumb":{"@id":"https:\/\/www.hvk-bo.de\/hvk_neu\/schullaufbahn\/oberstufe\/#breadcrumb"},"inLanguage":"de","potentialAction":[{"@type":"ReadAction","target":["https:\/\/www.hvk-bo.de\/hvk_neu\/schullaufbahn\/oberstufe\/"]}]},{"@type":"BreadcrumbList","@id":"https:\/\/www.hvk-bo.de\/hvk_neu\/schullaufbahn\/oberstufe\/#breadcrumb","itemListElement":[{"@type":"ListItem","position":1,"name":"Startseite","item":"https:\/\/www.hvk-bo.de\/hvk_neu\/"},{"@type":"ListItem","position":2,"name":"Schullaufbahn","item":"https:\/\/www.hvk-bo.de\/hvk_neu\/schullaufbahn\/"},{"@type":"ListItem","position":3,"name":"Oberstufe"}]},{"@type":"WebSite","@id":"https:\/\/www.hvk-bo.de\/hvk_neu\/#website","url":"https:\/\/www.hvk-bo.de\/hvk_neu\/","name":"Heinrich-von-Kleist-Gymnasium","description":"Ganztagsgymnasium","publisher":{"@id":"https:\/\/www.hvk-bo.de\/hvk_neu\/#organization"},"alternateName":"HvK Bochum","potentialAction":[{"@type":"SearchAction","target":{"@type":"EntryPoint","urlTemplate":"https:\/\/www.hvk-bo.de\/hvk_neu\/?s={search_term_string}"},"query-input":{"@type":"PropertyValueSpecification","valueRequired":true,"valueName":"search_term_string"}}],"inLanguage":"de"},{"@type":"Organization","@id":"https:\/\/www.hvk-bo.de\/hvk_neu\/#organization","name":"Heinrich-von-Kleist-Gymnasium","alternateName":"HvK Bochum","url":"https:\/\/www.hvk-bo.de\/hvk_neu\/","logo":{"@type":"ImageObject","inLanguage":"de","@id":"https:\/\/www.hvk-bo.de\/hvk_neu\/#\/schema\/logo\/image\/","url":"https:\/\/www.hvk-bo.de\/hvk_neu\/wp-content\/uploads\/2024\/06\/HvK_Logo_klein.png","contentUrl":"https:\/\/www.hvk-bo.de\/hvk_neu\/wp-content\/uploads\/2024\/06\/HvK_Logo_klein.png","width":512,"height":512,"caption":"Heinrich-von-Kleist-Gymnasium"},"image":{"@id":"https:\/\/www.hvk-bo.de\/hvk_neu\/#\/schema\/logo\/image\/"}}]}},"uagb_featured_image_src":{"full":false,"thumbnail":false,"medium":false,"medium_large":false,"large":false,"1536x1536":false,"2048x2048":false},"uagb_author_info":{"display_name":"Nadja Pohle","author_link":"https:\/\/www.hvk-bo.de\/hvk_neu\/author\/n_pohle\/"},"uagb_comment_info":0,"uagb_excerpt":"Oberstufe Mit dem Eintritt in die gymnasiale Oberstufe verabschieden sich alle Sch\u00fclerinnen und Sch\u00fcler von dem bisher vertrauten Klassenverband und [&hellip;]","_links":{"self":[{"href":"https:\/\/www.hvk-bo.de\/hvk_neu\/wp-json\/wp\/v2\/pages\/1625","targetHints":{"allow":["GET"]}}],"collection":[{"href":"https:\/\/www.hvk-bo.de\/hvk_neu\/wp-json\/wp\/v2\/pages"}],"about":[{"href":"https:\/\/www.hvk-bo.de\/hvk_neu\/wp-json\/wp\/v2\/types\/page"}],"author":[{"embeddable":true,"href":"https:\/\/www.hvk-bo.de\/hvk_neu\/wp-json\/wp\/v2\/users\/6"}],"replies":[{"embeddable":true,"href":"https:\/\/www.hvk-bo.de\/hvk_neu\/wp-json\/wp\/v2\/comments?post=1625"}],"version-history":[{"count":0,"href":"https:\/\/www.hvk-bo.de\/hvk_neu\/wp-json\/wp\/v2\/pages\/1625\/revisions"}],"up":[{"embeddable":true,"href":"https:\/\/www.hvk-bo.de\/hvk_neu\/wp-json\/wp\/v2\/pages\/1619"}],"wp:attachment":[{"href":"https:\/\/www.hvk-bo.de\/hvk_neu\/wp-json\/wp\/v2\/media?parent=1625"}],"curies":[{"name":"wp","href":"https:\/\/api.w.org\/{rel}","templated":true}]}}