{"id":1629,"date":"2024-06-26T15:04:34","date_gmt":"2024-06-26T13:04:34","guid":{"rendered":"https:\/\/www.hvk-bo.de\/hvk_neu\/?page_id=1629"},"modified":"2024-11-09T21:11:45","modified_gmt":"2024-11-09T20:11:45","slug":"fahrtenprogramm","status":"publish","type":"page","link":"https:\/\/www.hvk-bo.de\/hvk_neu\/schullaufbahn\/fahrtenprogramm\/","title":{"rendered":"Fahrtenprogramm"},"content":{"rendered":"\n<div class=\"wp-block-uagb-container uagb-block-06ce9f3c default uagb-is-root-container\">\n<div class=\"wp-block-uagb-container uagb-block-2022e043\">\n<h3 class=\"wp-block-heading\">Fahrtenprogramm<\/h3>\n\n\n\n<p>Im Laufe der Schulzeit am HvK gibt es Fahrten, an denen alle Sch\u00fclerinnen und Sch\u00fcler teilnehmen und dar\u00fcber hinaus einige Angebotsfahrten. <\/p>\n\n\n\n<p>Um Schwierigkeiten bei der Finanzierung der Fahrten zu begegnen haben wir mehrere S\u00e4ulen der Unterst\u00fctzung etabliert: <\/p>\n\n\n\n<ol class=\"wp-block-list\">\n<li>BUT-Empf\u00e4ngerinnen und Empf\u00e4nger erhalten die Finanzierung aus BUT-Mitteln, unser Schulsozialarbeiter Markus Hieb (<a href=\"mailto:mhieb@bochum.de\">mhieb@bochum.de<\/a>) unterst\u00fctzt bei der Antragstellung.  <\/li>\n\n\n\n<li> Im Rahmen unseres Bandbreitenmodells k\u00f6nnen Sie einfach ohne R\u00fcckfrage oder Bemerkung 10% weniger bezahlen, wenn es so besser funktioniert, oder aber Sie zahlen solidarisch bis zu 15% mehr, wenn Sie sich das gerade gut leisten k\u00f6nnen, so dass alle mitfahren k\u00f6nnen. <\/li>\n\n\n\n<li>Unser F\u00f6rderverein unterst\u00fctzt alle, die von den ersten beiden F\u00e4llen noch nicht erfasst sind, individuell. Einfacher, formloser und vertraulicher Kontakt \u00fcber <a href=\"mailto:foerderverein@hvk-bochum.de\">foerderverein@hvk-bochum.de<\/a>.<\/li>\n<\/ol>\n\n\n\n<h4 class=\"wp-block-heading\">Kennenlernfahrt zu Beginn der JGS 5 &#8211; Borkum<\/h4>\n\n\n\n<p>Mit dem Reisebus oder auch der Bahn geht es zu Beginn der Schulzeit gemeinsam mit allen 5ten Klassen auf die Nordseeinsel Borkum. Neben dem Kennenlernen der Klassen stehen immer umwelt- und erlebnisp\u00e4dagogische Themen im Mittelpunkt dieser Fahrt. Highlights sind unter anderem die Wattwanderung mit der Suche nach den Small Five des Wattenmeeres und der Besuch im Kletterpark.<\/p>\n\n\n\t\t\t\t\t<div\n\t\t\t\t\t\tclass=\"wp-block-uagb-image-gallery uagb-block-6c3ccc3e     \"\n\t\t\t\t\t\tstyle=\"\"\n\t\t\t\t\t>\n\t\t\t\t\t\t\t\t\t\t\t<div class=\"spectra-image-gallery spectra-image-gallery__layout--grid spectra-image-gallery__layout--grid-col-3 spectra-image-gallery__layout--grid-col-tab-3 spectra-image-gallery__layout--grid-col-mob-2\">\n\t\t\t\t\t\t\t\t\t\t\t<div class='spectra-image-gallery__media-wrapper' data-spectra-gallery-image-id='2681' tabindex=\"0\">\n\t\t\t\t\t\t\t<div class=\"spectra-image-gallery__media spectra-image-gallery__media--grid\">\n\t\t\t\t<picture>\n\t\t\t\t\t<source media=\"(min-width: 1024px)\" srcset=\"https:\/\/www.hvk-bo.de\/hvk_neu\/wp-content\/uploads\/2024\/10\/fit_1280-7-1024x682.jpeg\">\n\t\t\t\t\t<source media=\"(min-width: 768px)\" srcset=\"https:\/\/www.hvk-bo.de\/hvk_neu\/wp-content\/uploads\/2024\/10\/fit_1280-7-1024x682.jpeg\">\n\t\t\t\t\t<img decoding=\"async\" class=\"spectra-image-gallery__media-thumbnail spectra-image-gallery__media-thumbnail--grid\" src=\"https:\/\/www.hvk-bo.de\/hvk_neu\/wp-content\/uploads\/2024\/10\/fit_1280-7-300x200.jpeg\" alt=\"\" loading=\"lazy\" \/>\n\t\t\t\t<\/picture>\n\t\t\t\t<div class=\"spectra-image-gallery__media-thumbnail-blurrer\"><\/div>\n\t\t\t\t\t\t\t\t\t\t\t<div class=\"spectra-image-gallery__media-thumbnail-caption-wrapper spectra-image-gallery__media-thumbnail-caption-wrapper--overlay\">\n\t\t\t\t\t\t\t\t\t\t\t<div class=\"spectra-image-gallery__media-thumbnail-caption spectra-image-gallery__media-thumbnail-caption--overlay\">\n\t\t\t\t\tBei der Wattwanderung\t\t\t\t<\/div>\n\t\t\t\t\t\t\t\t\t\t<\/div>\n\t\t\t\t\t\t\t\t\t<\/div>\n\t\t\t\t\t\t<\/div>\n\t\t\t\t\t\t<div class='spectra-image-gallery__media-wrapper' data-spectra-gallery-image-id='2678' tabindex=\"0\">\n\t\t\t\t\t\t\t<div class=\"spectra-image-gallery__media spectra-image-gallery__media--grid\">\n\t\t\t\t<picture>\n\t\t\t\t\t<source media=\"(min-width: 1024px)\" srcset=\"https:\/\/www.hvk-bo.de\/hvk_neu\/wp-content\/uploads\/2024\/10\/fit_1280.jpeg\">\n\t\t\t\t\t<source media=\"(min-width: 768px)\" srcset=\"https:\/\/www.hvk-bo.de\/hvk_neu\/wp-content\/uploads\/2024\/10\/fit_1280.jpeg\">\n\t\t\t\t\t<img decoding=\"async\" class=\"spectra-image-gallery__media-thumbnail spectra-image-gallery__media-thumbnail--grid\" src=\"https:\/\/www.hvk-bo.de\/hvk_neu\/wp-content\/uploads\/2024\/10\/fit_1280-200x300.jpeg\" alt=\"\" loading=\"lazy\" \/>\n\t\t\t\t<\/picture>\n\t\t\t\t<div class=\"spectra-image-gallery__media-thumbnail-blurrer\"><\/div>\n\t\t\t\t\t\t\t\t\t\t\t<div class=\"spectra-image-gallery__media-thumbnail-caption-wrapper spectra-image-gallery__media-thumbnail-caption-wrapper--overlay\">\n\t\t\t\t\t\t\t\t\t\t\t<div class=\"spectra-image-gallery__media-thumbnail-caption spectra-image-gallery__media-thumbnail-caption--overlay\">\n\t\t\t\t\tMit der Bahn nach Borkum, ein Abenteuer\t\t\t\t<\/div>\n\t\t\t\t\t\t\t\t\t\t<\/div>\n\t\t\t\t\t\t\t\t\t<\/div>\n\t\t\t\t\t\t<\/div>\n\t\t\t\t\t\t<div class='spectra-image-gallery__media-wrapper' data-spectra-gallery-image-id='2683' tabindex=\"0\">\n\t\t\t\t\t\t\t<div class=\"spectra-image-gallery__media spectra-image-gallery__media--grid\">\n\t\t\t\t<picture>\n\t\t\t\t\t<source media=\"(min-width: 1024px)\" srcset=\"https:\/\/www.hvk-bo.de\/hvk_neu\/wp-content\/uploads\/2024\/10\/fit_1280-10-1024x682.jpeg\">\n\t\t\t\t\t<source media=\"(min-width: 768px)\" srcset=\"https:\/\/www.hvk-bo.de\/hvk_neu\/wp-content\/uploads\/2024\/10\/fit_1280-10-1024x682.jpeg\">\n\t\t\t\t\t<img decoding=\"async\" class=\"spectra-image-gallery__media-thumbnail spectra-image-gallery__media-thumbnail--grid\" src=\"https:\/\/www.hvk-bo.de\/hvk_neu\/wp-content\/uploads\/2024\/10\/fit_1280-10-300x200.jpeg\" alt=\"\" loading=\"lazy\" \/>\n\t\t\t\t<\/picture>\n\t\t\t\t<div class=\"spectra-image-gallery__media-thumbnail-blurrer\"><\/div>\n\t\t\t\t\t\t\t\t\t\t\t<div class=\"spectra-image-gallery__media-thumbnail-caption-wrapper spectra-image-gallery__media-thumbnail-caption-wrapper--overlay\">\n\t\t\t\t\t\t\t\t\t\t\t<div class=\"spectra-image-gallery__media-thumbnail-caption spectra-image-gallery__media-thumbnail-caption--overlay\">\n\t\t\t\t\t5a 2024 am Strand in Borkum\t\t\t\t<\/div>\n\t\t\t\t\t\t\t\t\t\t<\/div>\n\t\t\t\t\t\t\t\t\t<\/div>\n\t\t\t\t\t\t<\/div>\n\t\t\t\t\t\t\t\t\t\t<\/div>\n\t\t\t\t\t\t\t\t\t\t\t\t\t\t\t\t\t\t<\/div>\n\t\t\t\t\t\t\t\t\t\n\n\n<h4 class=\"wp-block-heading\">Waldschulheimfahrten in JGS 7 <\/h4>\n\n\n\n<p>In der JGS 7 findet die l\u00e4ngste Klassenfahrt der gesamten Schullaufbahn statt. 12 Tage lang geht es in Jugendwaldheime, die vor allem in den nieders\u00e4chsischen Landesforsten liegen. An den Werktagen gehen die Sch\u00fclerinnen und Sch\u00fcler mit F\u00f6rstern fr\u00fchmorgens zur Waldarbeit, das bedeutet sie r\u00e4umen Waldst\u00fccke auf, bauen Hochsitze, setzen Z\u00e4une, entrinden St\u00e4mme, k\u00fcmmern sich um Futterstellen oder setzen neue B\u00e4ume. Zum sp\u00e4ten Mittagessen ist der Arbeitstag dann beendet. Meist bleibt auch noch eine Gruppe vor Ort in der Unterkunft, um dort aufzur\u00e4umen, bei der Essensversorgung und Reinigung zu unterst\u00fctzen und sich um Feuerholz f\u00fcr den Kamin etc. zu k\u00fcmmern.  An den Nachmittagen ist Zeit f\u00fcr Entspannung, gemeinsames Spiel oder auch waldp\u00e4dagogische Angebote, zum Wochenende gibt es einen Ausflug in eine nahegelegene Stadt. Die Waldheimfahrten sind dar\u00fcber hinaus anerkannt als Berufspraktikum. <\/p>\n<\/div>\n\n\n\n<div class=\"wp-block-uagb-container uagb-block-a06eff94\">\n<h4 class=\"wp-block-heading\">Jochgrimm-Fahrt in JGS 8 &#8211; Skifahrt nach S\u00fcdtirol auf den Pass<\/h4>\n\n\n\n<p>Der Schneesport bietet durch seine vielseitigen Winterangebote drau\u00dfen in der Natur Bewegungsm\u00f6glichkeiten mit hohem Aufforderungscharakter und schafft gemeinschaftliche Erlebnisse. Egal ob beim Skifahren, Schneeschuhwandern oder beim Schlittenfahren, unsere 8ten Klassen erweitern im Schnee ihre Bewegungserfahrungen und verbessern ihre motorischen F\u00e4higkeiten. Das kleine Skigebiet Jochgrimm ist ein traditionelles Skigebiet und hat sich fr\u00fch auf Nachhaltigkeit eingestellt. Die Skifreizeit ist fester Teil sowohl des Fahrtenprogramms, als auch des Curriculums im Fach Sport im Themenfeld Gleiten und Fahren.<\/p>\n\n\n\t\t\t\t\t<div\n\t\t\t\t\t\tclass=\"wp-block-uagb-image-gallery uagb-block-7862d531     \"\n\t\t\t\t\t\tstyle=\"\"\n\t\t\t\t\t>\n\t\t\t\t\t\t\t\t\t\t\t<div class=\"spectra-image-gallery spectra-image-gallery__layout--grid spectra-image-gallery__layout--grid-col-3 spectra-image-gallery__layout--grid-col-tab-3 spectra-image-gallery__layout--grid-col-mob-2\">\n\t\t\t\t\t\t\t\t\t\t\t<div class='spectra-image-gallery__media-wrapper' data-spectra-gallery-image-id='2304' tabindex=\"0\">\n\t\t\t\t\t\t\t<div class=\"spectra-image-gallery__media spectra-image-gallery__media--grid\">\n\t\t\t\t<picture>\n\t\t\t\t\t<source media=\"(min-width: 1024px)\" srcset=\"https:\/\/www.hvk-bo.de\/hvk_neu\/wp-content\/uploads\/2024\/09\/Jochgrimm-2011-01.jpg\">\n\t\t\t\t\t<source media=\"(min-width: 768px)\" srcset=\"https:\/\/www.hvk-bo.de\/hvk_neu\/wp-content\/uploads\/2024\/09\/Jochgrimm-2011-01.jpg\">\n\t\t\t\t\t<img decoding=\"async\" class=\"spectra-image-gallery__media-thumbnail spectra-image-gallery__media-thumbnail--grid\" src=\"https:\/\/www.hvk-bo.de\/hvk_neu\/wp-content\/uploads\/2024\/09\/Jochgrimm-2011-01-300x200.jpg\" alt=\"\" loading=\"lazy\" \/>\n\t\t\t\t<\/picture>\n\t\t\t\t<div class=\"spectra-image-gallery__media-thumbnail-blurrer\"><\/div>\n\t\t\t\t\t\t\t\t\t\t\t<div class=\"spectra-image-gallery__media-thumbnail-caption-wrapper spectra-image-gallery__media-thumbnail-caption-wrapper--overlay\">\n\t\t\t\t\t\t\t\t\t\t\t<div class=\"spectra-image-gallery__media-thumbnail-caption spectra-image-gallery__media-thumbnail-caption--overlay\">\n\t\t\t\t\tEine Skigruppe des HvKs mit ihrem \u00f6rtlichen Skilehrer bei den ersten \u00dcbungen &#8211; 2011\t\t\t\t<\/div>\n\t\t\t\t\t\t\t\t\t\t<\/div>\n\t\t\t\t\t\t\t\t\t<\/div>\n\t\t\t\t\t\t<\/div>\n\t\t\t\t\t\t<div class='spectra-image-gallery__media-wrapper' data-spectra-gallery-image-id='2302' tabindex=\"0\">\n\t\t\t\t\t\t\t<div class=\"spectra-image-gallery__media spectra-image-gallery__media--grid\">\n\t\t\t\t<picture>\n\t\t\t\t\t<source media=\"(min-width: 1024px)\" srcset=\"https:\/\/www.hvk-bo.de\/hvk_neu\/wp-content\/uploads\/2024\/09\/Jochgrimm-2011-10.jpg\">\n\t\t\t\t\t<source media=\"(min-width: 768px)\" srcset=\"https:\/\/www.hvk-bo.de\/hvk_neu\/wp-content\/uploads\/2024\/09\/Jochgrimm-2011-10.jpg\">\n\t\t\t\t\t<img decoding=\"async\" class=\"spectra-image-gallery__media-thumbnail spectra-image-gallery__media-thumbnail--grid\" src=\"https:\/\/www.hvk-bo.de\/hvk_neu\/wp-content\/uploads\/2024\/09\/Jochgrimm-2011-10-300x200.jpg\" alt=\"\" loading=\"lazy\" \/>\n\t\t\t\t<\/picture>\n\t\t\t\t<div class=\"spectra-image-gallery__media-thumbnail-blurrer\"><\/div>\n\t\t\t\t\t\t\t\t\t\t\t<div class=\"spectra-image-gallery__media-thumbnail-caption-wrapper spectra-image-gallery__media-thumbnail-caption-wrapper--overlay\">\n\t\t\t\t\t\t\t\t\t\t\t<div class=\"spectra-image-gallery__media-thumbnail-caption spectra-image-gallery__media-thumbnail-caption--overlay\">\n\t\t\t\t\tDas Skigebiet Jochgrimm. Blick vom Wei\u00dfhorn zum Schwarzhorn. In der Bildmitte liegt unser Hotel &#8222;Schwarzhorn&#8220; auf dem Pass.\t\t\t\t<\/div>\n\t\t\t\t\t\t\t\t\t\t<\/div>\n\t\t\t\t\t\t\t\t\t<\/div>\n\t\t\t\t\t\t<\/div>\n\t\t\t\t\t\t<div class='spectra-image-gallery__media-wrapper' data-spectra-gallery-image-id='2301' tabindex=\"0\">\n\t\t\t\t\t\t\t<div class=\"spectra-image-gallery__media spectra-image-gallery__media--grid\">\n\t\t\t\t<picture>\n\t\t\t\t\t<source media=\"(min-width: 1024px)\" srcset=\"https:\/\/www.hvk-bo.de\/hvk_neu\/wp-content\/uploads\/2024\/09\/Jochgrimm-2016_13-1024x679.jpg\">\n\t\t\t\t\t<source media=\"(min-width: 768px)\" srcset=\"https:\/\/www.hvk-bo.de\/hvk_neu\/wp-content\/uploads\/2024\/09\/Jochgrimm-2016_13-1024x679.jpg\">\n\t\t\t\t\t<img decoding=\"async\" class=\"spectra-image-gallery__media-thumbnail spectra-image-gallery__media-thumbnail--grid\" src=\"https:\/\/www.hvk-bo.de\/hvk_neu\/wp-content\/uploads\/2024\/09\/Jochgrimm-2016_13-300x199.jpg\" alt=\"\" loading=\"lazy\" \/>\n\t\t\t\t<\/picture>\n\t\t\t\t<div class=\"spectra-image-gallery__media-thumbnail-blurrer\"><\/div>\n\t\t\t\t\t\t\t\t\t\t\t<div class=\"spectra-image-gallery__media-thumbnail-caption-wrapper spectra-image-gallery__media-thumbnail-caption-wrapper--overlay\">\n\t\t\t\t\t\t\t\t\t\t\t<div class=\"spectra-image-gallery__media-thumbnail-caption spectra-image-gallery__media-thumbnail-caption--overlay\">\n\t\t\t\t\tFackelabfahrt des HvKs &#8211; Langzeitbelichtung 2016\t\t\t\t<\/div>\n\t\t\t\t\t\t\t\t\t\t<\/div>\n\t\t\t\t\t\t\t\t\t<\/div>\n\t\t\t\t\t\t<\/div>\n\t\t\t\t\t\t\t\t\t\t<\/div>\n\t\t\t\t\t\t\t\t\t\t\t\t\t\t\t\t\t\t<\/div>\n\t\t\t\t\t\t\t\t\t\n\n\n<h4 class=\"wp-block-heading\">Erdkundliche Fahrt nach Bremerhaven in JGS 9<\/h4>\n\n\n\n<p>In der JGS 9 geht es drei Tage lang nach Bremerhaven. \u00dcbernachtet wird im Hafenhostel auf einem Schiff. Auf dem Programm stehen immer auch das Klimahaus und das deutsche Auswandererhaus, als weiterer Programmpunkt haben wir oft schon einen Besuch der gro\u00dfen Werften vorgenommen. Die Themen Globalisierung und Klima stehen damit bei dieser Fahrt im Mittelpunkt. <\/p>\n\n\n\n<h4 class=\"wp-block-heading\">Angebotsfahrten in der Sekundarstufe I<\/h4>\n\n\n\n<p>Die Auswirkungen der Corona-Pandemie haben leider dazu gef\u00fchrt, dass Begegnungsfahrten nach Polen und Frankreich noch nicht wieder aufgenommen werden konnten. Es gibt ein gro\u00dfes Interesse auf unserer Seite, daher sind wir gerade sehr darum bem\u00fcht, zeitnah wieder Fahrten anbieten zu k\u00f6nnen.<\/p>\n\n\n\n<h4 class=\"wp-block-heading\">Studienfahrten in den Leistungskursen der Sekundarstufe II<\/h4>\n\n\n\n<p>Ende der Q1 oder Anfang der Q2 fahren die Leistungskurse auf Studienfahrten. Ziele waren unter anderem Wien, Kopenhagen, Barcelona, die Toskana, der Gardasee oder auch eine St\u00e4dtetour innerhalb Deutschlands.  <\/p>\n<\/div>\n<\/div>\n\n\n\n<p><\/p>\n","protected":false},"excerpt":{"rendered":"<p>Fahrtenprogramm Im Laufe der Schulzeit am HvK gibt es Fahrten, an denen alle Sch\u00fclerinnen und Sch\u00fcler teilnehmen und dar\u00fcber hinaus [&hellip;]<\/p>\n","protected":false},"author":1,"featured_media":0,"parent":1619,"menu_order":6,"comment_status":"closed","ping_status":"closed","template":"","meta":{"_uag_custom_page_level_css":"","site-sidebar-layout":"default","site-content-layout":"","ast-site-content-layout":"default","site-content-style":"default","site-sidebar-style":"default","ast-global-header-display":"","ast-banner-title-visibility":"","ast-main-header-display":"","ast-hfb-above-header-display":"","ast-hfb-below-header-display":"","ast-hfb-mobile-header-display":"","site-post-title":"disabled","ast-breadcrumbs-content":"","ast-featured-img":"","footer-sml-layout":"","ast-disable-related-posts":"","theme-transparent-header-meta":"","adv-header-id-meta":"","stick-header-meta":"","header-above-stick-meta":"","header-main-stick-meta":"","header-below-stick-meta":"","astra-migrate-meta-layouts":"default","ast-page-background-enabled":"default","ast-page-background-meta":{"desktop":{"background-color":"var(--ast-global-color-4)","background-image":"","background-repeat":"repeat","background-position":"center center","background-size":"auto","background-attachment":"scroll","background-type":"","background-media":"","overlay-type":"","overlay-color":"","overlay-opacity":"","overlay-gradient":""},"tablet":{"background-color":"","background-image":"","background-repeat":"repeat","background-position":"center center","background-size":"auto","background-attachment":"scroll","background-type":"","background-media":"","overlay-type":"","overlay-color":"","overlay-opacity":"","overlay-gradient":""},"mobile":{"background-color":"","background-image":"","background-repeat":"repeat","background-position":"center center","background-size":"auto","background-attachment":"scroll","background-type":"","background-media":"","overlay-type":"","overlay-color":"","overlay-opacity":"","overlay-gradient":""}},"ast-content-background-meta":{"desktop":{"background-color":"var(--ast-global-color-5)","background-image":"","background-repeat":"repeat","background-position":"center center","background-size":"auto","background-attachment":"scroll","background-type":"","background-media":"","overlay-type":"","overlay-color":"","overlay-opacity":"","overlay-gradient":""},"tablet":{"background-color":"var(--ast-global-color-5)","background-image":"","background-repeat":"repeat","background-position":"center center","background-size":"auto","background-attachment":"scroll","background-type":"","background-media":"","overlay-type":"","overlay-color":"","overlay-opacity":"","overlay-gradient":""},"mobile":{"background-color":"var(--ast-global-color-5)","background-image":"","background-repeat":"repeat","background-position":"center center","background-size":"auto","background-attachment":"scroll","background-type":"","background-media":"","overlay-type":"","overlay-color":"","overlay-opacity":"","overlay-gradient":""}},"footnotes":""},"class_list":["post-1629","page","type-page","status-publish","hentry"],"yoast_head":"<!-- This site is optimized with the Yoast SEO plugin v27.5 - https:\/\/yoast.com\/product\/yoast-seo-wordpress\/ -->\n<title>Fahrtenprogramm - Heinrich-von-Kleist-Gymnasium<\/title>\n<meta name=\"robots\" content=\"index, follow, max-snippet:-1, max-image-preview:large, max-video-preview:-1\" \/>\n<link rel=\"canonical\" href=\"https:\/\/www.hvk-bo.de\/hvk_neu\/schullaufbahn\/fahrtenprogramm\/\" \/>\n<meta property=\"og:locale\" content=\"de_DE\" \/>\n<meta property=\"og:type\" content=\"article\" \/>\n<meta property=\"og:title\" content=\"Fahrtenprogramm - Heinrich-von-Kleist-Gymnasium\" \/>\n<meta property=\"og:description\" content=\"Fahrtenprogramm Im Laufe der Schulzeit am HvK gibt es Fahrten, an denen alle Sch\u00fclerinnen und Sch\u00fcler teilnehmen und dar\u00fcber hinaus [&hellip;]\" \/>\n<meta property=\"og:url\" content=\"https:\/\/www.hvk-bo.de\/hvk_neu\/schullaufbahn\/fahrtenprogramm\/\" \/>\n<meta property=\"og:site_name\" content=\"Heinrich-von-Kleist-Gymnasium\" \/>\n<meta property=\"article:modified_time\" content=\"2024-11-09T20:11:45+00:00\" \/>\n<meta name=\"twitter:card\" content=\"summary_large_image\" \/>\n<meta name=\"twitter:label1\" content=\"Gesch\u00e4tzte Lesezeit\" \/>\n\t<meta name=\"twitter:data1\" content=\"4\u00a0Minuten\" \/>\n<script type=\"application\/ld+json\" class=\"yoast-schema-graph\">{\"@context\":\"https:\\\/\\\/schema.org\",\"@graph\":[{\"@type\":\"WebPage\",\"@id\":\"https:\\\/\\\/www.hvk-bo.de\\\/hvk_neu\\\/schullaufbahn\\\/fahrtenprogramm\\\/\",\"url\":\"https:\\\/\\\/www.hvk-bo.de\\\/hvk_neu\\\/schullaufbahn\\\/fahrtenprogramm\\\/\",\"name\":\"Fahrtenprogramm - Heinrich-von-Kleist-Gymnasium\",\"isPartOf\":{\"@id\":\"https:\\\/\\\/www.hvk-bo.de\\\/hvk_neu\\\/#website\"},\"datePublished\":\"2024-06-26T13:04:34+00:00\",\"dateModified\":\"2024-11-09T20:11:45+00:00\",\"breadcrumb\":{\"@id\":\"https:\\\/\\\/www.hvk-bo.de\\\/hvk_neu\\\/schullaufbahn\\\/fahrtenprogramm\\\/#breadcrumb\"},\"inLanguage\":\"de\",\"potentialAction\":[{\"@type\":\"ReadAction\",\"target\":[\"https:\\\/\\\/www.hvk-bo.de\\\/hvk_neu\\\/schullaufbahn\\\/fahrtenprogramm\\\/\"]}]},{\"@type\":\"BreadcrumbList\",\"@id\":\"https:\\\/\\\/www.hvk-bo.de\\\/hvk_neu\\\/schullaufbahn\\\/fahrtenprogramm\\\/#breadcrumb\",\"itemListElement\":[{\"@type\":\"ListItem\",\"position\":1,\"name\":\"Startseite\",\"item\":\"https:\\\/\\\/www.hvk-bo.de\\\/hvk_neu\\\/\"},{\"@type\":\"ListItem\",\"position\":2,\"name\":\"Schullaufbahn\",\"item\":\"https:\\\/\\\/www.hvk-bo.de\\\/hvk_neu\\\/schullaufbahn\\\/\"},{\"@type\":\"ListItem\",\"position\":3,\"name\":\"Fahrtenprogramm\"}]},{\"@type\":\"WebSite\",\"@id\":\"https:\\\/\\\/www.hvk-bo.de\\\/hvk_neu\\\/#website\",\"url\":\"https:\\\/\\\/www.hvk-bo.de\\\/hvk_neu\\\/\",\"name\":\"Heinrich-von-Kleist-Gymnasium\",\"description\":\"Ganztagsgymnasium\",\"publisher\":{\"@id\":\"https:\\\/\\\/www.hvk-bo.de\\\/hvk_neu\\\/#organization\"},\"alternateName\":\"HvK Bochum\",\"potentialAction\":[{\"@type\":\"SearchAction\",\"target\":{\"@type\":\"EntryPoint\",\"urlTemplate\":\"https:\\\/\\\/www.hvk-bo.de\\\/hvk_neu\\\/?s={search_term_string}\"},\"query-input\":{\"@type\":\"PropertyValueSpecification\",\"valueRequired\":true,\"valueName\":\"search_term_string\"}}],\"inLanguage\":\"de\"},{\"@type\":\"Organization\",\"@id\":\"https:\\\/\\\/www.hvk-bo.de\\\/hvk_neu\\\/#organization\",\"name\":\"Heinrich-von-Kleist-Gymnasium\",\"alternateName\":\"HvK Bochum\",\"url\":\"https:\\\/\\\/www.hvk-bo.de\\\/hvk_neu\\\/\",\"logo\":{\"@type\":\"ImageObject\",\"inLanguage\":\"de\",\"@id\":\"https:\\\/\\\/www.hvk-bo.de\\\/hvk_neu\\\/#\\\/schema\\\/logo\\\/image\\\/\",\"url\":\"https:\\\/\\\/www.hvk-bo.de\\\/hvk_neu\\\/wp-content\\\/uploads\\\/2024\\\/06\\\/HvK_Logo_klein.png\",\"contentUrl\":\"https:\\\/\\\/www.hvk-bo.de\\\/hvk_neu\\\/wp-content\\\/uploads\\\/2024\\\/06\\\/HvK_Logo_klein.png\",\"width\":512,\"height\":512,\"caption\":\"Heinrich-von-Kleist-Gymnasium\"},\"image\":{\"@id\":\"https:\\\/\\\/www.hvk-bo.de\\\/hvk_neu\\\/#\\\/schema\\\/logo\\\/image\\\/\"}}]}<\/script>\n<!-- \/ Yoast SEO plugin. -->","yoast_head_json":{"title":"Fahrtenprogramm - Heinrich-von-Kleist-Gymnasium","robots":{"index":"index","follow":"follow","max-snippet":"max-snippet:-1","max-image-preview":"max-image-preview:large","max-video-preview":"max-video-preview:-1"},"canonical":"https:\/\/www.hvk-bo.de\/hvk_neu\/schullaufbahn\/fahrtenprogramm\/","og_locale":"de_DE","og_type":"article","og_title":"Fahrtenprogramm - Heinrich-von-Kleist-Gymnasium","og_description":"Fahrtenprogramm Im Laufe der Schulzeit am HvK gibt es Fahrten, an denen alle Sch\u00fclerinnen und Sch\u00fcler teilnehmen und dar\u00fcber hinaus [&hellip;]","og_url":"https:\/\/www.hvk-bo.de\/hvk_neu\/schullaufbahn\/fahrtenprogramm\/","og_site_name":"Heinrich-von-Kleist-Gymnasium","article_modified_time":"2024-11-09T20:11:45+00:00","twitter_card":"summary_large_image","twitter_misc":{"Gesch\u00e4tzte Lesezeit":"4\u00a0Minuten"},"schema":{"@context":"https:\/\/schema.org","@graph":[{"@type":"WebPage","@id":"https:\/\/www.hvk-bo.de\/hvk_neu\/schullaufbahn\/fahrtenprogramm\/","url":"https:\/\/www.hvk-bo.de\/hvk_neu\/schullaufbahn\/fahrtenprogramm\/","name":"Fahrtenprogramm - Heinrich-von-Kleist-Gymnasium","isPartOf":{"@id":"https:\/\/www.hvk-bo.de\/hvk_neu\/#website"},"datePublished":"2024-06-26T13:04:34+00:00","dateModified":"2024-11-09T20:11:45+00:00","breadcrumb":{"@id":"https:\/\/www.hvk-bo.de\/hvk_neu\/schullaufbahn\/fahrtenprogramm\/#breadcrumb"},"inLanguage":"de","potentialAction":[{"@type":"ReadAction","target":["https:\/\/www.hvk-bo.de\/hvk_neu\/schullaufbahn\/fahrtenprogramm\/"]}]},{"@type":"BreadcrumbList","@id":"https:\/\/www.hvk-bo.de\/hvk_neu\/schullaufbahn\/fahrtenprogramm\/#breadcrumb","itemListElement":[{"@type":"ListItem","position":1,"name":"Startseite","item":"https:\/\/www.hvk-bo.de\/hvk_neu\/"},{"@type":"ListItem","position":2,"name":"Schullaufbahn","item":"https:\/\/www.hvk-bo.de\/hvk_neu\/schullaufbahn\/"},{"@type":"ListItem","position":3,"name":"Fahrtenprogramm"}]},{"@type":"WebSite","@id":"https:\/\/www.hvk-bo.de\/hvk_neu\/#website","url":"https:\/\/www.hvk-bo.de\/hvk_neu\/","name":"Heinrich-von-Kleist-Gymnasium","description":"Ganztagsgymnasium","publisher":{"@id":"https:\/\/www.hvk-bo.de\/hvk_neu\/#organization"},"alternateName":"HvK Bochum","potentialAction":[{"@type":"SearchAction","target":{"@type":"EntryPoint","urlTemplate":"https:\/\/www.hvk-bo.de\/hvk_neu\/?s={search_term_string}"},"query-input":{"@type":"PropertyValueSpecification","valueRequired":true,"valueName":"search_term_string"}}],"inLanguage":"de"},{"@type":"Organization","@id":"https:\/\/www.hvk-bo.de\/hvk_neu\/#organization","name":"Heinrich-von-Kleist-Gymnasium","alternateName":"HvK Bochum","url":"https:\/\/www.hvk-bo.de\/hvk_neu\/","logo":{"@type":"ImageObject","inLanguage":"de","@id":"https:\/\/www.hvk-bo.de\/hvk_neu\/#\/schema\/logo\/image\/","url":"https:\/\/www.hvk-bo.de\/hvk_neu\/wp-content\/uploads\/2024\/06\/HvK_Logo_klein.png","contentUrl":"https:\/\/www.hvk-bo.de\/hvk_neu\/wp-content\/uploads\/2024\/06\/HvK_Logo_klein.png","width":512,"height":512,"caption":"Heinrich-von-Kleist-Gymnasium"},"image":{"@id":"https:\/\/www.hvk-bo.de\/hvk_neu\/#\/schema\/logo\/image\/"}}]}},"uagb_featured_image_src":{"full":false,"thumbnail":false,"medium":false,"medium_large":false,"large":false,"1536x1536":false,"2048x2048":false},"uagb_author_info":{"display_name":"Elmar B\u00fcsing","author_link":"https:\/\/www.hvk-bo.de\/hvk_neu\/author\/elmarmusterschule\/"},"uagb_comment_info":0,"uagb_excerpt":"Fahrtenprogramm Im Laufe der Schulzeit am HvK gibt es Fahrten, an denen alle Sch\u00fclerinnen und Sch\u00fcler teilnehmen und dar\u00fcber hinaus [&hellip;]","_links":{"self":[{"href":"https:\/\/www.hvk-bo.de\/hvk_neu\/wp-json\/wp\/v2\/pages\/1629","targetHints":{"allow":["GET"]}}],"collection":[{"href":"https:\/\/www.hvk-bo.de\/hvk_neu\/wp-json\/wp\/v2\/pages"}],"about":[{"href":"https:\/\/www.hvk-bo.de\/hvk_neu\/wp-json\/wp\/v2\/types\/page"}],"author":[{"embeddable":true,"href":"https:\/\/www.hvk-bo.de\/hvk_neu\/wp-json\/wp\/v2\/users\/1"}],"replies":[{"embeddable":true,"href":"https:\/\/www.hvk-bo.de\/hvk_neu\/wp-json\/wp\/v2\/comments?post=1629"}],"version-history":[{"count":1,"href":"https:\/\/www.hvk-bo.de\/hvk_neu\/wp-json\/wp\/v2\/pages\/1629\/revisions"}],"predecessor-version":[{"id":3276,"href":"https:\/\/www.hvk-bo.de\/hvk_neu\/wp-json\/wp\/v2\/pages\/1629\/revisions\/3276"}],"up":[{"embeddable":true,"href":"https:\/\/www.hvk-bo.de\/hvk_neu\/wp-json\/wp\/v2\/pages\/1619"}],"wp:attachment":[{"href":"https:\/\/www.hvk-bo.de\/hvk_neu\/wp-json\/wp\/v2\/media?parent=1629"}],"curies":[{"name":"wp","href":"https:\/\/api.w.org\/{rel}","templated":true}]}}