{"id":1659,"date":"2024-06-26T17:52:49","date_gmt":"2024-06-26T15:52:49","guid":{"rendered":"https:\/\/www.hvk-bo.de\/hvk_neu\/?page_id=1659"},"modified":"2024-11-09T21:54:52","modified_gmt":"2024-11-09T20:54:52","slug":"berufsorientierung","status":"publish","type":"page","link":"https:\/\/www.hvk-bo.de\/hvk_neu\/berufsorientierung\/","title":{"rendered":"Berufsorientierung"},"content":{"rendered":"\n<div class=\"wp-block-uagb-container uagb-block-9ee8e92d default uagb-is-root-container\">\n<h3 class=\"wp-block-heading\">Berufliche Orientierung am HvK<\/h3>\n\n\n\n<p>Der schnelle Wandel der Berufsstruktur und der Arbeitsmarktsituation verlangt von der schulischen Ausbildung, Sch\u00fclerinnen und Sch\u00fclern Orientierungs- bzw. Entscheidungshilfen f\u00fcr ihre Studien- und Berufswahl bereitzustellen, um sie zu einem reflektierten Entschluss in dieser f\u00fcr sie existenziellen Frage zu bef\u00e4higen. Die Vielzahl der M\u00f6glichkeiten und Optionen der Berufswahl stellen f\u00fcr Sch\u00fclerinnen und Sch\u00fcler dabei eine gro\u00dfe Herausforderung in der Entscheidungsfindung dar.<br>Es scheint immer wichtiger zu werden, Sch\u00fclerinnen und Sch\u00fcler in Zeiten eines sich stetig entwickelnden und wandelnden Arbeitsmarktes, der im Kontext einer durch die Globalisierung immer st\u00e4rker vernetzten Welt steigende Anforderungen an das Individuum stellt sowie eine Bereitschaft des lebenslangen Lernens voraussetzt, zielgerichtet auf die Berufswahlentscheidung vorzubereiten.<br><br>Ein solcher Prozess umfasst neben einer ersten Orientierung \u00fcber allgemeine Informationen der Berufswahlm\u00f6glichkeiten auch diagnostische Instrumente wie Potenzialanalysen, welche die Sch\u00fclerschaft bei der Entscheidungsfindung unterst\u00fctzen und M\u00f6glichkeiten der gezielten sowie langfristigen F\u00f6rderung von St\u00e4rken und Begabungen aufzeigen. Eine zielgerichtete Studien- und Berufswahlorientierung, welche anstrebt, Sch\u00fclerinnen und Sch\u00fclern erste Perspektiven f\u00fcr den weiteren Entwicklungsverlauf aufzuzeigen, muss somit zusammenfassend betrachtet als zentraler Bestandteil des Bildungsauftrags von Schule verstanden werden.<br><br>Am HvK gehen wir von dem Grundsatz aus, dass die Schule in dem h\u00f6chst individuellen Prozess der Berufswahl lediglich eine beratende, begleitende sowie unterst\u00fctzende Funktion aus\u00fcben kann.<br><br>Da dies allerdings ein langfristig angelegter Prozess ist, beginnen die ersten Angebote bereits in Jahrgang 8. Hier gibt es v. A. fachliche Ankn\u00fcpfungspunkte, bspw. in den F\u00e4chern Deutsch und Wirtschaftspolitik. Ab Jahrgang 8 haben die Sch\u00fclerinnen und Sch\u00fcler au\u00dferdem die M\u00f6glichkeit, Beratungen durch die Berufsberaterin der Bundesagentur f\u00fcr Arbeit bei uns im Hause in Anspruch zu nehmen. In Jahrgang 9 folgen die ersten praktischen Angebote von schulischer Seite, in welcher die Sch\u00fclerschaft etwa durch Potentialanalyse und Berufsfelderkundung St\u00fcck f\u00fcr St\u00fcck f\u00fcr das Thema Berufswahl sensibilisiert wird. In Jahrgang 10 folgt u. A. ein Bewerbungstraining sowie das zweiw\u00f6chige Betriebspraktikum. Durch diese fr\u00fche Auseinandersetzung werden die Sch\u00fclerinnen und Sch\u00fcler best\u00e4rkt, sich dauerhaft mit Fragen der Berufsfindung zu besch\u00e4ftigen und ihre St\u00e4rken mit Hilfe unterst\u00fctzender Ma\u00dfnahmen zielgerichtet zu f\u00f6rdern.<br><br>Die Ma\u00dfnahmen in der Sekundarstufe II sind zunehmend durch Freiwilligkeit gekennzeichnet, was v. A. der zunehmenden Spezifizierung der Angebote (Ausbildung, duales Studium, Studium etc.) geschuldet ist. Hier gibt es mehr Formate in Workshopform in der Schule aber auch bspw. Praxistage an der RUB oder auch an Hochschulen in Bochum. Au\u00dferdem zu nennen ist die Berufemesse, die das HvK einmal im Jahr ausrichtet, bei der verschiedenste Unternehmen und Anbieter \u00fcber ihre Ausbildungs- und Karrierechancen berichten und auch M\u00f6glichkeiten zum Kn\u00fcpfen von Kontakten bieten.<br><br>Ansprechbar f\u00fcr den Bereich der Studien- und Berufswahlkoordination ist <a href=\"mailto:k.herrmann@hvk-bochum.de\" target=\"_blank\" rel=\"noreferrer noopener\">Frau Herrmann<\/a> mit ihrem Team. <\/p>\n<\/div>\n","protected":false},"excerpt":{"rendered":"<p>Berufliche Orientierung am HvK Der schnelle Wandel der Berufsstruktur und der Arbeitsmarktsituation verlangt von der schulischen Ausbildung, Sch\u00fclerinnen und Sch\u00fclern [&hellip;]<\/p>\n","protected":false},"author":1,"featured_media":0,"parent":0,"menu_order":6,"comment_status":"closed","ping_status":"closed","template":"","meta":{"_uag_custom_page_level_css":"","site-sidebar-layout":"default","site-content-layout":"","ast-site-content-layout":"default","site-content-style":"default","site-sidebar-style":"default","ast-global-header-display":"","ast-banner-title-visibility":"","ast-main-header-display":"","ast-hfb-above-header-display":"","ast-hfb-below-header-display":"","ast-hfb-mobile-header-display":"","site-post-title":"disabled","ast-breadcrumbs-content":"","ast-featured-img":"","footer-sml-layout":"","ast-disable-related-posts":"","theme-transparent-header-meta":"","adv-header-id-meta":"","stick-header-meta":"","header-above-stick-meta":"","header-main-stick-meta":"","header-below-stick-meta":"","astra-migrate-meta-layouts":"default","ast-page-background-enabled":"default","ast-page-background-meta":{"desktop":{"background-color":"var(--ast-global-color-4)","background-image":"","background-repeat":"repeat","background-position":"center center","background-size":"auto","background-attachment":"scroll","background-type":"","background-media":"","overlay-type":"","overlay-color":"","overlay-opacity":"","overlay-gradient":""},"tablet":{"background-color":"","background-image":"","background-repeat":"repeat","background-position":"center center","background-size":"auto","background-attachment":"scroll","background-type":"","background-media":"","overlay-type":"","overlay-color":"","overlay-opacity":"","overlay-gradient":""},"mobile":{"background-color":"","background-image":"","background-repeat":"repeat","background-position":"center center","background-size":"auto","background-attachment":"scroll","background-type":"","background-media":"","overlay-type":"","overlay-color":"","overlay-opacity":"","overlay-gradient":""}},"ast-content-background-meta":{"desktop":{"background-color":"var(--ast-global-color-5)","background-image":"","background-repeat":"repeat","background-position":"center center","background-size":"auto","background-attachment":"scroll","background-type":"","background-media":"","overlay-type":"","overlay-color":"","overlay-opacity":"","overlay-gradient":""},"tablet":{"background-color":"var(--ast-global-color-5)","background-image":"","background-repeat":"repeat","background-position":"center center","background-size":"auto","background-attachment":"scroll","background-type":"","background-media":"","overlay-type":"","overlay-color":"","overlay-opacity":"","overlay-gradient":""},"mobile":{"background-color":"var(--ast-global-color-5)","background-image":"","background-repeat":"repeat","background-position":"center center","background-size":"auto","background-attachment":"scroll","background-type":"","background-media":"","overlay-type":"","overlay-color":"","overlay-opacity":"","overlay-gradient":""}},"footnotes":""},"class_list":["post-1659","page","type-page","status-publish","hentry"],"yoast_head":"<!-- This site is optimized with the Yoast SEO plugin v27.5 - https:\/\/yoast.com\/product\/yoast-seo-wordpress\/ -->\n<title>Berufsorientierung - Heinrich-von-Kleist-Gymnasium<\/title>\n<meta name=\"robots\" content=\"index, follow, max-snippet:-1, max-image-preview:large, max-video-preview:-1\" \/>\n<link rel=\"canonical\" href=\"https:\/\/www.hvk-bo.de\/hvk_neu\/berufsorientierung\/\" \/>\n<meta property=\"og:locale\" content=\"de_DE\" \/>\n<meta property=\"og:type\" content=\"article\" \/>\n<meta property=\"og:title\" content=\"Berufsorientierung - Heinrich-von-Kleist-Gymnasium\" \/>\n<meta property=\"og:description\" content=\"Berufliche Orientierung am HvK Der schnelle Wandel der Berufsstruktur und der Arbeitsmarktsituation verlangt von der schulischen Ausbildung, Sch\u00fclerinnen und Sch\u00fclern [&hellip;]\" \/>\n<meta property=\"og:url\" content=\"https:\/\/www.hvk-bo.de\/hvk_neu\/berufsorientierung\/\" \/>\n<meta property=\"og:site_name\" content=\"Heinrich-von-Kleist-Gymnasium\" \/>\n<meta property=\"article:modified_time\" content=\"2024-11-09T20:54:52+00:00\" \/>\n<meta name=\"twitter:card\" content=\"summary_large_image\" \/>\n<meta name=\"twitter:label1\" content=\"Gesch\u00e4tzte Lesezeit\" \/>\n\t<meta name=\"twitter:data1\" content=\"3\u00a0Minuten\" \/>\n<script type=\"application\/ld+json\" class=\"yoast-schema-graph\">{\"@context\":\"https:\\\/\\\/schema.org\",\"@graph\":[{\"@type\":\"WebPage\",\"@id\":\"https:\\\/\\\/www.hvk-bo.de\\\/hvk_neu\\\/berufsorientierung\\\/\",\"url\":\"https:\\\/\\\/www.hvk-bo.de\\\/hvk_neu\\\/berufsorientierung\\\/\",\"name\":\"Berufsorientierung - Heinrich-von-Kleist-Gymnasium\",\"isPartOf\":{\"@id\":\"https:\\\/\\\/www.hvk-bo.de\\\/hvk_neu\\\/#website\"},\"datePublished\":\"2024-06-26T15:52:49+00:00\",\"dateModified\":\"2024-11-09T20:54:52+00:00\",\"breadcrumb\":{\"@id\":\"https:\\\/\\\/www.hvk-bo.de\\\/hvk_neu\\\/berufsorientierung\\\/#breadcrumb\"},\"inLanguage\":\"de\",\"potentialAction\":[{\"@type\":\"ReadAction\",\"target\":[\"https:\\\/\\\/www.hvk-bo.de\\\/hvk_neu\\\/berufsorientierung\\\/\"]}]},{\"@type\":\"BreadcrumbList\",\"@id\":\"https:\\\/\\\/www.hvk-bo.de\\\/hvk_neu\\\/berufsorientierung\\\/#breadcrumb\",\"itemListElement\":[{\"@type\":\"ListItem\",\"position\":1,\"name\":\"Startseite\",\"item\":\"https:\\\/\\\/www.hvk-bo.de\\\/hvk_neu\\\/\"},{\"@type\":\"ListItem\",\"position\":2,\"name\":\"Berufsorientierung\"}]},{\"@type\":\"WebSite\",\"@id\":\"https:\\\/\\\/www.hvk-bo.de\\\/hvk_neu\\\/#website\",\"url\":\"https:\\\/\\\/www.hvk-bo.de\\\/hvk_neu\\\/\",\"name\":\"Heinrich-von-Kleist-Gymnasium\",\"description\":\"Ganztagsgymnasium\",\"publisher\":{\"@id\":\"https:\\\/\\\/www.hvk-bo.de\\\/hvk_neu\\\/#organization\"},\"alternateName\":\"HvK Bochum\",\"potentialAction\":[{\"@type\":\"SearchAction\",\"target\":{\"@type\":\"EntryPoint\",\"urlTemplate\":\"https:\\\/\\\/www.hvk-bo.de\\\/hvk_neu\\\/?s={search_term_string}\"},\"query-input\":{\"@type\":\"PropertyValueSpecification\",\"valueRequired\":true,\"valueName\":\"search_term_string\"}}],\"inLanguage\":\"de\"},{\"@type\":\"Organization\",\"@id\":\"https:\\\/\\\/www.hvk-bo.de\\\/hvk_neu\\\/#organization\",\"name\":\"Heinrich-von-Kleist-Gymnasium\",\"alternateName\":\"HvK Bochum\",\"url\":\"https:\\\/\\\/www.hvk-bo.de\\\/hvk_neu\\\/\",\"logo\":{\"@type\":\"ImageObject\",\"inLanguage\":\"de\",\"@id\":\"https:\\\/\\\/www.hvk-bo.de\\\/hvk_neu\\\/#\\\/schema\\\/logo\\\/image\\\/\",\"url\":\"https:\\\/\\\/www.hvk-bo.de\\\/hvk_neu\\\/wp-content\\\/uploads\\\/2024\\\/06\\\/HvK_Logo_klein.png\",\"contentUrl\":\"https:\\\/\\\/www.hvk-bo.de\\\/hvk_neu\\\/wp-content\\\/uploads\\\/2024\\\/06\\\/HvK_Logo_klein.png\",\"width\":512,\"height\":512,\"caption\":\"Heinrich-von-Kleist-Gymnasium\"},\"image\":{\"@id\":\"https:\\\/\\\/www.hvk-bo.de\\\/hvk_neu\\\/#\\\/schema\\\/logo\\\/image\\\/\"}}]}<\/script>\n<!-- \/ Yoast SEO plugin. -->","yoast_head_json":{"title":"Berufsorientierung - Heinrich-von-Kleist-Gymnasium","robots":{"index":"index","follow":"follow","max-snippet":"max-snippet:-1","max-image-preview":"max-image-preview:large","max-video-preview":"max-video-preview:-1"},"canonical":"https:\/\/www.hvk-bo.de\/hvk_neu\/berufsorientierung\/","og_locale":"de_DE","og_type":"article","og_title":"Berufsorientierung - Heinrich-von-Kleist-Gymnasium","og_description":"Berufliche Orientierung am HvK Der schnelle Wandel der Berufsstruktur und der Arbeitsmarktsituation verlangt von der schulischen Ausbildung, Sch\u00fclerinnen und Sch\u00fclern [&hellip;]","og_url":"https:\/\/www.hvk-bo.de\/hvk_neu\/berufsorientierung\/","og_site_name":"Heinrich-von-Kleist-Gymnasium","article_modified_time":"2024-11-09T20:54:52+00:00","twitter_card":"summary_large_image","twitter_misc":{"Gesch\u00e4tzte Lesezeit":"3\u00a0Minuten"},"schema":{"@context":"https:\/\/schema.org","@graph":[{"@type":"WebPage","@id":"https:\/\/www.hvk-bo.de\/hvk_neu\/berufsorientierung\/","url":"https:\/\/www.hvk-bo.de\/hvk_neu\/berufsorientierung\/","name":"Berufsorientierung - Heinrich-von-Kleist-Gymnasium","isPartOf":{"@id":"https:\/\/www.hvk-bo.de\/hvk_neu\/#website"},"datePublished":"2024-06-26T15:52:49+00:00","dateModified":"2024-11-09T20:54:52+00:00","breadcrumb":{"@id":"https:\/\/www.hvk-bo.de\/hvk_neu\/berufsorientierung\/#breadcrumb"},"inLanguage":"de","potentialAction":[{"@type":"ReadAction","target":["https:\/\/www.hvk-bo.de\/hvk_neu\/berufsorientierung\/"]}]},{"@type":"BreadcrumbList","@id":"https:\/\/www.hvk-bo.de\/hvk_neu\/berufsorientierung\/#breadcrumb","itemListElement":[{"@type":"ListItem","position":1,"name":"Startseite","item":"https:\/\/www.hvk-bo.de\/hvk_neu\/"},{"@type":"ListItem","position":2,"name":"Berufsorientierung"}]},{"@type":"WebSite","@id":"https:\/\/www.hvk-bo.de\/hvk_neu\/#website","url":"https:\/\/www.hvk-bo.de\/hvk_neu\/","name":"Heinrich-von-Kleist-Gymnasium","description":"Ganztagsgymnasium","publisher":{"@id":"https:\/\/www.hvk-bo.de\/hvk_neu\/#organization"},"alternateName":"HvK Bochum","potentialAction":[{"@type":"SearchAction","target":{"@type":"EntryPoint","urlTemplate":"https:\/\/www.hvk-bo.de\/hvk_neu\/?s={search_term_string}"},"query-input":{"@type":"PropertyValueSpecification","valueRequired":true,"valueName":"search_term_string"}}],"inLanguage":"de"},{"@type":"Organization","@id":"https:\/\/www.hvk-bo.de\/hvk_neu\/#organization","name":"Heinrich-von-Kleist-Gymnasium","alternateName":"HvK Bochum","url":"https:\/\/www.hvk-bo.de\/hvk_neu\/","logo":{"@type":"ImageObject","inLanguage":"de","@id":"https:\/\/www.hvk-bo.de\/hvk_neu\/#\/schema\/logo\/image\/","url":"https:\/\/www.hvk-bo.de\/hvk_neu\/wp-content\/uploads\/2024\/06\/HvK_Logo_klein.png","contentUrl":"https:\/\/www.hvk-bo.de\/hvk_neu\/wp-content\/uploads\/2024\/06\/HvK_Logo_klein.png","width":512,"height":512,"caption":"Heinrich-von-Kleist-Gymnasium"},"image":{"@id":"https:\/\/www.hvk-bo.de\/hvk_neu\/#\/schema\/logo\/image\/"}}]}},"uagb_featured_image_src":{"full":false,"thumbnail":false,"medium":false,"medium_large":false,"large":false,"1536x1536":false,"2048x2048":false},"uagb_author_info":{"display_name":"Elmar B\u00fcsing","author_link":"https:\/\/www.hvk-bo.de\/hvk_neu\/author\/elmarmusterschule\/"},"uagb_comment_info":0,"uagb_excerpt":"Berufliche Orientierung am HvK Der schnelle Wandel der Berufsstruktur und der Arbeitsmarktsituation verlangt von der schulischen Ausbildung, Sch\u00fclerinnen und Sch\u00fclern [&hellip;]","_links":{"self":[{"href":"https:\/\/www.hvk-bo.de\/hvk_neu\/wp-json\/wp\/v2\/pages\/1659","targetHints":{"allow":["GET"]}}],"collection":[{"href":"https:\/\/www.hvk-bo.de\/hvk_neu\/wp-json\/wp\/v2\/pages"}],"about":[{"href":"https:\/\/www.hvk-bo.de\/hvk_neu\/wp-json\/wp\/v2\/types\/page"}],"author":[{"embeddable":true,"href":"https:\/\/www.hvk-bo.de\/hvk_neu\/wp-json\/wp\/v2\/users\/1"}],"replies":[{"embeddable":true,"href":"https:\/\/www.hvk-bo.de\/hvk_neu\/wp-json\/wp\/v2\/comments?post=1659"}],"version-history":[{"count":1,"href":"https:\/\/www.hvk-bo.de\/hvk_neu\/wp-json\/wp\/v2\/pages\/1659\/revisions"}],"predecessor-version":[{"id":3288,"href":"https:\/\/www.hvk-bo.de\/hvk_neu\/wp-json\/wp\/v2\/pages\/1659\/revisions\/3288"}],"wp:attachment":[{"href":"https:\/\/www.hvk-bo.de\/hvk_neu\/wp-json\/wp\/v2\/media?parent=1659"}],"curies":[{"name":"wp","href":"https:\/\/api.w.org\/{rel}","templated":true}]}}