{"id":3,"date":"2024-04-22T10:49:51","date_gmt":"2024-04-22T08:49:51","guid":{"rendered":"https:\/\/www.hvk-bo.de\/hvk_neu\/?page_id=3"},"modified":"2025-05-13T09:14:36","modified_gmt":"2025-05-13T07:14:36","slug":"datenschutzerklaerung","status":"publish","type":"page","link":"https:\/\/www.hvk-bo.de\/hvk_neu\/datenschutzerklaerung\/","title":{"rendered":"Datenschutzerkl\u00e4rung"},"content":{"rendered":"\n<h2 class=\"wp-block-heading\">Datenschutzerkl\u00e4rung<\/h2>\n\n\n\n<p>Der Schutz personenbezogener Daten ist uns ein wichtiges Anliegen. Deshalb erfolgt die Verarbeitung personenbezogener Daten in \u00dcbereinstimmung mit den geltenden europ\u00e4ischen und nationalen Rechtsvorschriften.<br>Ihre Einwilligungserkl\u00e4rung(en) k\u00f6nnen Sie selbstverst\u00e4ndlich jederzeit mit Wirkung f\u00fcr die Zukunft widerrufen. Bitte wenden Sie sich hierf\u00fcr an den Verantwortlichen.<br>Die nachfolgende Erkl\u00e4rung gibt einen \u00dcberblick dar\u00fcber, welche Art von Daten erhoben werden, in welcher Weise diese Daten genutzt und weitergegeben werden, welche Sicherheitsma\u00dfnahmen wir zum Schutz Ihrer Daten ergreifen und auf welche Art und Weise Sie Auskunft \u00fcber die uns gegebenen Informationen erhalten.<br><\/p>\n\n\n\n<p><strong>Rechtsgrundlage f\u00fcr die Verarbeitung personenbezogener Daten<br><\/strong>Soweit wir f\u00fcr Verarbeitungsvorg\u00e4nge personenbezogener Daten eine Einwilligung der betroffenen Person einholen, dient Art. 6 Abs. 1 S. 1 lit. a) EU-Datenschutzgrundverordnung (DSGVO) als Rechtsgrundlage.<br>Bei der Verarbeitung von personenbezogenen Daten, die zur Erf\u00fcllung eines Vertrages, dessen Vertragspartei die betroffene Person ist, erforderlich ist, dient Art. 6 Abs. 1 S. lit. b) DSGVO als Rechtsgrundlage. Dies gilt auch f\u00fcr Verarbeitungsvorg\u00e4nge, die zur Durchf\u00fchrung vorvertraglicher Ma\u00dfnahmen erforderlich sind.<br>Soweit eine Verarbeitung personenbezogener Daten zur Erf\u00fcllung einer rechtlichen Verpflichtung erforderlich ist, der wir unterliegen, dient Art. 6 Abs. 1 S. 1 lit. c) DSGVO als Rechtsgrundlage.<br>Ist die Verarbeitung zur Wahrung eines berechtigten Interesses unseres Unternehmens oder eines Dritten erforderlich und \u00fcberwiegen die Interessen, Grundrechte und Grundfreiheiten des Betroffenen das erstgenannte Interesse nicht, so dient Art. 6 Abs. 1S.1 lit. f) DSGVO als Rechtsgrundlage f\u00fcr die Verarbeitung.<\/p>\n\n\n\n<p><strong>Datenl\u00f6schung und Speicherdauer<br><\/strong>Die personenbezogenen Daten der betroffenen Person werden gel\u00f6scht oder gesperrt, sobald der Zweck der Speicherung entf\u00e4llt. Eine Speicherung kann dar\u00fcber hinaus erfolgen, wenn dies durch den europ\u00e4ischen oder nationalen Gesetzgeber in unionsrechtlichen Verordnungen, Gesetzen oder sonstigen Vorschriften, denen wir unterliegen, vorgesehen wurde. Eine Sperrung oder L\u00f6schung der Daten erfolgt auch dann, wenn eine durch die genannten Normen vorgeschriebene Speicherfrist abl\u00e4uft, es sei denn, dass eine Erforderlichkeit zur weiteren Speicherung der Daten f\u00fcr einen Vertragsabschluss oder eine Vertragserf\u00fcllung besteht.<\/p>\n\n\n\n<p><strong>Der Verantwortliche und der Datenschutzbeauftragte<br><\/strong>Name und Anschrift des Verantwortlichen<br>Der Verantwortliche im Sinne der Datenschutz-Grundverordnung und anderer nationaler Datenschutzgesetze der Mitgliedsstaaten sowie sonstiger datenschutzrechtlicher Bestimmungen ist:<br>Heinrich-von-Kleist-Gymnasium<br>Michael Bra\u00df (Schulleiter)<br>Heinrichstr. 2<br>44805 Bochum<br>Deutschland<br>Telefon: +49 (0) 234 89125 0<br>E-Mail: 169237@schule.nrw.de<br><br>Der Datenschutzbeauftragte des Verantwortlichen ist:<br>Dieter Grohmann<br>AKWISO LTD | Data Protection and IT Security<br>Georgiou Karaiskaki 11-13,<br>Carisa Salonica,<br>Office 102,<br>7560 Pervolia, Larnaca,<br>Republik Zypern<br>Telefon Deutschland: +49 (0) 8374 5865 266<br>E-Mail: info@akwiso.com<br>Website: www.akwiso.com<br>Die Datenschutzbeauftragte des Schultr\u00e4gers ist:<br>Frau Grahner<br>Stadt Bochum<br>44777 Bochum<br>Deutschland<br>Telefon: +49 (0) 234 910 2052<br>E-Mail: datenschutz@bochum.de<br>Website: www.bochum.de<\/p>\n\n\n\n<p><strong>Begriffsbestimmungen<br><\/strong>Die Datenschutzerkl\u00e4rung beruht auf den Begrifflichkeiten, die durch den Europ\u00e4ischen Verordnungsgeber beim Erlass der EU-Datenschutz-Grundverordnung (nachfolgend: \u201eDSGVO\u201c genannt) verwendet wurden. Die Datenschutzerkl\u00e4rung soll einfach lesbar und verst\u00e4ndlich sein. Um dies zu gew\u00e4hrleisten, werden nachfolgend die wichtigsten Begriffe erl\u00e4utert:<\/p>\n\n\n\n<ol style=\"list-style-type:lower-alpha\" class=\"wp-block-list\">\n<li>Personenbezogene Daten sind alle Informationen, die sich auf eine identifizierte oder identifizierbare nat\u00fcrliche Person (nachfolgend \u201ebetroffene Person\u201c genannt) beziehen. Als identifizierbar wird eine nat\u00fcrliche Person angesehen, die direkt oder indirekt, insbesondere mittels Zuordnung zu einer Kennung wie einem Namen, zu einer Kennnummer, zu Standortdaten, zu einer Online-Kennung oder zu einem oder mehreren besonderen Merkmalen, die Ausdruck der physischen, physiologischen, genetischen, psychischen, wirtschaftlichen, kulturellen oder sozialen Identit\u00e4t dieser nat\u00fcrlichen Person sind, identifiziert werden kann.<\/li>\n\n\n\n<li>Betroffene Person ist jede identifizierte oder identifizierbare nat\u00fcrliche Person, deren personenbezogene Daten von dem f\u00fcr die Verarbeitung Verantwortlichen verarbeitet werden.<\/li>\n\n\n\n<li>Verarbeitung ist jeder mit oder ohne Hilfe automatisierter Verfahren ausgef\u00fchrte Vorgang oder jede solche Vorgangsreihe im Zusammenhang mit personenbezogenen Daten wie das Erheben, das Erfassen, die Organisation, das Ordnen, die Speicherung, die Anpassung oder Ver\u00e4nderung, das Auslesen, das Abfragen, die Verwendung, die Offenlegung durch \u00dcbermittlung, Verbreitung oder eine andere Form der Bereitstellung, den Abgleich oder die Verkn\u00fcpfung, die Einschr\u00e4nkung, das L\u00f6schen oder die Vernichtung.<\/li>\n\n\n\n<li>Profiling ist jede Art der automatisierten Verarbeitung personenbezogener Daten, die darin besteht, dass diese personenbezogenen Daten verwendet werden, um bestimmte pers\u00f6nliche Aspekte, die sich auf eine nat\u00fcrliche Person beziehen, zu bewerten, insbesondere, um Aspekte bez\u00fcglich Arbeitsleistung, wirtschaftlicher Lage, Gesundheit, pers\u00f6nlicher Vorlieben, Interessen, Zuverl\u00e4ssigkeit, Verhalten, Aufenthaltsort oder Ortswechsel dieser nat\u00fcrlichen Person zu analysieren oder vorherzusagen.<\/li>\n\n\n\n<li>Pseudonymisierung ist die Verarbeitung personenbezogener Daten in einer Weise, auf welche die personenbezogenen Daten ohne Hinzuziehung zus\u00e4tzlicher Informationen nicht mehr einer spezifischen betroffenen Person zugeordnet werden k\u00f6nnen, sofern diese zus\u00e4tzlichen Informationen gesondert aufbewahrt werden und technischen und organisatorischen Ma\u00dfnahmen unterliegen, die gew\u00e4hrleisten, dass die personenbezogenen Daten nicht einer identifizierten oder identifizierbaren nat\u00fcrlichen Person zugewiesen werden.<\/li>\n\n\n\n<li>Verantwortlicher oder f\u00fcr die Verarbeitung Verantwortlicher ist die nat\u00fcrliche oder juristische Person, Beh\u00f6rde, Einrichtung oder andere Stelle, die allein oder gemeinsam mit anderen \u00fcber die Zwecke und Mittel der Verarbeitung von personenbezogenen Daten entscheidet. Sind die Zwecke und Mittel dieser Verarbeitung durch das Unionsrecht oder das Recht der Mitgliedstaaten vorgegeben, so kann der Verantwortliche beziehungsweise k\u00f6nnen die bestimmten Kriterien seiner Benennung nach dem Unionsrecht oder dem Recht der Mitgliedstaaten vorgesehen werden.<\/li>\n\n\n\n<li>Auftragsverarbeiter ist eine nat\u00fcrliche oder juristische Person, Beh\u00f6rde, Einrichtung oder andere Stelle, die personenbezogene Daten im Auftrag des Verantwortlichen verarbeitet.<\/li>\n\n\n\n<li>Empf\u00e4nger ist eine nat\u00fcrliche oder juristische Person, Beh\u00f6rde, Einrichtung oder andere Stelle, der personenbezogene Daten offengelegt werden, unabh\u00e4ngig davon, ob es sich bei ihr um einen Dritten handelt oder nicht. Beh\u00f6rden, die im Rahmen eines bestimmten Untersuchungsauftrags nach dem Unionsrecht oder dem Recht der Mitgliedstaaten m\u00f6glicherweise personenbezogene Daten erhalten, gelten jedoch nicht als Empf\u00e4nger.<\/li>\n\n\n\n<li>Dritter ist eine nat\u00fcrliche oder juristische Person, Beh\u00f6rde, Einrichtung oder andere Stelle au\u00dfer der betroffenen Person, dem Verantwortlichen, dem Auftragsverarbeiter und den Personen, die unter der unmittelbaren Verantwortung des Verantwortlichen oder des Auftragsverarbeiters befugt sind, die personenbezogenen Daten zu verarbeiten.<\/li>\n\n\n\n<li>Einwilligung ist jede von der betroffenen Person freiwillig f\u00fcr den bestimmten Fall in informierter Weise und unmissverst\u00e4ndlich abgegebene Willensbekundung in Form einer Erkl\u00e4rung oder einer sonstigen eindeutigen best\u00e4tigenden Handlung, mit der die betroffene Person zu verstehen gibt, dass sie mit der Verarbeitung der sie betreffenden personenbezogenen Daten einverstanden ist.<\/li>\n<\/ol>\n\n\n\n<p><strong>Bereitstellung der Website und Erstellung von Logfiles<br><\/strong>Bei der blo\u00df informatorischen Nutzung der Website, also wenn Sie sich nicht registrieren oder uns anderweitig Informationen \u00fcbermitteln, erheben wir bei jedem Aufruf der Website automatisiert folgende Daten und Informationen vom Computersystem des aufrufenden Rechners:<\/p>\n\n\n\n<ol style=\"list-style-type:lower-alpha\" class=\"wp-block-list\">\n<li>Browsertyp und Browserversion<\/li>\n\n\n\n<li>Verwendetes Betriebssystem<\/li>\n\n\n\n<li>Referrer URL<\/li>\n\n\n\n<li>Hostname des zugreifenden Rechners<\/li>\n\n\n\n<li>Uhrzeit der Serveranfrage<\/li>\n\n\n\n<li>IP-Adresse<\/li>\n\n\n\n<li>Die Daten werden ebenfalls in den Logfiles unseres Systems gespeichert. Eine Speicherung dieser Daten zusammen mit anderen personenbezogenen Daten des Nutzers findet nicht statt.<\/li>\n<\/ol>\n\n\n\n<p>Rechtsgrundlage f\u00fcr die vor\u00fcbergehende Speicherung der Logfiles ist Art. 6 Abs. 1 S. lit. f) DSGVO. Die vor\u00fcbergehende Speicherung der IP-Adresse durch das System ist notwendig, um<\/p>\n\n\n\n<ol style=\"list-style-type:lower-alpha\" class=\"wp-block-list\">\n<li>eine Auslieferung der Website an den Rechner des Nutzers zu erm\u00f6glichen. Hierf\u00fcr muss die IP-Adresse des Nutzers f\u00fcr die Dauer der Sitzung gespeichert bleiben.<\/li>\n\n\n\n<li>die Inhalte unserer Webseite sowie die Werbung f\u00fcr diese zu optimieren<\/li>\n\n\n\n<li>die Funktionsf\u00e4higkeit unserer informationstechnologischen Systeme und der Technik unserer Webseite zu gew\u00e4hrleisten<\/li>\n\n\n\n<li>Strafverfolgungsbeh\u00f6rden im Falle eines Cyberangriffes die zur Strafverfolgung notwendigen Informationen bereitzustellen<\/li>\n<\/ol>\n\n\n\n<p>Die Speicherung in Logfiles erfolgt, um die Funktionsf\u00e4higkeit der Website sicherzustellen. Zudem dienen uns die Daten zur Optimierung der Website und zur Sicherstellung der Sicherheit unserer informationstechnischen Systeme. Eine Auswertung der Daten zu Marketingzwecken findet in diesem Zusammenhang nicht statt.<br>In diesen Zwecken liegt auch unser berechtigtes Interesse an der Datenverarbeitung nach Art. 6 Abs. 1 S. 1 lit. f) DSGVO vor.<br>Die Daten werden gel\u00f6scht, sobald sie f\u00fcr die Erreichung des Zweckes ihrer Erhebung nicht mehr erforderlich sind \u2013 in diesem Falle mit Ende des Nutzungsvorgangs.<br>Im Fall der Speicherung der Daten in Logfiles ist dies sp\u00e4testens nach sieben Tagen der Fall. Eine dar\u00fcberhinausgehende Speicherung ist m\u00f6glich. In diesem Fall werden die IP-Adressen gel\u00f6scht oder anonymisiert, so dass eine Zuordnung des aufrufenden Clients nicht mehr m\u00f6glich ist.<br>Die Erfassung der Daten zur Bereitstellung der Website und die Speicherung der Daten in Logfiles ist f\u00fcr den Betrieb der Internetseite zwingend erforderlich, weshalb keine Widerspruchsm\u00f6glichkeit besteht.<\/p>\n\n\n\n<p><strong>Verwendung von Cookies<br><\/strong>Diese Website verwendet sog. Cookies.<br>Cookies sind kleine Textdateien die, sobald Sie eine Webseite besuchen, von einem Webserver an Ihren Browser gesendet und lokal auf Ihrem Endger\u00e4t (PC, Notebook, Tablet, Smartphone usw.) gespeichert werden und auf Ihrem Computer abgelegt werden und dem Verwender (also uns) bestimmte Informationen zukommen lassen. Cookies dienen dazu, die Webseite kundenfreundlicher und sicherer zu gestalten, insbesondere nutzungsbezogene Informationen zu erheben, wie bspw. Nutzungsh\u00e4ufigkeit und Nutzeranzahl der Seiten und sowie Verhaltensweisen der Seitennutzung. Cookies richten auf dem Rechner keinen Schaden an und enthalten keine Viren. Dieses Cookie enth\u00e4lt eine charakteristische Zeichenfolge (Sog. Cookie-ID), die eine eindeutige Identifizierung des Browsers beim erneuten Aufrufen der Website erm\u00f6glicht.<br>Cookies bleiben auch dann gespeichert, wenn die Browser-Sitzung beendet wird und k\u00f6nnen bei einem erneuten Seitenbesuch wieder aufgerufen werden. Allerdings werden Cookies auf Ihrem Rechner gespeichert und von diesem an unsere Seite \u00fcbermittelt. Daher haben Sie auch die volle Kontrolle \u00fcber die Verwendung von Cookies. Wenn Sie keine Datenerhebung \u00fcber Cookies w\u00fcnschen, k\u00f6nnen Sie Ihren Browser \u00fcber das Men\u00fc unter \u201eEinstellungen\u201c so einstellen, dass Sie \u00fcber das Setzen von Cookies informiert werden oder das Setzen von Cookies generell ausschlie\u00dfen oder Cookies auch einzeln l\u00f6schen k\u00f6nnen. Es wird allerdings darauf hingewiesen, dass bei der Deaktivierung von Cookies die Funktionalit\u00e4t dieser Website eingeschr\u00e4nkt sein kann. Soweit es sich um Session-Cookies handelt, werden diese ohnehin nach Verlassen der Website automatisch gel\u00f6scht werden.<\/p>\n\n\n\n<p><strong>Registrierung<br><\/strong>Wir bieten Ihnen die M\u00f6glichkeiten, sich auf unserer Internetseite unter Angabe personenbezogener Daten zu registrieren. Die Daten werden dabei in eine Eingabemaske eingegeben und an uns \u00fcbermittelt und gespeichert. Eine Weitergabe dieser Daten an Dritte erfolgt grunds\u00e4tzlich nicht, sofern keine gesetzliche Pflicht zur Weitergabe besteht oder die Weitergabe der Straf- oder Rechtsverfolgung dient.<\/p>\n\n\n\n<p>Folgende Daten werden im Rahmen des Registrierungsprozesses erhoben:<\/p>\n\n\n\n<ul class=\"wp-block-list\">\n<li>Frei gew\u00e4hlter Username<\/li>\n\n\n\n<li>E-Mail<\/li>\n\n\n\n<li>Frei gew\u00e4hltes Passwort<\/li>\n\n\n\n<li>Vorname, Name<\/li>\n\n\n\n<li>IP-Adresse<\/li>\n\n\n\n<li>Datum und Uhrzeit der Registrierung<br>Alle Angaben k\u00f6nnen Sie im gesch\u00fctzten Kundenbereich verwalten und \u00e4ndern. Im Rahmen<\/li>\n<\/ul>\n\n\n\n<p>des Registrierungsprozesses wird eine Einwilligung des Nutzers zur Verarbeitung dieser Daten eingeholt. F\u00fcr die Registrierung verwenden wir das sog. Double-opt-in-Verfahren. Das hei\u00dft, dass wir Ihnen nach Ihrer Anmeldung eine E-Mail an die angegebene E-Mail-Adresse senden, in welcher wir Sie um Best\u00e4tigung bitten, dass Sie eine Registrierung w\u00fcnschen. Wenn Sie Ihre Anmeldung nichtbest\u00e4tigen, werden Ihre Informationen gesperrt und nach einem Monat automatisch gel\u00f6scht. Dar\u00fcber hinaus speichern wir jeweils Ihre eingesetzten IP-Adressen und Zeitpunkte der Anmeldung und Best\u00e4tigung. Zweck des Verfahrens ist, Ihre Anmeldung nachweisen und ggf. einen m\u00f6glichen Missbrauch Ihrer pers\u00f6nlichen Daten aufkl\u00e4ren zu k\u00f6nnen. <br>Rechtsgrundlage f\u00fcr die Verarbeitung der Daten ist bei Vorliegen einer Einwilligung des Nutzers Art. 6 Abs. 1 S. 1 lit. a) DSGVO.<br>Eine Registrierung ist f\u00fcr das Bereithalten bestimmter Inhalte und Leistungen auf unserer Website erforderlich sowie zur Verhinderung von Missbrauch und ggf. zur Aufkl\u00e4rung von Straftaten. (weitere Beschreibung der Inhalte und Leistungen)<br>Die Daten werden gel\u00f6scht, sobald sie f\u00fcr die Erreichung des Zweckes ihrer Erhebung nicht mehr erforderlich sind.<br>Ansonsten steht es Ihnen frei, die bei der Registrierung angegebenen personenbezogenen Daten vollst\u00e4ndig aus dem Datenbestand des f\u00fcr die Verarbeitung Verantwortlichen l\u00f6schen zu lassen. Der f\u00fcr die Verarbeitung Verantwortliche erteilt Ihnen jederzeit auf Anfrage Auskunft dar\u00fcber, welche personenbezogenen Daten \u00fcber die betroffene Person gespeichert sind. Ferner berichtigt oder l\u00f6scht der f\u00fcr die Verarbeitung Verantwortliche personenbezogene Daten auf Wunsch oder Hinweis der betroffenen Person, soweit dem keine gesetzlichen Aufbewahrungspflichten entgegenstehen. Sie k\u00f6nnen den Verantwortlichen oder den Datenschutzbeauftragten jederzeit via E-Mail oder postalisch anschreiben und um L\u00f6schung\/\u00c4nderung der Daten bitten.<\/p>\n\n\n\n<p><strong>Weitergabe personenbezogener Daten an Dritte<br><\/strong>Einsatz des Google-Kalenders<br>Wir haben auf unserer Homepage den Google Kalender eingebunden.<br>Dienstanbieter ist hier Google LLC. F\u00fcr den europ\u00e4ischen Raum ist das Unternehmen Google Ireland Limited, Gordan House, Barrow Street Dublin 4, Irland f\u00fcr alle Google Dienste verantwortlich.<br>Google verarbeitet Ihre Daten u.a. auch in den USA. Google ist zudem ein aktiver Teilnehmer des EU-US Data Privacy Framework (DPF), wodurch der korrekte und sichere Datentransfer personenbezogener Daten von EU-B\u00fcrgern in die USA geregelt wird. Zudem verwendet Google sogenannte Standardvertragsklauseln, welche sicherstellen, dass Ihre Daten nach den europ\u00e4ischen Datenschutzstandards entsprechen.<br>Durch das EU-US Data Privacy Framework und durch die Standardvertragsklauseln verpflichtet sich Google, bei der Verarbeitung Ihrer personenbezogenen Daten, das europ\u00e4ische Datenschutzniveau einzuhalten, selbst wenn die Daten in den USA verarbeitet werden.<br>Weitere Hinweise zur Verwendung des Google-Kalenders k\u00f6nnen Sie folgendem Link entnehmen: https:\/\/policies.google.com\/privacy.<\/p>\n\n\n\n<p><strong>Einbinden von YouTube-Videos<\/strong><br>Wir haben YouTube-Videos in unser Online-Angebot eingebunden, die auf http:\/\/www.YouTube.com gespeichert sind und von unserer Website aus direkt abspielbar sind. [Diese sind alle im \u201eerweiterten Datenschutz-Modus\u201c eingebunden, d.\u2009h., dass keine Daten \u00fcber Sie als Nutzer an YouTube \u00fcbertragen werden, wenn Sie die Videos nicht abspielen. Erst wenn Sie die Videos abspielen, werden die in Absatz 2 genannten Daten \u00fcbertragen. Auf diese Daten\u00fcbertragung haben wir keinen Einfluss. Durch den Besuch auf der Website erh\u00e4lt YouTube die Information, dass Sie die entsprechende Unterseite unserer Website aufgerufen haben.<br>Hierbei werden folgende Daten \u00fcbermittelt<\/p>\n\n\n\n<ul class=\"wp-block-list\">\n<li>Ger\u00e4tespezifische Information, beispielsweise die verwendete Hardware; die Version des Betriebssystems; eindeutige Ger\u00e4tekennung und Informationen \u00fcber das Mobilfunknetz einschlie\u00dflich Ihrer Telefonnummer.<\/li>\n\n\n\n<li>Protokolldaten in Form von Serverprotokollen. Diese beinhalten unter anderem Einzelheiten zu der Art und Weise, wie die Dienste genutz wurden, beispielsweise Suchanfragen; IP-Adresse; Hardware-Einstellungen; Browser-Typ; Browser-Sprache; Datum und Uhrzeit Ihrer Anfrage; Ursprungsseite; Cookies, \u00fcber die Ihr Browser oder Ihr Google-Konto eindeutig identifiziert werden kann<\/li>\n\n\n\n<li>Standortbezogene Informationen. Es werden m\u00f6glicherweise Informationen \u00fcber Ihren tats\u00e4chlichen Standort durch Google erfasst. Hierzu geh\u00f6ren beispielsweise Ihre IP-Adresse, Ihre WLAN-Zugangspunkte oder Mobilfunkmasten<\/li>\n\n\n\n<li>Weitere Informationen zu den von Google LLC. erhobenen Daten finden Sie unter folgendem Link: https:\/\/policies.google.com\/privacy?hl=de&amp;gl=de<br>Dies erfolgt unabh\u00e4ngig davon, ob YouTube ein Nutzerkonto bereitstellt, \u00fcber das Sie eingeloggt sind, oder ob kein Nutzerkonto besteht. Wenn Sie bei Google eingeloggt sind, werden Ihre Daten direkt Ihrem Konto zugeordnet.<\/li>\n<\/ul>\n\n\n\n<p>Rechtsgrundlage f\u00fcr die Verarbeitung der personenbezogenen Daten der Nutzer ist Art. 6 Abs. 1 S.1 lit. f) DSGVO. Die Einbindung der Videos dient dazu, die Webseite f\u00fcr den Nutzer anschaulicher zu gestalten und das Suchmaschinenranking der Webseite auf Google zu erh\u00f6hen. YouTube speichert Ihre Daten als Nutzungsprofile und nutzt sie f\u00fcr Zwecke der Werbung, Marktforschung und\/oder bedarfsgerechten Gestaltung seiner Website. Eine solche Auswertung erfolgt insbesondere (selbst f\u00fcr nicht eingeloggte Nutzer) zur Erbringung von bedarfsgerechter Werbung und um andere Nutzer des sozialen Netzwerks \u00fcber Ihre Aktivit\u00e4ten auf unserer Website zu informieren. Wenn Sie die Zuordnung mit Ihrem Profil bei YouTube nicht w\u00fcnschen, m\u00fcssen Sie sich vor Aktivierung des Buttons ausloggen. Ihnen steht ein Widerspruchsrecht zu gegen die Bildung dieser Nutzerprofile, wobei Sie sich zur Aus\u00fcbung dessen an YouTube richten m\u00fcssen. Weitere Informationen zu Zweck und Umfang der Datenerhebung und ihrer Verarbeitung durch YouTube erhalten Sie in der Datenschutzerkl\u00e4rung. Dort erhalten Sie auch weitere Informationen zu Ihren Rechten und Einstellungsm\u00f6glichkeiten zum Schutze Ihrer Privatsph\u00e4re: https:\/\/www.google.de\/intl\/de\/policies\/privacy.<\/p>\n\n\n\n<p><strong>Links zu externen Webseiten<\/strong><br>Diese Webseite enth\u00e4lt Links zu externen Seiten. Wir sind f\u00fcr unsere Inhalte selbst verantwortlich. F\u00fcr die Inhalte auf externen Links haben wir keinen Einfluss und sind hierf\u00fcr daher auch nicht verantwortlich, insbesondere machen wir uns deren Inhalte nicht zu eigen. Sofern Sie auf eine externe Seite geleitet werden, gilt die dort bereitgestellte Datenschutzerkl\u00e4rung. Soweit Ihnen auf dieser Seite rechtswidrige Aktivit\u00e4ten oder Inhalte auffallen, k\u00f6nnen Sie uns gerne darauf hinweisen. In diesem Fall werden wir den Inhalt pr\u00fcfen und entsprechend reagieren (Notice and take down-Verfahren).<\/p>\n\n\n\n<p><strong>Anfrage per E-Mail, Telefon oder Telefax<br><\/strong>Wenn Sie uns per E-Mail, Telefon oder Telefax kontaktieren, wird Ihre Anfrage inklusive aller daraus hervorgehenden personenbezogenen Daten (Name, Anfrage) zum Zwecke der Bearbeitung Ihres Anliegens bei uns gespeichert und verarbeitet. Diese Daten geben wir nicht ohne Ihre Einwilligung weiter.<br>Die Verarbeitung dieser Daten erfolgt auf Grundlage von Art. 6 Abs. 1 lit. b) DSGVO, sofern Ihre Anfrage mit der Erf\u00fcllung eines Vertrags zusammenh\u00e4ngt oder zur Durchf\u00fchrung vorvertraglicher Ma\u00dfnahmen erforderlich ist. In allen \u00fcbrigen F\u00e4llen beruht die Verarbeitung auf Ihrer Einwilligung (Art. 6 Abs. 1 lit. a) DSGVO) und\/oder auf unseren berechtigten Interessen (Art. 6 Abs. 1 lit. f)DSGVO), da wir ein berechtigtes Interesse an der effektiven Bearbeitung der an uns gerichteten Anfragen haben.<br>Die von Ihnen an uns per Kontaktanfragen \u00fcbersandten Daten verbleiben bei uns, bis Sie uns zur L\u00f6schung auffordern, Ihre Einwilligung zur Speicherung widerrufen oder der Zweck f\u00fcr die Datenspeicherung entf\u00e4llt (z. B. nach abgeschlossener Bearbeitung Ihres Anliegens). Zwingende gesetzliche Bestimmungen \u2013 insbesondere gesetzliche Aufbewahrungsfristen \u2013 bleiben unber\u00fchrt.<\/p>\n\n\n\n<p><strong>SSL-Verschl\u00fcsselung<br><\/strong>Diese Seite nutzt aus Gr\u00fcnden der Sicherheit und zum Schutz der \u00dcbertragung vertraulicher Inhalte, wie zum Beispiel der Anfragen, die Sie an uns als Seitenbetreiber senden, eine SSL-Verschl\u00fcsselung. Eine verschl\u00fcsselte Verbindung erkennen Sie daran, dass die Adresszeile des Browsers von \u201ehttp:\/\/\u201c auf \u201ehttps:\/\/\u201c wechselt und an dem Schloss-Symbol in Ihrer Browserzeile. Wenn die SSL\u2013Verschl\u00fcsselung aktiviert ist, k\u00f6nnen die Daten, die Sie an uns \u00fcbermitteln, nicht von Dritten mitgelesen werden.<\/p>\n\n\n\n<p><strong>Rechte der betroffenen Person<br><\/strong>Werden personenbezogene Daten von Ihnen verarbeitet, sind Sie Betroffener i.S.d. DSGVO und es stehen Ihnen folgende Rechte gegen\u00fcber dem Verantwortlichen zu:<\/p>\n\n\n\n<p><strong>Auskunftsrecht<\/strong><br>Sie k\u00f6nnen von dem Verantwortlichen eine Best\u00e4tigung dar\u00fcber verlangen, ob personenbezogene Daten, die Sie betreffen, von uns verarbeitet werden. Liegt eine solche Verarbeitung vor, k\u00f6nnen Sie von dem Verantwortlichen jederzeit eine unentgeltliche Auskunft \u00fcber die zu Ihrer Person gespeicherten personenbezogenen Daten sowie \u00fcber folgende Informationen verlangen:<\/p>\n\n\n\n<ol style=\"list-style-type:lower-alpha\" class=\"wp-block-list\">\n<li>die Zwecke, zu denen die personenbezogenen Daten verarbeitet werden;<\/li>\n\n\n\n<li>die Kategorien von personenbezogenen Daten, welche verarbeitet werden;<\/li>\n\n\n\n<li>die Empf\u00e4nger bzw. die Kategorien von Empf\u00e4ngern, gegen\u00fcber denen die Sie betreffenden personenbezogenen Daten offengelegt wurden oder noch offengelegt werden;<\/li>\n\n\n\n<li>die geplante Dauer der Speicherung der Sie betreffenden personenbezogenen Daten oder, falls konkrete Angaben hierzu nicht m\u00f6glich sind, Kriterien f\u00fcr die Festlegung der Speicherdauer;<\/li>\n\n\n\n<li>das Bestehen eines Rechts auf Berichtigung oder L\u00f6schung der Sie betreffenden personenbezogenen Daten, eines Rechts auf Einschr\u00e4nkung der Verarbeitung durch den Verantwortlichen oder eines Widerspruchsrechts gegen diese Verarbeitung;<\/li>\n\n\n\n<li>das Bestehen eines Beschwerderechts bei einer Aufsichtsbeh\u00f6rde;<\/li>\n\n\n\n<li>alle verf\u00fcgbaren Informationen \u00fcber die Herkunft der Daten, wenn die personenbezogenen Daten nicht bei der betroffenen Person erhoben werden;<\/li>\n\n\n\n<li>das Bestehen einer automatisierten Entscheidungsfindung einschlie\u00dflich Profiling gem\u00e4\u00df Art. 22 Abs. 1 und 4 DSGVO und \u2013 zumindest in diesen F\u00e4llen \u2013 aussagekr\u00e4ftige Informationen \u00fcber die involvierte Logik sowie die Tragweite und die angestrebten Auswirkungen einer derartigen Verarbeitung f\u00fcr die betroffene Person.<\/li>\n\n\n\n<li>Ihnen steht das Recht zu, Auskunft dar\u00fcber zu verlangen, ob die Sie betreffenden personenbezogenen Daten in ein Drittland oder an eine internationale Organisation \u00fcbermittelt werden. In diesem Zusammenhang k\u00f6nnen Sie verlangen, \u00fcber die geeigneten Garantien gem. Art. 46 DSGVO im Zusammenhang mit der \u00dcbermittlung unterrichtet zu werden.<\/li>\n<\/ol>\n\n\n\n<p><strong>Recht auf Berichtigung<br><\/strong>Sie haben ein Recht auf unverz\u00fcgliche Berichtigung und\/oder Vervollst\u00e4ndigung gegen\u00fcber dem Verantwortlichen, sofern die verarbeiteten personenbezogenen Daten, die Sie betreffen, unrichtig oder unvollst\u00e4ndig sind.<\/p>\n\n\n\n<p><strong>Recht auf Einschr\u00e4nkung der Verarbeitung<br><\/strong>Unter den folgenden Voraussetzungen k\u00f6nnen Sie von dem Verantwortlichen die unverz\u00fcgliche Einschr\u00e4nkung der Verarbeitung der Sie betreffenden personenbezogenen Daten verlangen:<\/p>\n\n\n\n<ol style=\"list-style-type:lower-alpha\" class=\"wp-block-list\">\n<li>wenn Sie die Richtigkeit der Sie betreffenden personenbezogenen f\u00fcr eine Dauer bestreiten, die es dem Verantwortlichen erm\u00f6glicht, die Richtigkeit der personenbezogenen Daten zu \u00fcberpr\u00fcfen;<\/li>\n\n\n\n<li>die Verarbeitung unrechtm\u00e4\u00dfig ist und Sie die L\u00f6schung der personenbezogenen Daten ablehnen und stattdessen die Einschr\u00e4nkung der Nutzung der personenbezogenen Daten verlangen;<\/li>\n\n\n\n<li>der Verantwortliche die personenbezogenen Daten f\u00fcr die Zwecke der Verarbeitung nicht l\u00e4nger ben\u00f6tigt, Sie diese jedoch zur Geltendmachung, Aus\u00fcbung oder Verteidigung von Rechtsanspr\u00fcchen ben\u00f6tigen, oder<\/li>\n\n\n\n<li>wenn Sie Widerspruch gegen die Verarbeitung gem\u00e4\u00df Art. 21 Abs. 1 DSGVO eingelegt haben und noch nicht feststeht, ob die berechtigten Gr\u00fcnde des Verantwortlichen gegen\u00fcber Ihren Gr\u00fcnden \u00fcberwiegen.<\/li>\n\n\n\n<li>Wurde die Verarbeitung der Sie betreffenden personenbezogenen Daten eingeschr\u00e4nkt, d\u00fcrfen diese Daten \u2013 von ihrer Speicherung abgesehen \u2013 nur mit Ihrer Einwilligung oder zur Geltendmachung, Aus\u00fcbung oder Verteidigung von Rechtsanspr\u00fcchen oder zum Schutz der Rechte einer anderen nat\u00fcrlichen oder juristischen Person oder aus Gr\u00fcnden eines wichtigen \u00f6ffentlichen Interesses der Union oder eines Mitgliedstaats verarbeitet werden. Wurde die Einschr\u00e4nkung der Verarbeitung nach den o.g. Voraussetzungen eingeschr\u00e4nkt, werden Sie von dem Verantwortlichen unterrichtet, bevor die Einschr\u00e4nkung aufgehoben wird.<\/li>\n<\/ol>\n\n\n\n<p><strong>Recht auf L\u00f6schung<br><\/strong>Sie k\u00f6nnen von dem Verantwortlichen verlangen, die Sie betreffenden personenbezogenen Daten unverz\u00fcglich zu l\u00f6schen, sofern einer der folgenden Gr\u00fcnde zutrifft:<\/p>\n\n\n\n<ol style=\"list-style-type:lower-alpha\" class=\"wp-block-list\">\n<li>Die Sie betreffenden personenbezogenen Daten sind f\u00fcr die Zwecke, f\u00fcr die sie erhoben oder auf sonstige Weise verarbeitet wurden, nicht mehr notwendig.<\/li>\n\n\n\n<li>Sie widerrufen Ihre Einwilligung, auf die sich die Verarbeitung gem. Art. 6 Abs. 1 lit. a) oder Art. 9 Abs. 2 lit. a) DSGVO st\u00fctzte, und es fehlt an einer anderweitigen Rechtsgrundlage f\u00fcr die Verarbeitung.<\/li>\n\n\n\n<li>Sie legen gem. Art. 21 Abs. 1 DSGVO Widerspruch gegen die Verarbeitung ein und es liegen keine vorrangigen berechtigten Gr\u00fcnde f\u00fcr die Verarbeitung vor, oder Sie legen gem. Art. 21 Abs. 2 DSGVO Widerspruch gegen die Verarbeitung ein.<\/li>\n\n\n\n<li>Die Sie betreffenden personenbezogenen Daten wurden unrechtm\u00e4\u00dfig verarbeitet.<\/li>\n\n\n\n<li>Die L\u00f6schung der Sie betreffenden personenbezogenen Daten ist zur Erf\u00fcllung einer rechtlichen Verpflichtung nach dem Unionsrecht oder dem Recht der Mitgliedstaaten erforderlich, dem der Verantwortliche unterliegt.<\/li>\n\n\n\n<li>Die Sie betreffenden personenbezogenen Daten wurden in Bezug auf angebotene Dienste der Informationsgesellschaft gem\u00e4\u00df Art. 8 Abs. 1 DSGVO erhoben.<\/li>\n\n\n\n<li>Hat der Verantwortliche die Sie betreffenden personenbezogenen Daten \u00f6ffentlich gemacht und ist er gem. Art. 17 Abs. 1 DSGVO zu deren L\u00f6schung verpflichtet, so trifft er unter Ber\u00fccksichtigung der verf\u00fcgbaren Technologie und der Implementierungskosten angemessene Ma\u00dfnahmen, auch technischer Art, um f\u00fcr die Datenverarbeitung Verantwortliche, die die personenbezogenen Daten verarbeiten, dar\u00fcber zu informieren, dass Sie als betroffene Person von ihnen die L\u00f6schung aller Links zu diesen personenbezogenen Daten oder von Kopien oder Replikationen dieser personenbezogenen Daten verlangt haben.<\/li>\n<\/ol>\n\n\n\n<p>Das Recht auf L\u00f6schung besteht nicht, soweit die Verarbeitung erforderlich ist<\/p>\n\n\n\n<ol style=\"list-style-type:lower-alpha\" class=\"wp-block-list\">\n<li>zur Aus\u00fcbung des Rechts auf freie Meinungs\u00e4u\u00dferung und Information;<\/li>\n\n\n\n<li>zur Erf\u00fcllung einer rechtlichen Verpflichtung, die die Verarbeitung nach dem Recht der Union oder der Mitgliedstaaten, dem der Verantwortliche unterliegt, erfordert, oder zur Wahrnehmung einer Aufgabe, die im \u00f6ffentlichen Interesse liegt oder in Aus\u00fcbung \u00f6ffentlicher Gewalt erfolgt, die dem Verantwortlichen \u00fcbertragen wurde;<\/li>\n\n\n\n<li>aus Gr\u00fcnden des \u00f6ffentlichen Interesses im Bereich der \u00f6ffentlichen Gesundheit gem\u00e4\u00df Art. 9 Abs. 2 lit. h) und i)sowie Art. 9 Abs. 3 DSGVO;<\/li>\n\n\n\n<li>f\u00fcr im \u00f6ffentlichen Interesse liegende Archivzwecke, wissenschaftliche oder historische Forschungszwecke oder f\u00fcr statistische Zwecke gem. Art. 89 Abs. 1 DSGVO, soweit das unter Abschnitt a) genannte Recht voraussichtlich die Verwirklichung der Ziele dieser Verarbeitung unm\u00f6glich macht oder ernsthaft beeintr\u00e4chtigt, oder<\/li>\n\n\n\n<li>zur Geltendmachung, Aus\u00fcbung oder Verteidigung von Rechtsanspr\u00fcchen.<\/li>\n\n\n\n<li>Recht auf Unterrichtung<\/li>\n\n\n\n<li>Haben Sie das Recht auf Berichtigung, L\u00f6schung oder Einschr\u00e4nkung der Verarbeitung gegen\u00fcber dem Verantwortlichen geltend gemacht, ist dieser verpflichtet, allen Empf\u00e4ngern, denen die Sie betreffenden personenbezogenen Daten offengelegt wurden, diese Berichtigung\/L\u00f6schung\/Einschr\u00e4nkung der Verarbeitung mitzuteilen, es sei denn, dies erweist sich als unm\u00f6glich oder ist mit einem unverh\u00e4ltnism\u00e4\u00dfigen Aufwand verbunden. Ihnen steht gegen\u00fcber dem Verantwortlichen das Recht zu, \u00fcber diese Empf\u00e4nger unterrichtet zu werden.<\/li>\n<\/ol>\n\n\n\n<p><strong>Recht auf Daten\u00fcbertragbarkeit<br><\/strong>Sie haben das Recht, die Sie betreffenden personenbezogenen Daten, die Sie dem Verantwortlichen bereitgestellt haben, in einem strukturierten, g\u00e4ngigen und maschinenlesbaren Format zu erhalten. Au\u00dferdem haben Sie das Recht, diese Daten einem anderen Verantwortlichen ohne Behinderung durch den Verantwortlichen, dem die personenbezogenen Daten bereitgestellt wurden, zu \u00fcbermitteln, sofern<\/p>\n\n\n\n<ol style=\"list-style-type:lower-alpha\" class=\"wp-block-list\">\n<li>die Verarbeitung auf einer Einwilligung gem. Art. 6 Abs. 1 lit. a) DSGVO oder Art. 9 Abs. 2 lit. a) DSGVO oder auf einem Vertrag gem. Art. 6 Abs. 1 lit. b) DSGVO beruht und<\/li>\n\n\n\n<li>die Verarbeitung mithilfe automatisierter Verfahren erfolgt.<\/li>\n<\/ol>\n\n\n\n<p><br>In Aus\u00fcbung dieses Rechts haben Sie ferner das Recht, zu erwirken, dass die Sie betreffenden personenbezogenen Daten direkt von einem Verantwortlichen einem anderen Verantwortlichen \u00fcbermittelt werden, soweit dies technisch machbar ist. Freiheiten und Rechte anderer Personen d\u00fcrfen hierdurch nicht beeintr\u00e4chtigt werden.<br>Das Recht auf Daten\u00fcbertragbarkeit gilt nicht f\u00fcr eine Verarbeitung personenbezogener Daten, die f\u00fcr die Wahrnehmung einer Aufgabe erforderlich ist, die im \u00f6ffentlichen Interesse liegt oder in Aus\u00fcbung \u00f6ffentlicher Gewalt erfolgt, die dem Verantwortlichen \u00fcbertragen wurde.<br>Zur Geltendmachung des Rechts auf Daten\u00fcbertragbarkeit kann sich die betroffene Person jederzeit an den f\u00fcr die Verarbeitung Verantwortlichen wenden.<\/p>\n\n\n\n<p><strong>Widerspruchsrecht<\/strong><br>Sie haben das Recht, aus Gr\u00fcnden, die sich aus ihrer besonderen Situation ergeben, jederzeit gegen die Verarbeitung der Sie betreffenden personenbezogenen Daten, die aufgrund von Art. 6 Abs. 1 lit. e) oder f) DSGVO erfolgt, Widerspruch einzulegen; dies gilt auch f\u00fcr ein auf diese Bestimmungen gest\u00fctztes Profiling.<br>Der Verantwortliche verarbeitet die Sie betreffenden personenbezogenen Daten nicht mehr, es sei denn, er kann zwingende schutzw\u00fcrdige Gr\u00fcnde f\u00fcr die Verarbeitung nachweisen, die Ihre Interessen, Rechte und Freiheiten \u00fcberwiegen, oder die Verarbeitung dient der Geltendmachung, Aus\u00fcbung oder Verteidigung von Rechtsanspr\u00fcchen.<br>Werden die Sie betreffenden personenbezogenen Daten verarbeitet, um Direktwerbung zu betreiben, haben Sie das Recht, jederzeit Widerspruch gegen die Verarbeitung der Sie betreffenden personenbezogenen Daten zum Zwecke derartiger Werbung einzulegen; dies gilt auch f\u00fcr das Profiling, soweit es mit solcher Direktwerbung in Verbindung steht. Widersprechen Sie der Verarbeitung f\u00fcr Zwecke der Direktwerbung, so werden die Sie betreffenden personenbezogenen Daten nicht mehr f\u00fcr diese Zwecke verarbeitet.<br>Sie haben die M\u00f6glichkeit, im Zusammenhang mit der Nutzung von Diensten der Informationsgesellschaft \u2013 ungeachtet der Richtlinie 2002\/58\/EG \u2013 Ihr Widerspruchsrecht mittels automatisierter Verfahren auszu\u00fcben, bei denen technische Spezifikationen verwendet werden.<br>Zur Aus\u00fcbung des Rechts auf Widerspruch kann sich die betroffene Person direkt an den f\u00fcr die Verarbeitung Verantwortlichen wenden.<\/p>\n\n\n\n<p><strong>Recht auf Widerruf der datenschutzrechtlichen Einwilligungserkl\u00e4rung<br><\/strong>Sie haben das Recht, Ihre datenschutzrechtliche Einwilligungserkl\u00e4rung jederzeit zu widerrufen. Durch den Widerruf der Einwilligung wird die Rechtm\u00e4\u00dfigkeit der aufgrund der Einwilligung bis zum Widerruf erfolgten Verarbeitung nicht ber\u00fchrt. Sie k\u00f6nnen sich hierzu an den Verantwortlichen wenden.<\/p>\n\n\n\n<p><strong>Automatisierte Entscheidung im Einzelfall einschlie\u00dflich Profiling<br><\/strong>Sie haben das Recht, nicht einer ausschlie\u00dflich auf einer automatisierten Verarbeitung \u2013 einschlie\u00dflich Profiling \u2013 beruhenden Entscheidung unterworfen zu werden, die Ihnen gegen\u00fcber rechtlicher Wirkung entfaltet oder Sie in \u00e4hnlicher Weise erheblich beeintr\u00e4chtigt. Dies gilt nicht, wenn die Entscheidung<\/p>\n\n\n\n<ol style=\"list-style-type:lower-alpha\" class=\"wp-block-list\">\n<li>f\u00fcr den Abschluss oder die Erf\u00fcllung eines Vertrags zwischen Ihnen und dem Verantwortlichen erforderlich ist,<\/li>\n\n\n\n<li>aufgrund von Rechtsvorschriften der Union oder der Mitgliedstaaten, denen der Verantwortliche unterliegt, zul\u00e4ssig ist und diese Rechtsvorschriften angemessene Ma\u00dfnahmen zur Wahrung Ihrer Rechte und Freiheiten sowie Ihrer berechtigten Interessen enthalten oder<\/li>\n\n\n\n<li>mit Ihrer ausdr\u00fccklichen Einwilligung erfolgt.<\/li>\n<\/ol>\n\n\n\n<p><br>Allerdings d\u00fcrfen diese Entscheidungen nicht auf besonderen Kategorien personenbezogener Daten nach Art. 9 Abs. 1 DSGVO beruhen, sofern nicht Art. 9 Abs. 2 lit. a) oder g) DSGVO gilt und angemessene Ma\u00dfnahmen zum Schutz der Rechte und Freiheiten sowie Ihrer berechtigten Interessen getroffen wurden. <br>Hinsichtlich der in (1) und (3) genannten F\u00e4lle trifft der Verantwortliche angemessene Ma\u00dfnahmen, um die Rechte und Freiheiten sowie Ihre berechtigten Interessen zu wahren, wozu mindestens das Recht auf Erwirkung des Eingreifens einer Person seitens des Verantwortlichen, auf Darlegung des eigenen Standpunkts und auf Anfechtung der Entscheidung geh\u00f6rt.<br>M\u00f6chte die betroffene Person Rechte mit Bezug auf automatisierte Entscheidungen geltend machen, kann sie sich hierzu jederzeit an den f\u00fcr die Verarbeitung Verantwortlichen wenden.<\/p>\n\n\n\n<p><strong>Recht auf Beschwerde bei einer Aufsichtsbeh\u00f6rde<br><\/strong>Unbeschadet eines anderweitigen verwaltungsrechtlichen oder gerichtlichen Rechtsbehelfs steht Ihnen das Recht auf Beschwerde bei einer Aufsichtsbeh\u00f6rde, insbesondere in dem Mitgliedstaat ihres Aufenthaltsorts, ihres Arbeitsplatzes oder des Orts des mutma\u00dflichen Versto\u00dfes, zu, wenn Sie der Ansicht sind, dass die Verarbeitung der Sie betreffenden personenbezogenen Daten gegen die DSGVO verst\u00f6\u00dft. Die Aufsichtsbeh\u00f6rde, bei der die Beschwerde eingereicht wurde, unterrichtet den Beschwerdef\u00fchrer \u00fcber den Stand und die Ergebnisse der Beschwerde einschlie\u00dflich der M\u00f6glichkeit eines gerichtlichen Rechtsbehelfs nach Art. 78 DSGVO.<\/p>\n\n\n\n<p><strong>\u00c4nderungen der Datenschutzrichtlinie<br><\/strong>Wir behalten uns das Recht vor, unsere Datenschutzpraktiken und diese Richtlinie abzu\u00e4ndern, um sie gegebenenfalls an \u00c4nderungen relevanter Gesetze bzw. Vorschriften anzupassen oder Ihren Bed\u00fcrfnissen besser gerecht zu werden. M\u00f6gliche \u00c4nderungen unserer Datenschutzpraktiken werden entsprechend an dieser Stelle bekannt gegeben. Beachten Sie hierzu bitte das aktuelle Versionsdatum der Datenschutzerkl\u00e4rung.<\/p>\n","protected":false},"excerpt":{"rendered":"<p>Datenschutzerkl\u00e4rung Der Schutz personenbezogener Daten ist uns ein wichtiges Anliegen. Deshalb erfolgt die Verarbeitung personenbezogener Daten in \u00dcbereinstimmung mit den [&hellip;]<\/p>\n","protected":false},"author":1,"featured_media":0,"parent":0,"menu_order":0,"comment_status":"closed","ping_status":"open","template":"","meta":{"_uag_custom_page_level_css":"","site-sidebar-layout":"default","site-content-layout":"","ast-site-content-layout":"default","site-content-style":"default","site-sidebar-style":"default","ast-global-header-display":"","ast-banner-title-visibility":"","ast-main-header-display":"","ast-hfb-above-header-display":"","ast-hfb-below-header-display":"","ast-hfb-mobile-header-display":"","site-post-title":"","ast-breadcrumbs-content":"","ast-featured-img":"","footer-sml-layout":"","ast-disable-related-posts":"","theme-transparent-header-meta":"","adv-header-id-meta":"","stick-header-meta":"","header-above-stick-meta":"","header-main-stick-meta":"","header-below-stick-meta":"","astra-migrate-meta-layouts":"default","ast-page-background-enabled":"default","ast-page-background-meta":{"desktop":{"background-color":"var(--ast-global-color-4)","background-image":"","background-repeat":"repeat","background-position":"center center","background-size":"auto","background-attachment":"scroll","background-type":"","background-media":"","overlay-type":"","overlay-color":"","overlay-opacity":"","overlay-gradient":""},"tablet":{"background-color":"","background-image":"","background-repeat":"repeat","background-position":"center center","background-size":"auto","background-attachment":"scroll","background-type":"","background-media":"","overlay-type":"","overlay-color":"","overlay-opacity":"","overlay-gradient":""},"mobile":{"background-color":"","background-image":"","background-repeat":"repeat","background-position":"center center","background-size":"auto","background-attachment":"scroll","background-type":"","background-media":"","overlay-type":"","overlay-color":"","overlay-opacity":"","overlay-gradient":""}},"ast-content-background-meta":{"desktop":{"background-color":"var(--ast-global-color-5)","background-image":"","background-repeat":"repeat","background-position":"center center","background-size":"auto","background-attachment":"scroll","background-type":"","background-media":"","overlay-type":"","overlay-color":"","overlay-opacity":"","overlay-gradient":""},"tablet":{"background-color":"var(--ast-global-color-5)","background-image":"","background-repeat":"repeat","background-position":"center center","background-size":"auto","background-attachment":"scroll","background-type":"","background-media":"","overlay-type":"","overlay-color":"","overlay-opacity":"","overlay-gradient":""},"mobile":{"background-color":"var(--ast-global-color-5)","background-image":"","background-repeat":"repeat","background-position":"center center","background-size":"auto","background-attachment":"scroll","background-type":"","background-media":"","overlay-type":"","overlay-color":"","overlay-opacity":"","overlay-gradient":""}},"footnotes":""},"class_list":["post-3","page","type-page","status-publish","hentry"],"yoast_head":"<!-- This site is optimized with the Yoast SEO plugin v27.5 - https:\/\/yoast.com\/product\/yoast-seo-wordpress\/ -->\n<title>Datenschutzerkl\u00e4rung - Heinrich-von-Kleist-Gymnasium<\/title>\n<meta name=\"robots\" content=\"index, follow, max-snippet:-1, max-image-preview:large, max-video-preview:-1\" \/>\n<link rel=\"canonical\" href=\"https:\/\/www.hvk-bo.de\/hvk_neu\/datenschutzerklaerung\/\" \/>\n<meta property=\"og:locale\" content=\"de_DE\" \/>\n<meta property=\"og:type\" content=\"article\" \/>\n<meta property=\"og:title\" content=\"Datenschutzerkl\u00e4rung - Heinrich-von-Kleist-Gymnasium\" \/>\n<meta property=\"og:description\" content=\"Datenschutzerkl\u00e4rung Der Schutz personenbezogener Daten ist uns ein wichtiges Anliegen. Deshalb erfolgt die Verarbeitung personenbezogener Daten in \u00dcbereinstimmung mit den [&hellip;]\" \/>\n<meta property=\"og:url\" content=\"https:\/\/www.hvk-bo.de\/hvk_neu\/datenschutzerklaerung\/\" \/>\n<meta property=\"og:site_name\" content=\"Heinrich-von-Kleist-Gymnasium\" \/>\n<meta property=\"article:modified_time\" content=\"2025-05-13T07:14:36+00:00\" \/>\n<meta name=\"twitter:card\" content=\"summary_large_image\" \/>\n<meta name=\"twitter:label1\" content=\"Gesch\u00e4tzte Lesezeit\" \/>\n\t<meta name=\"twitter:data1\" content=\"25\u00a0Minuten\" \/>\n<script type=\"application\/ld+json\" class=\"yoast-schema-graph\">{\"@context\":\"https:\\\/\\\/schema.org\",\"@graph\":[{\"@type\":\"WebPage\",\"@id\":\"https:\\\/\\\/www.hvk-bo.de\\\/hvk_neu\\\/datenschutzerklaerung\\\/\",\"url\":\"https:\\\/\\\/www.hvk-bo.de\\\/hvk_neu\\\/datenschutzerklaerung\\\/\",\"name\":\"Datenschutzerkl\u00e4rung - Heinrich-von-Kleist-Gymnasium\",\"isPartOf\":{\"@id\":\"https:\\\/\\\/www.hvk-bo.de\\\/hvk_neu\\\/#website\"},\"datePublished\":\"2024-04-22T08:49:51+00:00\",\"dateModified\":\"2025-05-13T07:14:36+00:00\",\"breadcrumb\":{\"@id\":\"https:\\\/\\\/www.hvk-bo.de\\\/hvk_neu\\\/datenschutzerklaerung\\\/#breadcrumb\"},\"inLanguage\":\"de\",\"potentialAction\":[{\"@type\":\"ReadAction\",\"target\":[\"https:\\\/\\\/www.hvk-bo.de\\\/hvk_neu\\\/datenschutzerklaerung\\\/\"]}]},{\"@type\":\"BreadcrumbList\",\"@id\":\"https:\\\/\\\/www.hvk-bo.de\\\/hvk_neu\\\/datenschutzerklaerung\\\/#breadcrumb\",\"itemListElement\":[{\"@type\":\"ListItem\",\"position\":1,\"name\":\"Startseite\",\"item\":\"https:\\\/\\\/www.hvk-bo.de\\\/hvk_neu\\\/\"},{\"@type\":\"ListItem\",\"position\":2,\"name\":\"Datenschutzerkl\u00e4rung\"}]},{\"@type\":\"WebSite\",\"@id\":\"https:\\\/\\\/www.hvk-bo.de\\\/hvk_neu\\\/#website\",\"url\":\"https:\\\/\\\/www.hvk-bo.de\\\/hvk_neu\\\/\",\"name\":\"Heinrich-von-Kleist-Gymnasium\",\"description\":\"Ganztagsgymnasium\",\"publisher\":{\"@id\":\"https:\\\/\\\/www.hvk-bo.de\\\/hvk_neu\\\/#organization\"},\"alternateName\":\"HvK Bochum\",\"potentialAction\":[{\"@type\":\"SearchAction\",\"target\":{\"@type\":\"EntryPoint\",\"urlTemplate\":\"https:\\\/\\\/www.hvk-bo.de\\\/hvk_neu\\\/?s={search_term_string}\"},\"query-input\":{\"@type\":\"PropertyValueSpecification\",\"valueRequired\":true,\"valueName\":\"search_term_string\"}}],\"inLanguage\":\"de\"},{\"@type\":\"Organization\",\"@id\":\"https:\\\/\\\/www.hvk-bo.de\\\/hvk_neu\\\/#organization\",\"name\":\"Heinrich-von-Kleist-Gymnasium\",\"alternateName\":\"HvK Bochum\",\"url\":\"https:\\\/\\\/www.hvk-bo.de\\\/hvk_neu\\\/\",\"logo\":{\"@type\":\"ImageObject\",\"inLanguage\":\"de\",\"@id\":\"https:\\\/\\\/www.hvk-bo.de\\\/hvk_neu\\\/#\\\/schema\\\/logo\\\/image\\\/\",\"url\":\"https:\\\/\\\/www.hvk-bo.de\\\/hvk_neu\\\/wp-content\\\/uploads\\\/2024\\\/06\\\/HvK_Logo_klein.png\",\"contentUrl\":\"https:\\\/\\\/www.hvk-bo.de\\\/hvk_neu\\\/wp-content\\\/uploads\\\/2024\\\/06\\\/HvK_Logo_klein.png\",\"width\":512,\"height\":512,\"caption\":\"Heinrich-von-Kleist-Gymnasium\"},\"image\":{\"@id\":\"https:\\\/\\\/www.hvk-bo.de\\\/hvk_neu\\\/#\\\/schema\\\/logo\\\/image\\\/\"}}]}<\/script>\n<!-- \/ Yoast SEO plugin. -->","yoast_head_json":{"title":"Datenschutzerkl\u00e4rung - Heinrich-von-Kleist-Gymnasium","robots":{"index":"index","follow":"follow","max-snippet":"max-snippet:-1","max-image-preview":"max-image-preview:large","max-video-preview":"max-video-preview:-1"},"canonical":"https:\/\/www.hvk-bo.de\/hvk_neu\/datenschutzerklaerung\/","og_locale":"de_DE","og_type":"article","og_title":"Datenschutzerkl\u00e4rung - Heinrich-von-Kleist-Gymnasium","og_description":"Datenschutzerkl\u00e4rung Der Schutz personenbezogener Daten ist uns ein wichtiges Anliegen. Deshalb erfolgt die Verarbeitung personenbezogener Daten in \u00dcbereinstimmung mit den [&hellip;]","og_url":"https:\/\/www.hvk-bo.de\/hvk_neu\/datenschutzerklaerung\/","og_site_name":"Heinrich-von-Kleist-Gymnasium","article_modified_time":"2025-05-13T07:14:36+00:00","twitter_card":"summary_large_image","twitter_misc":{"Gesch\u00e4tzte Lesezeit":"25\u00a0Minuten"},"schema":{"@context":"https:\/\/schema.org","@graph":[{"@type":"WebPage","@id":"https:\/\/www.hvk-bo.de\/hvk_neu\/datenschutzerklaerung\/","url":"https:\/\/www.hvk-bo.de\/hvk_neu\/datenschutzerklaerung\/","name":"Datenschutzerkl\u00e4rung - Heinrich-von-Kleist-Gymnasium","isPartOf":{"@id":"https:\/\/www.hvk-bo.de\/hvk_neu\/#website"},"datePublished":"2024-04-22T08:49:51+00:00","dateModified":"2025-05-13T07:14:36+00:00","breadcrumb":{"@id":"https:\/\/www.hvk-bo.de\/hvk_neu\/datenschutzerklaerung\/#breadcrumb"},"inLanguage":"de","potentialAction":[{"@type":"ReadAction","target":["https:\/\/www.hvk-bo.de\/hvk_neu\/datenschutzerklaerung\/"]}]},{"@type":"BreadcrumbList","@id":"https:\/\/www.hvk-bo.de\/hvk_neu\/datenschutzerklaerung\/#breadcrumb","itemListElement":[{"@type":"ListItem","position":1,"name":"Startseite","item":"https:\/\/www.hvk-bo.de\/hvk_neu\/"},{"@type":"ListItem","position":2,"name":"Datenschutzerkl\u00e4rung"}]},{"@type":"WebSite","@id":"https:\/\/www.hvk-bo.de\/hvk_neu\/#website","url":"https:\/\/www.hvk-bo.de\/hvk_neu\/","name":"Heinrich-von-Kleist-Gymnasium","description":"Ganztagsgymnasium","publisher":{"@id":"https:\/\/www.hvk-bo.de\/hvk_neu\/#organization"},"alternateName":"HvK Bochum","potentialAction":[{"@type":"SearchAction","target":{"@type":"EntryPoint","urlTemplate":"https:\/\/www.hvk-bo.de\/hvk_neu\/?s={search_term_string}"},"query-input":{"@type":"PropertyValueSpecification","valueRequired":true,"valueName":"search_term_string"}}],"inLanguage":"de"},{"@type":"Organization","@id":"https:\/\/www.hvk-bo.de\/hvk_neu\/#organization","name":"Heinrich-von-Kleist-Gymnasium","alternateName":"HvK Bochum","url":"https:\/\/www.hvk-bo.de\/hvk_neu\/","logo":{"@type":"ImageObject","inLanguage":"de","@id":"https:\/\/www.hvk-bo.de\/hvk_neu\/#\/schema\/logo\/image\/","url":"https:\/\/www.hvk-bo.de\/hvk_neu\/wp-content\/uploads\/2024\/06\/HvK_Logo_klein.png","contentUrl":"https:\/\/www.hvk-bo.de\/hvk_neu\/wp-content\/uploads\/2024\/06\/HvK_Logo_klein.png","width":512,"height":512,"caption":"Heinrich-von-Kleist-Gymnasium"},"image":{"@id":"https:\/\/www.hvk-bo.de\/hvk_neu\/#\/schema\/logo\/image\/"}}]}},"uagb_featured_image_src":{"full":false,"thumbnail":false,"medium":false,"medium_large":false,"large":false,"1536x1536":false,"2048x2048":false},"uagb_author_info":{"display_name":"Elmar B\u00fcsing","author_link":"https:\/\/www.hvk-bo.de\/hvk_neu\/author\/elmarmusterschule\/"},"uagb_comment_info":0,"uagb_excerpt":"Datenschutzerkl\u00e4rung Der Schutz personenbezogener Daten ist uns ein wichtiges Anliegen. Deshalb erfolgt die Verarbeitung personenbezogener Daten in \u00dcbereinstimmung mit den [&hellip;]","_links":{"self":[{"href":"https:\/\/www.hvk-bo.de\/hvk_neu\/wp-json\/wp\/v2\/pages\/3","targetHints":{"allow":["GET"]}}],"collection":[{"href":"https:\/\/www.hvk-bo.de\/hvk_neu\/wp-json\/wp\/v2\/pages"}],"about":[{"href":"https:\/\/www.hvk-bo.de\/hvk_neu\/wp-json\/wp\/v2\/types\/page"}],"author":[{"embeddable":true,"href":"https:\/\/www.hvk-bo.de\/hvk_neu\/wp-json\/wp\/v2\/users\/1"}],"replies":[{"embeddable":true,"href":"https:\/\/www.hvk-bo.de\/hvk_neu\/wp-json\/wp\/v2\/comments?post=3"}],"version-history":[{"count":2,"href":"https:\/\/www.hvk-bo.de\/hvk_neu\/wp-json\/wp\/v2\/pages\/3\/revisions"}],"predecessor-version":[{"id":3524,"href":"https:\/\/www.hvk-bo.de\/hvk_neu\/wp-json\/wp\/v2\/pages\/3\/revisions\/3524"}],"wp:attachment":[{"href":"https:\/\/www.hvk-bo.de\/hvk_neu\/wp-json\/wp\/v2\/media?parent=3"}],"curies":[{"name":"wp","href":"https:\/\/api.w.org\/{rel}","templated":true}]}}