{"id":40,"date":"2024-04-22T12:56:37","date_gmt":"2024-04-22T10:56:37","guid":{"rendered":"https:\/\/www.hvk-bo.de\/hvk_neu\/?page_id=40"},"modified":"2025-12-05T13:51:54","modified_gmt":"2025-12-05T12:51:54","slug":"kollegium","status":"publish","type":"page","link":"https:\/\/www.hvk-bo.de\/hvk_neu\/unsereschule\/kollegium\/","title":{"rendered":"Kollegium"},"content":{"rendered":"\n<div class=\"wp-block-uagb-container uagb-block-9ab6a595 default uagb-is-root-container\">\n<h3 class=\"wp-block-heading\">Unser Kollegium<\/h3>\n\n\n\n<div class=\"wp-block-uagb-image uagb-block-3dc65577 wp-block-uagb-image--layout-default wp-block-uagb-image--effect-static wp-block-uagb-image--align-none\"><figure class=\"wp-block-uagb-image__figure\"><img decoding=\"async\" srcset=\"https:\/\/www.hvk-bo.de\/hvk_neu\/wp-content\/uploads\/2025\/08\/Kollegiumsfoto-1-1024x393.webp ,https:\/\/www.hvk-bo.de\/hvk_neu\/wp-content\/uploads\/2025\/08\/Kollegiumsfoto-1.webp 780w, https:\/\/www.hvk-bo.de\/hvk_neu\/wp-content\/uploads\/2025\/08\/Kollegiumsfoto-1.webp 360w\" sizes=\"auto, (max-width: 480px) 150px\" src=\"https:\/\/www.hvk-bo.de\/hvk_neu\/wp-content\/uploads\/2025\/08\/Kollegiumsfoto-1-1024x393.webp\" alt=\"\" class=\"uag-image-3622\" width=\"1024\" height=\"393\" title=\"Kollegiumsfoto\" loading=\"lazy\" role=\"img\"\/><\/figure><\/div>\n\n\n\n<figure class=\"wp-block-table is-style-stripes\" style=\"padding-right:0;padding-left:0\"><table><tbody><tr><td><strong>NAME, VORNAME<\/strong>&nbsp;<\/td><td><strong>F\u00c4CHER<\/strong>&nbsp;<\/td><td><strong>EMAIL<\/strong>&nbsp;(@hvk-bochum.de erg\u00e4nzen)<\/td><\/tr><tr><td><strong>Albert, Sabrina<\/strong>&nbsp;<\/td><td>BI, F<\/td><td>s.albert<\/td><\/tr><tr><td><strong>Arens, Markus<\/strong>&nbsp;<\/td><td>GE, IF, PH<\/td><td>m.arens<\/td><\/tr><tr><td><strong>B\u00e4ck, Robin<\/strong>&nbsp;(Oberstufenkoordination)&nbsp;<\/td><td>GE, S<\/td><td>r.baeck<\/td><\/tr><tr><td><strong>Bergmann, Hannes<\/strong><\/td><td>EK, SP<\/td><td>h.bergmann<\/td><\/tr><tr><td><strong>Berkholz, Johannes<\/strong>&nbsp;<\/td><td>D, EK<\/td><td>j.berkholz<\/td><\/tr><tr><td><strong>Brandt, Kai&nbsp;<\/strong>&nbsp;<\/td><td>D, DaZ, TC<\/td><td>k.brandt<\/td><\/tr><tr><td><strong>Bra\u00df, Michael\u202f<\/strong>(Schulleiter)&nbsp;<\/td><td>KR, M, TC&nbsp;<\/td><td>m.brass<\/td><\/tr><tr><td><strong>Dr. B\u00fccker, Eva<\/strong>&nbsp;<\/td><td>D, I, KR, L&nbsp;<\/td><td>e.buecker<\/td><\/tr><tr><td><strong>Droste, Katja<\/strong>&nbsp;<\/td><td>BI, D<\/td><td>k.droste&nbsp;<\/td><\/tr><tr><td><strong>Elices, Daniela<\/strong>&nbsp;<\/td><td>D, DG, LIT, S<\/td><td>d.elices<\/td><\/tr><tr><td><strong>Ende, Nadine<\/strong>&nbsp;<\/td><td>BI, M&nbsp;<\/td><td>n.ende<\/td><\/tr><tr><td><strong>Fiddrich, Florian<\/strong>&nbsp;<\/td><td>D, DG, E<\/td><td>f.fiddrich&nbsp;<\/td><\/tr><tr><td><strong>Fiebig, Kai<\/strong>&nbsp;<\/td><td>M, PH, TC&nbsp;<\/td><td>k.fiebig<\/td><\/tr><tr><td><strong>Gerhardt, Claudia<\/strong>&nbsp;<\/td><td>E, ER, F<\/td><td>c.gerhardt<\/td><\/tr><tr><td><strong>G\u00f6dde<\/strong>,<strong> Susanne<\/strong>&nbsp;(Ganztagskoordination)<\/td><td>BI, M, P\u00c4&nbsp;<\/td><td>s.goedde<\/td><\/tr><tr><td><strong>Gro\u00dfe-Kreul<\/strong>, <strong>Anna<\/strong>&nbsp;<\/td><td>D, F, PP&nbsp;<\/td><td>a.grosse-kreul<\/td><\/tr><tr><td><strong>Gutt, Sebastian<\/strong>&nbsp;<\/td><td>CH, M&nbsp;<\/td><td>s.gutt<\/td><\/tr><tr><td><strong>Hees, Stefan<\/strong>&nbsp;(Erprobungsstufenkoordination)<\/td><td>IF, M, PH&nbsp;<\/td><td>s.hees<\/td><\/tr><tr><td><strong>Henseler, Ylva<\/strong>&nbsp;<\/td><td>M, SP&nbsp;<\/td><td>y.henseler<\/td><\/tr><tr><td><strong>Herrmann, Katrin<\/strong>&nbsp;<\/td><td>M, PL&nbsp;<\/td><td>k.herrmann<\/td><\/tr><tr><td><strong>Hiebel, Gudrun<\/strong>&nbsp;<\/td><td>BI, L&nbsp;<\/td><td>g.hiebel<\/td><\/tr><tr><td><strong>Hildebrandt, Rolf<\/strong>&nbsp;<\/td><td>E, PL&nbsp;<\/td><td>r.hildebrandt<\/td><\/tr><tr><td><strong>Hoefling, Lena<\/strong>&nbsp;<\/td><td>D, MU&nbsp;<\/td><td>l.hoefling<\/td><\/tr><tr><td><strong>Hupe, Indra<\/strong>&nbsp;<\/td><td>D, DaZ, KU, P\u00c4&nbsp;<\/td><td>i.hupe<\/td><\/tr><tr><td><strong>Jakobs, Maren<\/strong>&nbsp;<\/td><td>BI, CH, D, DaZ&nbsp;<\/td><td>m.jakobs<\/td><\/tr><tr><td><strong>Jest\u00e4dt, Sonja <\/strong>(stellv. Schulleiterin)<\/td><td>M, TC<\/td><td>s.jestaedt<\/td><\/tr><tr><td><strong>Kampshoff, Christina<\/strong><\/td><td>E, MU<\/td><td>c.kampshoff<\/td><\/tr><tr><td><strong>Karuc, \u00d6zlem<\/strong>&nbsp;<\/td><td>D, DaZ, E, T\u00dc<\/td><td>o.karuc<\/td><\/tr><tr><td><strong>Keudel, Daniela<\/strong>&nbsp;<\/td><td>D, MU&nbsp;<\/td><td>d.keudel<\/td><\/tr><tr><td><strong>Klak, Jenni<\/strong>&nbsp;<\/td><td>KU, PL<\/td><td>j.klak<\/td><\/tr><tr><td><strong>Kulosa, Dennis<\/strong>&nbsp;<\/td><td>SW, TC&nbsp;<\/td><td>d.kulosa<\/td><\/tr><tr><td><strong>Leithe, Astrid <\/strong>(Mittelstufenkoordination)&nbsp;<\/td><td>DG, E, S&nbsp;<\/td><td>a.leithe<\/td><\/tr><tr><td><strong>Liedtke, Blagoja<\/strong>&nbsp;<\/td><td>M, SP&nbsp;<\/td><td>b.liedtke<\/td><\/tr><tr><td><strong>Liesegang-Pl\u00fcmper, Vanessa<\/strong>&nbsp;<\/td><td>E, IF, P\u00c4<\/td><td>v.liesegang-pluemper<\/td><\/tr><tr><td><strong>Longr\u00e9e, Geraldine<\/strong>&nbsp;<\/td><td>D, DaZ, DG, F, S <\/td><td>g.longree<\/td><\/tr><tr><td><strong>Meise, Desiree-Christine<\/strong>&nbsp;<\/td><td>KR, MU&nbsp;<\/td><td>d.meise<\/td><\/tr><tr><td><strong>Netz, Simone<\/strong>&nbsp;<\/td><td>BI, M, SP<\/td><td>s.netz<\/td><\/tr><tr><td><strong>Otto, Nadine<\/strong><\/td><td>E, KU<\/td><td>n.otto<\/td><\/tr><tr><td><strong>Papenburg, Nadja<\/strong>&nbsp;<\/td><td>E, SP&nbsp;<\/td><td>n.papenburg<\/td><\/tr><tr><td><strong>Paul, Kristina<\/strong>&nbsp;<\/td><td>BI, CH, EK&nbsp;<\/td><td>k.paul<\/td><\/tr><tr><td><strong>Poeplau-Schirmers, Maria<\/strong>&nbsp;<\/td><td>KR, L&nbsp;<\/td><td>m.poeplau-schirmers<\/td><\/tr><tr><td><strong>Pohle, Nadja<\/strong>&nbsp;<\/td><td>E, P\u00c4, PP&nbsp;<\/td><td>n.pohle<\/td><\/tr><tr><td><strong>Porrmann, Stefanie<\/strong>&nbsp;<\/td><td>D, KR&nbsp;<\/td><td>s.porrmann<\/td><\/tr><tr><td><strong>Reisig, Jana Christina<\/strong>&nbsp;<\/td><td>CH, ER, M&nbsp;<\/td><td>j.reisig<\/td><\/tr><tr><td><strong>Rode, Andrea<\/strong>&nbsp;<\/td><td>KU<\/td><td>a.rode<\/td><\/tr><tr><td><strong>Savelsbergh-Netz, Daniel<\/strong><\/td><td>P\u00c4, SP&nbsp;<\/td><td>d.savelsbergh<\/td><\/tr><tr><td><strong>Sch\u00e4fer, Hannah<\/strong>&nbsp;<\/td><td>E, LIT, SW&nbsp;<\/td><td>h.schaefer<\/td><\/tr><tr><td><strong>Schlieck, Michael<\/strong>&nbsp;<\/td><td>IF, PH, SW&nbsp;<\/td><td>m.schlieck<\/td><\/tr><tr><td><strong>Scholz, Rilana<\/strong>&nbsp;<\/td><td>CH, SP&nbsp;<\/td><td>r.scholz<\/td><\/tr><tr><td><strong>Schr\u00f6der, Maren<\/strong>&nbsp;<\/td><td>E, ER&nbsp;<\/td><td>m.schroeder<\/td><\/tr><tr><td><strong>Schulz, Dietmar<\/strong>&nbsp;<\/td><td>ER, L&nbsp;<\/td><td>d.schulz<\/td><\/tr><tr><td><strong>Storek, Anna Carolina<\/strong>&nbsp;<\/td><td>E, GE&nbsp;<\/td><td>c.storek<\/td><\/tr><tr><td><strong>Thiele, Patrick<\/strong>&nbsp;<\/td><td>GE, SP&nbsp;<\/td><td>p.thiele<\/td><\/tr><tr><td><strong>Ugur, Ahmet<\/strong>&nbsp;<\/td><td>EK, GE&nbsp;<\/td><td>a.ugur<\/td><\/tr><tr><td><strong>Uhle, Nils<\/strong>&nbsp;<\/td><td>PH, SP&nbsp;<\/td><td>n.uhle<\/td><\/tr><tr><td><strong>Uhlig, Sabrina<\/strong>&nbsp;<\/td><td>D, SW<\/td><td>s.uhlig<\/td><\/tr><tr><td><strong>Wilk, Angelika<\/strong>&nbsp;<\/td><td>D, GE&nbsp;<\/td><td>a.wilk<\/td><\/tr><tr><td><strong>Zeidler, Kerstin<\/strong>&nbsp;<\/td><td>E, D, KU<\/td><td>k.zeidler<\/td><\/tr><tr><td><\/td><td><\/td><td><\/td><\/tr><tr><td colspan=\"3\"><strong>Lehramtsanw\u00e4rter*innen<\/strong><\/td><\/tr><tr><td><strong>Meschede, Tristan Elias<\/strong><\/td><td>E, GE<\/td><td>t.meschede<\/td><\/tr><tr><td><strong>Mikolajczyk, Alexander<\/strong><\/td><td>PA, PL<\/td><td>a.mikolajczyk<\/td><\/tr><tr><td><strong>Mumm, Johanna<\/strong><\/td><td>D \/ PL<\/td><td>j.mumm<\/td><\/tr><tr><td><\/td><td><\/td><td><\/td><\/tr><tr><td colspan=\"3\"><strong>Vertretungslehrkr\u00e4fte<\/strong>&nbsp;<\/td><\/tr><tr><td><strong>Dresbach, Thomas<\/strong><\/td><td>D, KU<\/td><td>t.dresbach<\/td><\/tr><tr><td><strong>Oschkinat, Yasmine<\/strong><\/td><td>F, I<\/td><td>y.oschkinat<\/td><\/tr><tr><td><strong>Pavlenko, Daria<\/strong>&nbsp;<\/td><td>D&nbsp;<\/td><td>d.pavlenko<\/td><\/tr><tr><td><strong>Sandbothe, Linus&nbsp;<\/strong><\/td><td>SW, E&nbsp;<\/td><td>l.sandbothe<\/td><\/tr><\/tbody><\/table><\/figure>\n<\/div>\n","protected":false},"excerpt":{"rendered":"<p>Unser Kollegium NAME, VORNAME&nbsp; F\u00c4CHER&nbsp; EMAIL&nbsp;(@hvk-bochum.de erg\u00e4nzen) Albert, Sabrina&nbsp; BI, F s.albert Arens, Markus&nbsp; GE, IF, PH m.arens B\u00e4ck, Robin&nbsp;(Oberstufenkoordination)&nbsp; [&hellip;]<\/p>\n","protected":false},"author":1,"featured_media":0,"parent":1580,"menu_order":4,"comment_status":"closed","ping_status":"closed","template":"","meta":{"_uag_custom_page_level_css":"","site-sidebar-layout":"default","site-content-layout":"","ast-site-content-layout":"default","site-content-style":"default","site-sidebar-style":"default","ast-global-header-display":"","ast-banner-title-visibility":"","ast-main-header-display":"","ast-hfb-above-header-display":"","ast-hfb-below-header-display":"","ast-hfb-mobile-header-display":"","site-post-title":"disabled","ast-breadcrumbs-content":"","ast-featured-img":"","footer-sml-layout":"","ast-disable-related-posts":"","theme-transparent-header-meta":"","adv-header-id-meta":"","stick-header-meta":"","header-above-stick-meta":"","header-main-stick-meta":"","header-below-stick-meta":"","astra-migrate-meta-layouts":"default","ast-page-background-enabled":"default","ast-page-background-meta":{"desktop":{"background-color":"var(--ast-global-color-4)","background-image":"","background-repeat":"repeat","background-position":"center center","background-size":"auto","background-attachment":"scroll","background-type":"","background-media":"","overlay-type":"","overlay-color":"","overlay-opacity":"","overlay-gradient":""},"tablet":{"background-color":"","background-image":"","background-repeat":"repeat","background-position":"center center","background-size":"auto","background-attachment":"scroll","background-type":"","background-media":"","overlay-type":"","overlay-color":"","overlay-opacity":"","overlay-gradient":""},"mobile":{"background-color":"","background-image":"","background-repeat":"repeat","background-position":"center center","background-size":"auto","background-attachment":"scroll","background-type":"","background-media":"","overlay-type":"","overlay-color":"","overlay-opacity":"","overlay-gradient":""}},"ast-content-background-meta":{"desktop":{"background-color":"var(--ast-global-color-5)","background-image":"","background-repeat":"repeat","background-position":"center center","background-size":"auto","background-attachment":"scroll","background-type":"","background-media":"","overlay-type":"","overlay-color":"","overlay-opacity":"","overlay-gradient":""},"tablet":{"background-color":"var(--ast-global-color-5)","background-image":"","background-repeat":"repeat","background-position":"center center","background-size":"auto","background-attachment":"scroll","background-type":"","background-media":"","overlay-type":"","overlay-color":"","overlay-opacity":"","overlay-gradient":""},"mobile":{"background-color":"var(--ast-global-color-5)","background-image":"","background-repeat":"repeat","background-position":"center center","background-size":"auto","background-attachment":"scroll","background-type":"","background-media":"","overlay-type":"","overlay-color":"","overlay-opacity":"","overlay-gradient":""}},"footnotes":""},"class_list":["post-40","page","type-page","status-publish","hentry"],"yoast_head":"<!-- This site is optimized with the Yoast SEO plugin v27.5 - https:\/\/yoast.com\/product\/yoast-seo-wordpress\/ -->\n<title>Kollegium - Heinrich-von-Kleist-Gymnasium<\/title>\n<meta name=\"robots\" content=\"index, follow, max-snippet:-1, max-image-preview:large, max-video-preview:-1\" \/>\n<link rel=\"canonical\" href=\"https:\/\/www.hvk-bo.de\/hvk_neu\/unsereschule\/kollegium\/\" \/>\n<meta property=\"og:locale\" content=\"de_DE\" \/>\n<meta property=\"og:type\" content=\"article\" \/>\n<meta property=\"og:title\" content=\"Kollegium - Heinrich-von-Kleist-Gymnasium\" \/>\n<meta property=\"og:description\" content=\"Unser Kollegium NAME, VORNAME&nbsp; F\u00c4CHER&nbsp; EMAIL&nbsp;(@hvk-bochum.de erg\u00e4nzen) Albert, Sabrina&nbsp; BI, F s.albert Arens, Markus&nbsp; GE, IF, PH m.arens B\u00e4ck, Robin&nbsp;(Oberstufenkoordination)&nbsp; [&hellip;]\" \/>\n<meta property=\"og:url\" content=\"https:\/\/www.hvk-bo.de\/hvk_neu\/unsereschule\/kollegium\/\" \/>\n<meta property=\"og:site_name\" content=\"Heinrich-von-Kleist-Gymnasium\" \/>\n<meta property=\"article:modified_time\" content=\"2025-12-05T12:51:54+00:00\" \/>\n<meta property=\"og:image\" content=\"https:\/\/www.hvk-bo.de\/hvk_neu\/wp-content\/uploads\/2025\/08\/Kollegiumsfoto-1-1024x393.webp\" \/>\n<meta name=\"twitter:card\" content=\"summary_large_image\" \/>\n<meta name=\"twitter:label1\" content=\"Gesch\u00e4tzte Lesezeit\" \/>\n\t<meta name=\"twitter:data1\" content=\"3\u00a0Minuten\" \/>\n<script type=\"application\/ld+json\" class=\"yoast-schema-graph\">{\"@context\":\"https:\\\/\\\/schema.org\",\"@graph\":[{\"@type\":\"WebPage\",\"@id\":\"https:\\\/\\\/www.hvk-bo.de\\\/hvk_neu\\\/unsereschule\\\/kollegium\\\/\",\"url\":\"https:\\\/\\\/www.hvk-bo.de\\\/hvk_neu\\\/unsereschule\\\/kollegium\\\/\",\"name\":\"Kollegium - Heinrich-von-Kleist-Gymnasium\",\"isPartOf\":{\"@id\":\"https:\\\/\\\/www.hvk-bo.de\\\/hvk_neu\\\/#website\"},\"primaryImageOfPage\":{\"@id\":\"https:\\\/\\\/www.hvk-bo.de\\\/hvk_neu\\\/unsereschule\\\/kollegium\\\/#primaryimage\"},\"image\":{\"@id\":\"https:\\\/\\\/www.hvk-bo.de\\\/hvk_neu\\\/unsereschule\\\/kollegium\\\/#primaryimage\"},\"thumbnailUrl\":\"https:\\\/\\\/www.hvk-bo.de\\\/hvk_neu\\\/wp-content\\\/uploads\\\/2025\\\/08\\\/Kollegiumsfoto-1-1024x393.webp\",\"datePublished\":\"2024-04-22T10:56:37+00:00\",\"dateModified\":\"2025-12-05T12:51:54+00:00\",\"breadcrumb\":{\"@id\":\"https:\\\/\\\/www.hvk-bo.de\\\/hvk_neu\\\/unsereschule\\\/kollegium\\\/#breadcrumb\"},\"inLanguage\":\"de\",\"potentialAction\":[{\"@type\":\"ReadAction\",\"target\":[\"https:\\\/\\\/www.hvk-bo.de\\\/hvk_neu\\\/unsereschule\\\/kollegium\\\/\"]}]},{\"@type\":\"ImageObject\",\"inLanguage\":\"de\",\"@id\":\"https:\\\/\\\/www.hvk-bo.de\\\/hvk_neu\\\/unsereschule\\\/kollegium\\\/#primaryimage\",\"url\":\"https:\\\/\\\/www.hvk-bo.de\\\/hvk_neu\\\/wp-content\\\/uploads\\\/2025\\\/08\\\/Kollegiumsfoto-1-1024x393.webp\",\"contentUrl\":\"https:\\\/\\\/www.hvk-bo.de\\\/hvk_neu\\\/wp-content\\\/uploads\\\/2025\\\/08\\\/Kollegiumsfoto-1-1024x393.webp\"},{\"@type\":\"BreadcrumbList\",\"@id\":\"https:\\\/\\\/www.hvk-bo.de\\\/hvk_neu\\\/unsereschule\\\/kollegium\\\/#breadcrumb\",\"itemListElement\":[{\"@type\":\"ListItem\",\"position\":1,\"name\":\"Startseite\",\"item\":\"https:\\\/\\\/www.hvk-bo.de\\\/hvk_neu\\\/\"},{\"@type\":\"ListItem\",\"position\":2,\"name\":\"Unsere Schule\",\"item\":\"https:\\\/\\\/www.hvk-bo.de\\\/hvk_neu\\\/unsereschule\\\/\"},{\"@type\":\"ListItem\",\"position\":3,\"name\":\"Kollegium\"}]},{\"@type\":\"WebSite\",\"@id\":\"https:\\\/\\\/www.hvk-bo.de\\\/hvk_neu\\\/#website\",\"url\":\"https:\\\/\\\/www.hvk-bo.de\\\/hvk_neu\\\/\",\"name\":\"Heinrich-von-Kleist-Gymnasium\",\"description\":\"Ganztagsgymnasium\",\"publisher\":{\"@id\":\"https:\\\/\\\/www.hvk-bo.de\\\/hvk_neu\\\/#organization\"},\"alternateName\":\"HvK Bochum\",\"potentialAction\":[{\"@type\":\"SearchAction\",\"target\":{\"@type\":\"EntryPoint\",\"urlTemplate\":\"https:\\\/\\\/www.hvk-bo.de\\\/hvk_neu\\\/?s={search_term_string}\"},\"query-input\":{\"@type\":\"PropertyValueSpecification\",\"valueRequired\":true,\"valueName\":\"search_term_string\"}}],\"inLanguage\":\"de\"},{\"@type\":\"Organization\",\"@id\":\"https:\\\/\\\/www.hvk-bo.de\\\/hvk_neu\\\/#organization\",\"name\":\"Heinrich-von-Kleist-Gymnasium\",\"alternateName\":\"HvK Bochum\",\"url\":\"https:\\\/\\\/www.hvk-bo.de\\\/hvk_neu\\\/\",\"logo\":{\"@type\":\"ImageObject\",\"inLanguage\":\"de\",\"@id\":\"https:\\\/\\\/www.hvk-bo.de\\\/hvk_neu\\\/#\\\/schema\\\/logo\\\/image\\\/\",\"url\":\"https:\\\/\\\/www.hvk-bo.de\\\/hvk_neu\\\/wp-content\\\/uploads\\\/2024\\\/06\\\/HvK_Logo_klein.png\",\"contentUrl\":\"https:\\\/\\\/www.hvk-bo.de\\\/hvk_neu\\\/wp-content\\\/uploads\\\/2024\\\/06\\\/HvK_Logo_klein.png\",\"width\":512,\"height\":512,\"caption\":\"Heinrich-von-Kleist-Gymnasium\"},\"image\":{\"@id\":\"https:\\\/\\\/www.hvk-bo.de\\\/hvk_neu\\\/#\\\/schema\\\/logo\\\/image\\\/\"}}]}<\/script>\n<!-- \/ Yoast SEO plugin. -->","yoast_head_json":{"title":"Kollegium - Heinrich-von-Kleist-Gymnasium","robots":{"index":"index","follow":"follow","max-snippet":"max-snippet:-1","max-image-preview":"max-image-preview:large","max-video-preview":"max-video-preview:-1"},"canonical":"https:\/\/www.hvk-bo.de\/hvk_neu\/unsereschule\/kollegium\/","og_locale":"de_DE","og_type":"article","og_title":"Kollegium - Heinrich-von-Kleist-Gymnasium","og_description":"Unser Kollegium NAME, VORNAME&nbsp; F\u00c4CHER&nbsp; EMAIL&nbsp;(@hvk-bochum.de erg\u00e4nzen) Albert, Sabrina&nbsp; BI, F s.albert Arens, Markus&nbsp; GE, IF, PH m.arens B\u00e4ck, Robin&nbsp;(Oberstufenkoordination)&nbsp; [&hellip;]","og_url":"https:\/\/www.hvk-bo.de\/hvk_neu\/unsereschule\/kollegium\/","og_site_name":"Heinrich-von-Kleist-Gymnasium","article_modified_time":"2025-12-05T12:51:54+00:00","og_image":[{"url":"https:\/\/www.hvk-bo.de\/hvk_neu\/wp-content\/uploads\/2025\/08\/Kollegiumsfoto-1-1024x393.webp","type":"","width":"","height":""}],"twitter_card":"summary_large_image","twitter_misc":{"Gesch\u00e4tzte Lesezeit":"3\u00a0Minuten"},"schema":{"@context":"https:\/\/schema.org","@graph":[{"@type":"WebPage","@id":"https:\/\/www.hvk-bo.de\/hvk_neu\/unsereschule\/kollegium\/","url":"https:\/\/www.hvk-bo.de\/hvk_neu\/unsereschule\/kollegium\/","name":"Kollegium - Heinrich-von-Kleist-Gymnasium","isPartOf":{"@id":"https:\/\/www.hvk-bo.de\/hvk_neu\/#website"},"primaryImageOfPage":{"@id":"https:\/\/www.hvk-bo.de\/hvk_neu\/unsereschule\/kollegium\/#primaryimage"},"image":{"@id":"https:\/\/www.hvk-bo.de\/hvk_neu\/unsereschule\/kollegium\/#primaryimage"},"thumbnailUrl":"https:\/\/www.hvk-bo.de\/hvk_neu\/wp-content\/uploads\/2025\/08\/Kollegiumsfoto-1-1024x393.webp","datePublished":"2024-04-22T10:56:37+00:00","dateModified":"2025-12-05T12:51:54+00:00","breadcrumb":{"@id":"https:\/\/www.hvk-bo.de\/hvk_neu\/unsereschule\/kollegium\/#breadcrumb"},"inLanguage":"de","potentialAction":[{"@type":"ReadAction","target":["https:\/\/www.hvk-bo.de\/hvk_neu\/unsereschule\/kollegium\/"]}]},{"@type":"ImageObject","inLanguage":"de","@id":"https:\/\/www.hvk-bo.de\/hvk_neu\/unsereschule\/kollegium\/#primaryimage","url":"https:\/\/www.hvk-bo.de\/hvk_neu\/wp-content\/uploads\/2025\/08\/Kollegiumsfoto-1-1024x393.webp","contentUrl":"https:\/\/www.hvk-bo.de\/hvk_neu\/wp-content\/uploads\/2025\/08\/Kollegiumsfoto-1-1024x393.webp"},{"@type":"BreadcrumbList","@id":"https:\/\/www.hvk-bo.de\/hvk_neu\/unsereschule\/kollegium\/#breadcrumb","itemListElement":[{"@type":"ListItem","position":1,"name":"Startseite","item":"https:\/\/www.hvk-bo.de\/hvk_neu\/"},{"@type":"ListItem","position":2,"name":"Unsere Schule","item":"https:\/\/www.hvk-bo.de\/hvk_neu\/unsereschule\/"},{"@type":"ListItem","position":3,"name":"Kollegium"}]},{"@type":"WebSite","@id":"https:\/\/www.hvk-bo.de\/hvk_neu\/#website","url":"https:\/\/www.hvk-bo.de\/hvk_neu\/","name":"Heinrich-von-Kleist-Gymnasium","description":"Ganztagsgymnasium","publisher":{"@id":"https:\/\/www.hvk-bo.de\/hvk_neu\/#organization"},"alternateName":"HvK Bochum","potentialAction":[{"@type":"SearchAction","target":{"@type":"EntryPoint","urlTemplate":"https:\/\/www.hvk-bo.de\/hvk_neu\/?s={search_term_string}"},"query-input":{"@type":"PropertyValueSpecification","valueRequired":true,"valueName":"search_term_string"}}],"inLanguage":"de"},{"@type":"Organization","@id":"https:\/\/www.hvk-bo.de\/hvk_neu\/#organization","name":"Heinrich-von-Kleist-Gymnasium","alternateName":"HvK Bochum","url":"https:\/\/www.hvk-bo.de\/hvk_neu\/","logo":{"@type":"ImageObject","inLanguage":"de","@id":"https:\/\/www.hvk-bo.de\/hvk_neu\/#\/schema\/logo\/image\/","url":"https:\/\/www.hvk-bo.de\/hvk_neu\/wp-content\/uploads\/2024\/06\/HvK_Logo_klein.png","contentUrl":"https:\/\/www.hvk-bo.de\/hvk_neu\/wp-content\/uploads\/2024\/06\/HvK_Logo_klein.png","width":512,"height":512,"caption":"Heinrich-von-Kleist-Gymnasium"},"image":{"@id":"https:\/\/www.hvk-bo.de\/hvk_neu\/#\/schema\/logo\/image\/"}}]}},"uagb_featured_image_src":{"full":false,"thumbnail":false,"medium":false,"medium_large":false,"large":false,"1536x1536":false,"2048x2048":false},"uagb_author_info":{"display_name":"Elmar B\u00fcsing","author_link":"https:\/\/www.hvk-bo.de\/hvk_neu\/author\/elmarmusterschule\/"},"uagb_comment_info":0,"uagb_excerpt":"Unser Kollegium NAME, VORNAME&nbsp; F\u00c4CHER&nbsp; EMAIL&nbsp;(@hvk-bochum.de erg\u00e4nzen) Albert, Sabrina&nbsp; BI, F s.albert Arens, Markus&nbsp; GE, IF, PH m.arens B\u00e4ck, Robin&nbsp;(Oberstufenkoordination)&nbsp; [&hellip;]","_links":{"self":[{"href":"https:\/\/www.hvk-bo.de\/hvk_neu\/wp-json\/wp\/v2\/pages\/40","targetHints":{"allow":["GET"]}}],"collection":[{"href":"https:\/\/www.hvk-bo.de\/hvk_neu\/wp-json\/wp\/v2\/pages"}],"about":[{"href":"https:\/\/www.hvk-bo.de\/hvk_neu\/wp-json\/wp\/v2\/types\/page"}],"author":[{"embeddable":true,"href":"https:\/\/www.hvk-bo.de\/hvk_neu\/wp-json\/wp\/v2\/users\/1"}],"replies":[{"embeddable":true,"href":"https:\/\/www.hvk-bo.de\/hvk_neu\/wp-json\/wp\/v2\/comments?post=40"}],"version-history":[{"count":7,"href":"https:\/\/www.hvk-bo.de\/hvk_neu\/wp-json\/wp\/v2\/pages\/40\/revisions"}],"predecessor-version":[{"id":3700,"href":"https:\/\/www.hvk-bo.de\/hvk_neu\/wp-json\/wp\/v2\/pages\/40\/revisions\/3700"}],"up":[{"embeddable":true,"href":"https:\/\/www.hvk-bo.de\/hvk_neu\/wp-json\/wp\/v2\/pages\/1580"}],"wp:attachment":[{"href":"https:\/\/www.hvk-bo.de\/hvk_neu\/wp-json\/wp\/v2\/media?parent=40"}],"curies":[{"name":"wp","href":"https:\/\/api.w.org\/{rel}","templated":true}]}}