{"id":60,"date":"2024-04-22T13:00:54","date_gmt":"2024-04-22T11:00:54","guid":{"rendered":"https:\/\/www.hvk-bo.de\/hvk_neu\/?page_id=60"},"modified":"2024-11-09T20:54:09","modified_gmt":"2024-11-09T19:54:09","slug":"ganztag","status":"publish","type":"page","link":"https:\/\/www.hvk-bo.de\/hvk_neu\/schullaufbahn\/ganztag\/","title":{"rendered":"Ganztag"},"content":{"rendered":"\n<div class=\"wp-block-uagb-container uagb-block-a2ae480e default uagb-is-root-container\">\n<h3 class=\"wp-block-heading\">Ganztag<\/h3>\n\n\n\n<div class=\"wp-block-group is-vertical is-layout-flex wp-container-core-group-is-layout-a2d2d6d0 wp-block-group-is-layout-flex\" style=\"margin-top:0;margin-bottom:0;padding-top:0;padding-bottom:0\">\n<p style=\"margin-top:6px;margin-bottom:6px\">Das Heinrich-von-Kleist-Gymnasium ist seit 2010 Bochums einziges Ganztagsgymnasium.<\/p>\n\n\n\n<p style=\"margin-top:6px;margin-bottom:6px\">Urspr\u00fcnglich wurde der Ganztag als M\u00f6glichkeit entwickelt und gestaltet, die n\u00f6tigen Ver\u00e4nderungen durch die Verk\u00fcrzung der Schulzeit auf acht Jahre aufzufangen.<\/p>\n\n\n\n<p style=\"margin-top:6px;margin-bottom:6px\">Aber auch nach der R\u00fcckkehr zu neun Schuljahren wird im Ganztag des HvK ein Lern- und Lebensraum f\u00fcr unsere Sch\u00fclerinnen und Sch\u00fcler geschaffen, in dem das soziale Miteinander im Schultag in einer positiven Art und Weise von allen Beteiligten aktiv gestaltet wird. So wird die Entwicklung der gesamten Pers\u00f6nlichkeit unterst\u00fctzt und gef\u00f6rdert.<\/p>\n\n\n\n<p style=\"margin-top:0;margin-bottom:0\">Bausteine des Ganztags des HvK sind vor allem:<\/p>\n\n\n\n<div class=\"wp-block-uagb-icon-list uagb-block-02a48879\"><div class=\"uagb-icon-list__wrap\">\n<div class=\"wp-block-uagb-icon-list-child uagb-block-0a0c4975\"><span class=\"uagb-icon-list__source-wrap\"><svg xmlns=\"https:\/\/www.w3.org\/2000\/svg\" viewBox=\"0 0 256 512\"><path d=\"M118.6 105.4l128 127.1C252.9 239.6 256 247.8 256 255.1s-3.125 16.38-9.375 22.63l-128 127.1c-9.156 9.156-22.91 11.9-34.88 6.943S64 396.9 64 383.1V128c0-12.94 7.781-24.62 19.75-29.58S109.5 96.23 118.6 105.4z\"><\/path><\/svg><\/span><span class=\"uagb-icon-list__label\">Unterricht an drei langen und zwei kurzen Schultagen<\/span><\/div>\n<\/div><\/div>\n\n\n\n<ul style=\"padding-right:var(--wp--preset--spacing--70);padding-bottom:var(--wp--preset--spacing--30);padding-left:var(--wp--preset--spacing--70)\" class=\"wp-block-list\">\n<li>Montag, Mittwoch und Donnerstag von 8:00 &#8211; 15:00 Uhr<\/li>\n\n\n\n<li>Dienstag und Freitag von 8:00 &#8211; 13:05 Uhr<\/li>\n<\/ul>\n\n\n\n<div class=\"wp-block-uagb-icon-list uagb-block-eed5d7b3\"><div class=\"uagb-icon-list__wrap\">\n<div class=\"wp-block-uagb-icon-list-child uagb-block-c96014f6\"><span class=\"uagb-icon-list__source-wrap\"><svg xmlns=\"https:\/\/www.w3.org\/2000\/svg\" viewBox=\"0 0 256 512\"><path d=\"M118.6 105.4l128 127.1C252.9 239.6 256 247.8 256 255.1s-3.125 16.38-9.375 22.63l-128 127.1c-9.156 9.156-22.91 11.9-34.88 6.943S64 396.9 64 383.1V128c0-12.94 7.781-24.62 19.75-29.58S109.5 96.23 118.6 105.4z\"><\/path><\/svg><\/span><span class=\"uagb-icon-list__label\">Lernzeiten statt \u201eHausaufgaben\u201c: Arbeit mit Wochenpl\u00e4nen und Lernplaner<\/span><\/div>\n<\/div><\/div>\n\n\n\n<div class=\"wp-block-uagb-icon-list uagb-block-7d3ba9cd\"><div class=\"uagb-icon-list__wrap\">\n<div class=\"wp-block-uagb-icon-list-child uagb-block-6146b4f0\"><span class=\"uagb-icon-list__source-wrap\"><svg xmlns=\"https:\/\/www.w3.org\/2000\/svg\" viewBox=\"0 0 256 512\"><path d=\"M118.6 105.4l128 127.1C252.9 239.6 256 247.8 256 255.1s-3.125 16.38-9.375 22.63l-128 127.1c-9.156 9.156-22.91 11.9-34.88 6.943S64 396.9 64 383.1V128c0-12.94 7.781-24.62 19.75-29.58S109.5 96.23 118.6 105.4z\"><\/path><\/svg><\/span><span class=\"uagb-icon-list__label\">Stundenplangestaltung: Wechsel von Arbeits- und Erholungsphasen<\/span><\/div>\n<\/div><\/div>\n\n\n\n<ul style=\"padding-right:var(--wp--preset--spacing--70);padding-bottom:var(--wp--preset--spacing--30);padding-left:var(--wp--preset--spacing--70)\" class=\"wp-block-list\">\n<li>Soziales Lernen auch im Stundenplan: Klassenrat und clever Lernen<\/li>\n\n\n\n<li>Neigungen und Interessen in Profilstunden und AGs entwickeln<\/li>\n\n\n\n<li>Mittagspause mit einem vollwertigen Mittagessen<\/li>\n<\/ul>\n\n\n\n<div class=\"wp-block-uagb-icon-list uagb-block-996340fa\"><div class=\"uagb-icon-list__wrap\">\n<div class=\"wp-block-uagb-icon-list-child uagb-block-b71acb35\"><span class=\"uagb-icon-list__source-wrap\"><svg xmlns=\"https:\/\/www.w3.org\/2000\/svg\" viewBox=\"0 0 256 512\"><path d=\"M118.6 105.4l128 127.1C252.9 239.6 256 247.8 256 255.1s-3.125 16.38-9.375 22.63l-128 127.1c-9.156 9.156-22.91 11.9-34.88 6.943S64 396.9 64 383.1V128c0-12.94 7.781-24.62 19.75-29.58S109.5 96.23 118.6 105.4z\"><\/path><\/svg><\/span><span class=\"uagb-icon-list__label\">bei Bedarf buchbar: verl\u00e4ssliche Betreuung bis 16 Uhr durch das <a href=\"https:\/\/www.hvk-bo.de\/hvk_neu\/jus\/\" data-type=\"page\" data-id=\"3135\">Ganztagsteam von JUS<\/a><\/span><\/div>\n<\/div><\/div>\n<\/div>\n\n\n\n<div class=\"wp-block-media-text is-stacked-on-mobile\" style=\"grid-template-columns:22% auto\"><figure class=\"wp-block-media-text__media\"><img loading=\"lazy\" decoding=\"async\" width=\"340\" height=\"451\" src=\"https:\/\/www.hvk-bo.de\/hvk_neu\/wp-content\/uploads\/2024\/10\/GOeDD-340px.jpg\" alt=\"\" class=\"wp-image-2877 size-full\" srcset=\"https:\/\/www.hvk-bo.de\/hvk_neu\/wp-content\/uploads\/2024\/10\/GOeDD-340px.jpg 340w, https:\/\/www.hvk-bo.de\/hvk_neu\/wp-content\/uploads\/2024\/10\/GOeDD-340px-226x300.jpg 226w\" sizes=\"auto, (max-width: 340px) 100vw, 340px\" \/><\/figure><div class=\"wp-block-media-text__content\">\n<p>Unsere Ganztagskoordinatorin Susanne G\u00f6dde erreichen Sie telefonisch \u00fcber das Sekretariat unter 0234-89125- 0 oder per Mail an <a href=\"mailto:s.goedde@hvk-bochum.de\">s.goedde@hvk-bochum.de<\/a>.<\/p>\n<\/div><\/div>\n<\/div>\n","protected":false},"excerpt":{"rendered":"<p>Ganztag Das Heinrich-von-Kleist-Gymnasium ist seit 2010 Bochums einziges Ganztagsgymnasium. Urspr\u00fcnglich wurde der Ganztag als M\u00f6glichkeit entwickelt und gestaltet, die n\u00f6tigen [&hellip;]<\/p>\n","protected":false},"author":1,"featured_media":0,"parent":1619,"menu_order":5,"comment_status":"closed","ping_status":"closed","template":"","meta":{"_uag_custom_page_level_css":"","site-sidebar-layout":"default","site-content-layout":"","ast-site-content-layout":"default","site-content-style":"default","site-sidebar-style":"default","ast-global-header-display":"","ast-banner-title-visibility":"","ast-main-header-display":"","ast-hfb-above-header-display":"","ast-hfb-below-header-display":"","ast-hfb-mobile-header-display":"","site-post-title":"disabled","ast-breadcrumbs-content":"","ast-featured-img":"","footer-sml-layout":"","ast-disable-related-posts":"","theme-transparent-header-meta":"","adv-header-id-meta":"","stick-header-meta":"","header-above-stick-meta":"","header-main-stick-meta":"","header-below-stick-meta":"","astra-migrate-meta-layouts":"default","ast-page-background-enabled":"default","ast-page-background-meta":{"desktop":{"background-color":"var(--ast-global-color-4)","background-image":"","background-repeat":"repeat","background-position":"center center","background-size":"auto","background-attachment":"scroll","background-type":"","background-media":"","overlay-type":"","overlay-color":"","overlay-opacity":"","overlay-gradient":""},"tablet":{"background-color":"","background-image":"","background-repeat":"repeat","background-position":"center center","background-size":"auto","background-attachment":"scroll","background-type":"","background-media":"","overlay-type":"","overlay-color":"","overlay-opacity":"","overlay-gradient":""},"mobile":{"background-color":"","background-image":"","background-repeat":"repeat","background-position":"center center","background-size":"auto","background-attachment":"scroll","background-type":"","background-media":"","overlay-type":"","overlay-color":"","overlay-opacity":"","overlay-gradient":""}},"ast-content-background-meta":{"desktop":{"background-color":"var(--ast-global-color-5)","background-image":"","background-repeat":"repeat","background-position":"center center","background-size":"auto","background-attachment":"scroll","background-type":"","background-media":"","overlay-type":"","overlay-color":"","overlay-opacity":"","overlay-gradient":""},"tablet":{"background-color":"var(--ast-global-color-5)","background-image":"","background-repeat":"repeat","background-position":"center center","background-size":"auto","background-attachment":"scroll","background-type":"","background-media":"","overlay-type":"","overlay-color":"","overlay-opacity":"","overlay-gradient":""},"mobile":{"background-color":"var(--ast-global-color-5)","background-image":"","background-repeat":"repeat","background-position":"center center","background-size":"auto","background-attachment":"scroll","background-type":"","background-media":"","overlay-type":"","overlay-color":"","overlay-opacity":"","overlay-gradient":""}},"footnotes":""},"class_list":["post-60","page","type-page","status-publish","hentry"],"yoast_head":"<!-- This site is optimized with the Yoast SEO plugin v27.5 - https:\/\/yoast.com\/product\/yoast-seo-wordpress\/ -->\n<title>Ganztag - Heinrich-von-Kleist-Gymnasium<\/title>\n<meta name=\"robots\" content=\"index, follow, max-snippet:-1, max-image-preview:large, max-video-preview:-1\" \/>\n<link rel=\"canonical\" href=\"https:\/\/www.hvk-bo.de\/hvk_neu\/schullaufbahn\/ganztag\/\" \/>\n<meta property=\"og:locale\" content=\"de_DE\" \/>\n<meta property=\"og:type\" content=\"article\" \/>\n<meta property=\"og:title\" content=\"Ganztag - Heinrich-von-Kleist-Gymnasium\" \/>\n<meta property=\"og:description\" content=\"Ganztag Das Heinrich-von-Kleist-Gymnasium ist seit 2010 Bochums einziges Ganztagsgymnasium. Urspr\u00fcnglich wurde der Ganztag als M\u00f6glichkeit entwickelt und gestaltet, die n\u00f6tigen [&hellip;]\" \/>\n<meta property=\"og:url\" content=\"https:\/\/www.hvk-bo.de\/hvk_neu\/schullaufbahn\/ganztag\/\" \/>\n<meta property=\"og:site_name\" content=\"Heinrich-von-Kleist-Gymnasium\" \/>\n<meta property=\"article:modified_time\" content=\"2024-11-09T19:54:09+00:00\" \/>\n<meta property=\"og:image\" content=\"https:\/\/www.hvk-bo.de\/hvk_neu\/wp-content\/uploads\/2024\/10\/GOeDD-340px.jpg\" \/>\n\t<meta property=\"og:image:width\" content=\"340\" \/>\n\t<meta property=\"og:image:height\" content=\"451\" \/>\n\t<meta property=\"og:image:type\" content=\"image\/jpeg\" \/>\n<meta name=\"twitter:card\" content=\"summary_large_image\" \/>\n<meta name=\"twitter:label1\" content=\"Gesch\u00e4tzte Lesezeit\" \/>\n\t<meta name=\"twitter:data1\" content=\"2\u00a0Minuten\" \/>\n<script type=\"application\/ld+json\" class=\"yoast-schema-graph\">{\"@context\":\"https:\\\/\\\/schema.org\",\"@graph\":[{\"@type\":\"WebPage\",\"@id\":\"https:\\\/\\\/www.hvk-bo.de\\\/hvk_neu\\\/schullaufbahn\\\/ganztag\\\/\",\"url\":\"https:\\\/\\\/www.hvk-bo.de\\\/hvk_neu\\\/schullaufbahn\\\/ganztag\\\/\",\"name\":\"Ganztag - Heinrich-von-Kleist-Gymnasium\",\"isPartOf\":{\"@id\":\"https:\\\/\\\/www.hvk-bo.de\\\/hvk_neu\\\/#website\"},\"primaryImageOfPage\":{\"@id\":\"https:\\\/\\\/www.hvk-bo.de\\\/hvk_neu\\\/schullaufbahn\\\/ganztag\\\/#primaryimage\"},\"image\":{\"@id\":\"https:\\\/\\\/www.hvk-bo.de\\\/hvk_neu\\\/schullaufbahn\\\/ganztag\\\/#primaryimage\"},\"thumbnailUrl\":\"https:\\\/\\\/www.hvk-bo.de\\\/hvk_neu\\\/wp-content\\\/uploads\\\/2024\\\/10\\\/GOeDD-340px.jpg\",\"datePublished\":\"2024-04-22T11:00:54+00:00\",\"dateModified\":\"2024-11-09T19:54:09+00:00\",\"breadcrumb\":{\"@id\":\"https:\\\/\\\/www.hvk-bo.de\\\/hvk_neu\\\/schullaufbahn\\\/ganztag\\\/#breadcrumb\"},\"inLanguage\":\"de\",\"potentialAction\":[{\"@type\":\"ReadAction\",\"target\":[\"https:\\\/\\\/www.hvk-bo.de\\\/hvk_neu\\\/schullaufbahn\\\/ganztag\\\/\"]}]},{\"@type\":\"ImageObject\",\"inLanguage\":\"de\",\"@id\":\"https:\\\/\\\/www.hvk-bo.de\\\/hvk_neu\\\/schullaufbahn\\\/ganztag\\\/#primaryimage\",\"url\":\"https:\\\/\\\/www.hvk-bo.de\\\/hvk_neu\\\/wp-content\\\/uploads\\\/2024\\\/10\\\/GOeDD-340px.jpg\",\"contentUrl\":\"https:\\\/\\\/www.hvk-bo.de\\\/hvk_neu\\\/wp-content\\\/uploads\\\/2024\\\/10\\\/GOeDD-340px.jpg\",\"width\":340,\"height\":451,\"caption\":\"G\u00f6dde\"},{\"@type\":\"BreadcrumbList\",\"@id\":\"https:\\\/\\\/www.hvk-bo.de\\\/hvk_neu\\\/schullaufbahn\\\/ganztag\\\/#breadcrumb\",\"itemListElement\":[{\"@type\":\"ListItem\",\"position\":1,\"name\":\"Startseite\",\"item\":\"https:\\\/\\\/www.hvk-bo.de\\\/hvk_neu\\\/\"},{\"@type\":\"ListItem\",\"position\":2,\"name\":\"Schullaufbahn\",\"item\":\"https:\\\/\\\/www.hvk-bo.de\\\/hvk_neu\\\/schullaufbahn\\\/\"},{\"@type\":\"ListItem\",\"position\":3,\"name\":\"Ganztag\"}]},{\"@type\":\"WebSite\",\"@id\":\"https:\\\/\\\/www.hvk-bo.de\\\/hvk_neu\\\/#website\",\"url\":\"https:\\\/\\\/www.hvk-bo.de\\\/hvk_neu\\\/\",\"name\":\"Heinrich-von-Kleist-Gymnasium\",\"description\":\"Ganztagsgymnasium\",\"publisher\":{\"@id\":\"https:\\\/\\\/www.hvk-bo.de\\\/hvk_neu\\\/#organization\"},\"alternateName\":\"HvK Bochum\",\"potentialAction\":[{\"@type\":\"SearchAction\",\"target\":{\"@type\":\"EntryPoint\",\"urlTemplate\":\"https:\\\/\\\/www.hvk-bo.de\\\/hvk_neu\\\/?s={search_term_string}\"},\"query-input\":{\"@type\":\"PropertyValueSpecification\",\"valueRequired\":true,\"valueName\":\"search_term_string\"}}],\"inLanguage\":\"de\"},{\"@type\":\"Organization\",\"@id\":\"https:\\\/\\\/www.hvk-bo.de\\\/hvk_neu\\\/#organization\",\"name\":\"Heinrich-von-Kleist-Gymnasium\",\"alternateName\":\"HvK Bochum\",\"url\":\"https:\\\/\\\/www.hvk-bo.de\\\/hvk_neu\\\/\",\"logo\":{\"@type\":\"ImageObject\",\"inLanguage\":\"de\",\"@id\":\"https:\\\/\\\/www.hvk-bo.de\\\/hvk_neu\\\/#\\\/schema\\\/logo\\\/image\\\/\",\"url\":\"https:\\\/\\\/www.hvk-bo.de\\\/hvk_neu\\\/wp-content\\\/uploads\\\/2024\\\/06\\\/HvK_Logo_klein.png\",\"contentUrl\":\"https:\\\/\\\/www.hvk-bo.de\\\/hvk_neu\\\/wp-content\\\/uploads\\\/2024\\\/06\\\/HvK_Logo_klein.png\",\"width\":512,\"height\":512,\"caption\":\"Heinrich-von-Kleist-Gymnasium\"},\"image\":{\"@id\":\"https:\\\/\\\/www.hvk-bo.de\\\/hvk_neu\\\/#\\\/schema\\\/logo\\\/image\\\/\"}}]}<\/script>\n<!-- \/ Yoast SEO plugin. -->","yoast_head_json":{"title":"Ganztag - Heinrich-von-Kleist-Gymnasium","robots":{"index":"index","follow":"follow","max-snippet":"max-snippet:-1","max-image-preview":"max-image-preview:large","max-video-preview":"max-video-preview:-1"},"canonical":"https:\/\/www.hvk-bo.de\/hvk_neu\/schullaufbahn\/ganztag\/","og_locale":"de_DE","og_type":"article","og_title":"Ganztag - Heinrich-von-Kleist-Gymnasium","og_description":"Ganztag Das Heinrich-von-Kleist-Gymnasium ist seit 2010 Bochums einziges Ganztagsgymnasium. Urspr\u00fcnglich wurde der Ganztag als M\u00f6glichkeit entwickelt und gestaltet, die n\u00f6tigen [&hellip;]","og_url":"https:\/\/www.hvk-bo.de\/hvk_neu\/schullaufbahn\/ganztag\/","og_site_name":"Heinrich-von-Kleist-Gymnasium","article_modified_time":"2024-11-09T19:54:09+00:00","og_image":[{"width":340,"height":451,"url":"https:\/\/www.hvk-bo.de\/hvk_neu\/wp-content\/uploads\/2024\/10\/GOeDD-340px.jpg","type":"image\/jpeg"}],"twitter_card":"summary_large_image","twitter_misc":{"Gesch\u00e4tzte Lesezeit":"2\u00a0Minuten"},"schema":{"@context":"https:\/\/schema.org","@graph":[{"@type":"WebPage","@id":"https:\/\/www.hvk-bo.de\/hvk_neu\/schullaufbahn\/ganztag\/","url":"https:\/\/www.hvk-bo.de\/hvk_neu\/schullaufbahn\/ganztag\/","name":"Ganztag - Heinrich-von-Kleist-Gymnasium","isPartOf":{"@id":"https:\/\/www.hvk-bo.de\/hvk_neu\/#website"},"primaryImageOfPage":{"@id":"https:\/\/www.hvk-bo.de\/hvk_neu\/schullaufbahn\/ganztag\/#primaryimage"},"image":{"@id":"https:\/\/www.hvk-bo.de\/hvk_neu\/schullaufbahn\/ganztag\/#primaryimage"},"thumbnailUrl":"https:\/\/www.hvk-bo.de\/hvk_neu\/wp-content\/uploads\/2024\/10\/GOeDD-340px.jpg","datePublished":"2024-04-22T11:00:54+00:00","dateModified":"2024-11-09T19:54:09+00:00","breadcrumb":{"@id":"https:\/\/www.hvk-bo.de\/hvk_neu\/schullaufbahn\/ganztag\/#breadcrumb"},"inLanguage":"de","potentialAction":[{"@type":"ReadAction","target":["https:\/\/www.hvk-bo.de\/hvk_neu\/schullaufbahn\/ganztag\/"]}]},{"@type":"ImageObject","inLanguage":"de","@id":"https:\/\/www.hvk-bo.de\/hvk_neu\/schullaufbahn\/ganztag\/#primaryimage","url":"https:\/\/www.hvk-bo.de\/hvk_neu\/wp-content\/uploads\/2024\/10\/GOeDD-340px.jpg","contentUrl":"https:\/\/www.hvk-bo.de\/hvk_neu\/wp-content\/uploads\/2024\/10\/GOeDD-340px.jpg","width":340,"height":451,"caption":"G\u00f6dde"},{"@type":"BreadcrumbList","@id":"https:\/\/www.hvk-bo.de\/hvk_neu\/schullaufbahn\/ganztag\/#breadcrumb","itemListElement":[{"@type":"ListItem","position":1,"name":"Startseite","item":"https:\/\/www.hvk-bo.de\/hvk_neu\/"},{"@type":"ListItem","position":2,"name":"Schullaufbahn","item":"https:\/\/www.hvk-bo.de\/hvk_neu\/schullaufbahn\/"},{"@type":"ListItem","position":3,"name":"Ganztag"}]},{"@type":"WebSite","@id":"https:\/\/www.hvk-bo.de\/hvk_neu\/#website","url":"https:\/\/www.hvk-bo.de\/hvk_neu\/","name":"Heinrich-von-Kleist-Gymnasium","description":"Ganztagsgymnasium","publisher":{"@id":"https:\/\/www.hvk-bo.de\/hvk_neu\/#organization"},"alternateName":"HvK Bochum","potentialAction":[{"@type":"SearchAction","target":{"@type":"EntryPoint","urlTemplate":"https:\/\/www.hvk-bo.de\/hvk_neu\/?s={search_term_string}"},"query-input":{"@type":"PropertyValueSpecification","valueRequired":true,"valueName":"search_term_string"}}],"inLanguage":"de"},{"@type":"Organization","@id":"https:\/\/www.hvk-bo.de\/hvk_neu\/#organization","name":"Heinrich-von-Kleist-Gymnasium","alternateName":"HvK Bochum","url":"https:\/\/www.hvk-bo.de\/hvk_neu\/","logo":{"@type":"ImageObject","inLanguage":"de","@id":"https:\/\/www.hvk-bo.de\/hvk_neu\/#\/schema\/logo\/image\/","url":"https:\/\/www.hvk-bo.de\/hvk_neu\/wp-content\/uploads\/2024\/06\/HvK_Logo_klein.png","contentUrl":"https:\/\/www.hvk-bo.de\/hvk_neu\/wp-content\/uploads\/2024\/06\/HvK_Logo_klein.png","width":512,"height":512,"caption":"Heinrich-von-Kleist-Gymnasium"},"image":{"@id":"https:\/\/www.hvk-bo.de\/hvk_neu\/#\/schema\/logo\/image\/"}}]}},"uagb_featured_image_src":{"full":false,"thumbnail":false,"medium":false,"medium_large":false,"large":false,"1536x1536":false,"2048x2048":false},"uagb_author_info":{"display_name":"Elmar B\u00fcsing","author_link":"https:\/\/www.hvk-bo.de\/hvk_neu\/author\/elmarmusterschule\/"},"uagb_comment_info":0,"uagb_excerpt":"Ganztag Das Heinrich-von-Kleist-Gymnasium ist seit 2010 Bochums einziges Ganztagsgymnasium. Urspr\u00fcnglich wurde der Ganztag als M\u00f6glichkeit entwickelt und gestaltet, die n\u00f6tigen [&hellip;]","_links":{"self":[{"href":"https:\/\/www.hvk-bo.de\/hvk_neu\/wp-json\/wp\/v2\/pages\/60","targetHints":{"allow":["GET"]}}],"collection":[{"href":"https:\/\/www.hvk-bo.de\/hvk_neu\/wp-json\/wp\/v2\/pages"}],"about":[{"href":"https:\/\/www.hvk-bo.de\/hvk_neu\/wp-json\/wp\/v2\/types\/page"}],"author":[{"embeddable":true,"href":"https:\/\/www.hvk-bo.de\/hvk_neu\/wp-json\/wp\/v2\/users\/1"}],"replies":[{"embeddable":true,"href":"https:\/\/www.hvk-bo.de\/hvk_neu\/wp-json\/wp\/v2\/comments?post=60"}],"version-history":[{"count":7,"href":"https:\/\/www.hvk-bo.de\/hvk_neu\/wp-json\/wp\/v2\/pages\/60\/revisions"}],"predecessor-version":[{"id":3244,"href":"https:\/\/www.hvk-bo.de\/hvk_neu\/wp-json\/wp\/v2\/pages\/60\/revisions\/3244"}],"up":[{"embeddable":true,"href":"https:\/\/www.hvk-bo.de\/hvk_neu\/wp-json\/wp\/v2\/pages\/1619"}],"wp:attachment":[{"href":"https:\/\/www.hvk-bo.de\/hvk_neu\/wp-json\/wp\/v2\/media?parent=60"}],"curies":[{"name":"wp","href":"https:\/\/api.w.org\/{rel}","templated":true}]}}