{"id":7,"date":"2024-04-22T12:33:06","date_gmt":"2024-04-22T10:33:06","guid":{"rendered":"https:\/\/www.hvk-bo.de\/hvk_neu\/?page_id=7"},"modified":"2026-03-27T14:15:59","modified_gmt":"2026-03-27T13:15:59","slug":"start","status":"publish","type":"page","link":"https:\/\/www.hvk-bo.de\/hvk_neu\/","title":{"rendered":"Start"},"content":{"rendered":"\n<div class=\"wp-block-uagb-container uagb-block-5372d9cc default uagb-is-root-container\">\n<div class=\"wp-block-uagb-container uagb-block-188a941a\">\n<h3 class=\"wp-block-heading\">Willkommen auf der Homepage des HvK<\/h3>\n\n\n\n<div class=\"wp-block-media-text has-media-on-the-right is-stacked-on-mobile is-vertically-aligned-top\" style=\"grid-template-columns:auto 57%\"><div class=\"wp-block-media-text__content\">\n<div class=\"wp-block-group is-layout-constrained wp-container-core-group-is-layout-1156e810 wp-block-group-is-layout-constrained\" style=\"padding-right:0px;padding-left:0px\">\n<p style=\"margin-top:0;margin-bottom:0\">Wir freuen uns, dass Sie sich f\u00fcr unser Gymnasium im Schulzentrum Nord interessieren. <br><\/p>\n\n\n\n<p>Wir laden Sie herzlich ein, sich auf unserer Homepage umzusehen und mehr \u00fcber das Leben an unserer Schule zu erfahren. Bei Fragen stehen wir Ihnen nat\u00fcrlich gerne zur Verf\u00fcgung. <br>Zur Startpage gelangen Sie \u00fcbrigens immer \u00fcber den Klick auf unser Logo. Termine und Kontaktm\u00f6glichkeiten finden Sie am schnellsten, wenn Sie den Reiter auf der rechten Seite nutzen. <\/p>\n\n\n\n<p><br>F\u00fcr das Team des HvK <br>Ihre Schulleitung<\/p>\n\n\n\n<p>Michael Bra\u00df und Sonja Jest\u00e4dt<\/p>\n<\/div>\n<\/div><figure class=\"wp-block-media-text__media\"><img loading=\"lazy\" decoding=\"async\" width=\"1024\" height=\"684\" src=\"https:\/\/www.hvk-bo.de\/hvk_neu\/wp-content\/uploads\/2024\/10\/HvK_2_LPNord_klein-1024x684.jpg\" alt=\"\" class=\"wp-image-3072 size-full\" srcset=\"https:\/\/www.hvk-bo.de\/hvk_neu\/wp-content\/uploads\/2024\/10\/HvK_2_LPNord_klein-1024x684.jpg 1024w, https:\/\/www.hvk-bo.de\/hvk_neu\/wp-content\/uploads\/2024\/10\/HvK_2_LPNord_klein-300x200.jpg 300w, https:\/\/www.hvk-bo.de\/hvk_neu\/wp-content\/uploads\/2024\/10\/HvK_2_LPNord_klein-768x513.jpg 768w, https:\/\/www.hvk-bo.de\/hvk_neu\/wp-content\/uploads\/2024\/10\/HvK_2_LPNord_klein.jpg 1080w\" sizes=\"auto, (max-width: 1024px) 100vw, 1024px\" \/><\/figure><\/div>\n<\/div>\n\n\n\n<div class=\"wp-block-uagb-container uagb-block-0413b874 alignfull uagb-is-root-container\">\n\t\t\t<div class=\"wp-block-uagb-post-grid uagb-post-grid  uagb-post__image-position-top uagb-post__image-enabled uagb-block-35235046     uagb-post__items uagb-post__columns-1 is-grid uagb-post__columns-tablet-1 uagb-post__columns-mobile-1 uagb-post__equal-height\" data-total=\"1\" style=\"\">\n\n\t\t\t\t\t\t\t\t\t\t\t\t<article class=\"uagb-post__inner-wrap\">\t\t\t\t\t\t\t\t<div class='uagb-post__image'>\n\t\t\t\t\t\t\t\t\t<a href=\"https:\/\/www.hvk-bo.de\/hvk_neu\/sparda-spendenwahl-fuer-unser-100jaehriges-jubilaeum\/\" target=\"_self\" rel=\"bookmark noopener noreferrer\" class='uagb-image-ratio-inherit'><img loading=\"lazy\" decoding=\"async\" width=\"540\" height=\"360\" src=\"https:\/\/www.hvk-bo.de\/hvk_neu\/wp-content\/uploads\/2026\/04\/Wir-sind-dabei_Teaser.jpg\" class=\"attachment-large size-large\" alt=\"\" srcset=\"https:\/\/www.hvk-bo.de\/hvk_neu\/wp-content\/uploads\/2026\/04\/Wir-sind-dabei_Teaser.jpg 540w, https:\/\/www.hvk-bo.de\/hvk_neu\/wp-content\/uploads\/2026\/04\/Wir-sind-dabei_Teaser-300x200.jpg 300w\" sizes=\"auto, (max-width: 540px) 100vw, 540px\" \/>\t\t\t\t\t<\/a>\n\t\t\t\t\t\t\t<\/div>\n\t\t\t<div class=\"uag-post-grid-wrapper\">\t\t\t<h5 class=\"uagb-post__title uagb-post__text\">\n\t\t\t\t<a href=\"https:\/\/www.hvk-bo.de\/hvk_neu\/sparda-spendenwahl-fuer-unser-100jaehriges-jubilaeum\/\" target=\"_self\" rel=\"bookmark noopener noreferrer\">Sparda-Spendenwahl f\u00fcr unser 100j\u00e4hriges Jubil\u00e4um<\/a>\n\t\t\t<\/h5>\n\t\t\t\t\t\t<div class='uagb-post__text uagb-post-grid-byline'>\n\t\t\t\t\t\t\t<\/div>\n\t\t\t\t\t\t\t<div class='uagb-post__text uagb-post__excerpt'>\n\t\t\t\t\t<p>Am 10. Juli 2027 feiern wir ein gro\u00dfes Schulfest zum 100j\u00e4hrigen Jubil\u00e4um. Unter anderem soll zus\u00e4tzlich zu den beiden Innenb\u00fchnen im neuen Schulzentrum Nord eine&#8230;\t\t\t\t<\/div>\n\t\t\t\t\t\t<div class=\"uagb-post__text uagb-post__cta wp-block-button\">\n\t\t\t\t<a class=\"wp-block-button__link uagb-text-link\" style=\"\" href=\"https:\/\/www.hvk-bo.de\/hvk_neu\/sparda-spendenwahl-fuer-unser-100jaehriges-jubilaeum\/\" target=\"_self\" rel=\"bookmark noopener noreferrer\">Weiterlesen<\/a>\n\t\t\t<\/div>\n\t\t\t<\/div>\n\t\t\t\t\t\t\t\t\t<\/article>\n\t\t\t\t\t\t\t\t\t\t\t<\/div>\n\t\t\t\n\n\n<h3 class=\"wp-block-heading\">Aktuelles<\/h3>\n\n\n\n\t\t\t<div class=\"wp-block-uagb-post-grid uagb-post-grid  uagb-post__image-position-top uagb-post__image-enabled uagb-block-960969ff     uagb-post__items uagb-post__columns-4 is-grid uagb-post__columns-tablet-2 uagb-post__columns-mobile-1 uagb-post__equal-height uagb-equal_height_inline-read-more-buttons\" data-total=\"9\" style=\"\">\n\n\t\t\t\t\t\t\t\t\t\t\t\t<article class=\"uagb-post__inner-wrap\">\t\t\t\t\t\t\t\t<div class='uagb-post__image'>\n\t\t\t\t\t\t\t\t\t<a href=\"https:\/\/www.hvk-bo.de\/hvk_neu\/3x3-streetball-tour-im-schulzentrum-nord\/\" target=\"_self\" rel=\"bookmark noopener noreferrer\" class='uagb-image-ratio-inherit'><img loading=\"lazy\" decoding=\"async\" width=\"540\" height=\"360\" src=\"https:\/\/www.hvk-bo.de\/hvk_neu\/wp-content\/uploads\/2026\/04\/3X3_2026_Teaser.jpg\" class=\"attachment-large size-large\" alt=\"\" srcset=\"https:\/\/www.hvk-bo.de\/hvk_neu\/wp-content\/uploads\/2026\/04\/3X3_2026_Teaser.jpg 540w, https:\/\/www.hvk-bo.de\/hvk_neu\/wp-content\/uploads\/2026\/04\/3X3_2026_Teaser-300x200.jpg 300w\" sizes=\"auto, (max-width: 540px) 100vw, 540px\" \/>\t\t\t\t\t<\/a>\n\t\t\t\t\t\t\t<\/div>\n\t\t\t\t\t\t<h6 class=\"uagb-post__title uagb-post__text\">\n\t\t\t\t<a href=\"https:\/\/www.hvk-bo.de\/hvk_neu\/3x3-streetball-tour-im-schulzentrum-nord\/\" target=\"_self\" rel=\"bookmark noopener noreferrer\">3X3-Streetball-Tour im Schulzentrum Nord<\/a>\n\t\t\t<\/h6>\n\t\t\t\t\t\t<div class='uagb-post__text uagb-post-grid-byline'>\n\t\t\t\t\t\t\t<\/div>\n\t\t\t\t\t\t\t<div class='uagb-post__text uagb-post__excerpt'>\n\t\t\t\t\t<p>Die Basketballabteilung des TV Gerthe l\u00e4dt auch dieses Jahr wieder zur NRW 3&#215;3 Streetball Tour am Mittwoch, den 08. Juli&#8230;\t\t\t\t<\/div>\n\t\t\t\t\t\t<div class=\"uagb-post__text uagb-post__cta wp-block-button\">\n\t\t\t\t<a class=\"wp-block-button__link uagb-text-link\" style=\"\" href=\"https:\/\/www.hvk-bo.de\/hvk_neu\/3x3-streetball-tour-im-schulzentrum-nord\/\" target=\"_self\" rel=\"bookmark noopener noreferrer\">Weiterlesen<\/a>\n\t\t\t<\/div>\n\t\t\t\n\t\t\t\t\t\t\t\t\t<\/article>\n\t\t\t\t\t\t\t\t\t\t\t\t\t\t\t\t<article class=\"uagb-post__inner-wrap\">\t\t\t\t\t\t\t\t<div class='uagb-post__image'>\n\t\t\t\t\t\t\t\t\t<a href=\"https:\/\/www.hvk-bo.de\/hvk_neu\/schulradeln-2026-vom-11-31-05-2026\/\" target=\"_self\" rel=\"bookmark noopener noreferrer\" class='uagb-image-ratio-inherit'><img loading=\"lazy\" decoding=\"async\" width=\"540\" height=\"360\" src=\"https:\/\/www.hvk-bo.de\/hvk_neu\/wp-content\/uploads\/2026\/04\/Teaser-Stadtradeln.jpg\" class=\"attachment-large size-large\" alt=\"\" srcset=\"https:\/\/www.hvk-bo.de\/hvk_neu\/wp-content\/uploads\/2026\/04\/Teaser-Stadtradeln.jpg 540w, https:\/\/www.hvk-bo.de\/hvk_neu\/wp-content\/uploads\/2026\/04\/Teaser-Stadtradeln-300x200.jpg 300w\" sizes=\"auto, (max-width: 540px) 100vw, 540px\" \/>\t\t\t\t\t<\/a>\n\t\t\t\t\t\t\t<\/div>\n\t\t\t\t\t\t<h6 class=\"uagb-post__title uagb-post__text\">\n\t\t\t\t<a href=\"https:\/\/www.hvk-bo.de\/hvk_neu\/schulradeln-2026-vom-11-31-05-2026\/\" target=\"_self\" rel=\"bookmark noopener noreferrer\">Schulradeln 2026 vom 11.-31.05.2026<\/a>\n\t\t\t<\/h6>\n\t\t\t\t\t\t<div class='uagb-post__text uagb-post-grid-byline'>\n\t\t\t\t\t\t\t<\/div>\n\t\t\t\t\t\t\t<div class='uagb-post__text uagb-post__excerpt'>\n\t\t\t\t\t<p>Das HvK nimmt in diesem Jahr erneut am Wettbewerb Schulradeln teil. Im Zeitraum vom 11.05.-31.05.26 k\u00f6nnen alle Sch\u00fclerinnen, Eltern, Lehrkr\u00e4fte&#8230;\t\t\t\t<\/div>\n\t\t\t\t\t\t<div class=\"uagb-post__text uagb-post__cta wp-block-button\">\n\t\t\t\t<a class=\"wp-block-button__link uagb-text-link\" style=\"\" href=\"https:\/\/www.hvk-bo.de\/hvk_neu\/schulradeln-2026-vom-11-31-05-2026\/\" target=\"_self\" rel=\"bookmark noopener noreferrer\">Weiterlesen<\/a>\n\t\t\t<\/div>\n\t\t\t\n\t\t\t\t\t\t\t\t\t<\/article>\n\t\t\t\t\t\t\t\t\t\t\t\t\t\t\t\t<article class=\"uagb-post__inner-wrap\">\t\t\t\t\t\t\t\t<div class='uagb-post__image'>\n\t\t\t\t\t\t\t\t\t<a href=\"https:\/\/www.hvk-bo.de\/hvk_neu\/7a-auf-exkursion-nach-steinfurt-zur-fh-muenster\/\" target=\"_self\" rel=\"bookmark noopener noreferrer\" class='uagb-image-ratio-inherit'><img loading=\"lazy\" decoding=\"async\" width=\"540\" height=\"360\" src=\"https:\/\/www.hvk-bo.de\/hvk_neu\/wp-content\/uploads\/2026\/03\/Steinfurt_Beitrag.jpg\" class=\"attachment-large size-large\" alt=\"\" srcset=\"https:\/\/www.hvk-bo.de\/hvk_neu\/wp-content\/uploads\/2026\/03\/Steinfurt_Beitrag.jpg 540w, https:\/\/www.hvk-bo.de\/hvk_neu\/wp-content\/uploads\/2026\/03\/Steinfurt_Beitrag-300x200.jpg 300w\" sizes=\"auto, (max-width: 540px) 100vw, 540px\" \/>\t\t\t\t\t<\/a>\n\t\t\t\t\t\t\t<\/div>\n\t\t\t\t\t\t<h6 class=\"uagb-post__title uagb-post__text\">\n\t\t\t\t<a href=\"https:\/\/www.hvk-bo.de\/hvk_neu\/7a-auf-exkursion-nach-steinfurt-zur-fh-muenster\/\" target=\"_self\" rel=\"bookmark noopener noreferrer\">7a auf Exkursion nach Steinfurt &#8211; zur FH M\u00fcnster<\/a>\n\t\t\t<\/h6>\n\t\t\t\t\t\t<div class='uagb-post__text uagb-post-grid-byline'>\n\t\t\t\t\t\t\t<\/div>\n\t\t\t\t\t\t\t<div class='uagb-post__text uagb-post__excerpt'>\n\t\t\t\t\t<p>Am 09.02.2026 unternahm unsere Klasse 7a eine Exkursion zur Fachhochschule M\u00fcnster in Steinfurt.In Steinfurt wurden wir von Prof. Gerhart Gevelmann&#8230;\t\t\t\t<\/div>\n\t\t\t\t\t\t<div class=\"uagb-post__text uagb-post__cta wp-block-button\">\n\t\t\t\t<a class=\"wp-block-button__link uagb-text-link\" style=\"\" href=\"https:\/\/www.hvk-bo.de\/hvk_neu\/7a-auf-exkursion-nach-steinfurt-zur-fh-muenster\/\" target=\"_self\" rel=\"bookmark noopener noreferrer\">Weiterlesen<\/a>\n\t\t\t<\/div>\n\t\t\t\n\t\t\t\t\t\t\t\t\t<\/article>\n\t\t\t\t\t\t\t\t\t\t\t\t\t\t\t\t<article class=\"uagb-post__inner-wrap\">\t\t\t\t\t\t\t\t<div class='uagb-post__image'>\n\t\t\t\t\t\t\t\t\t<a href=\"https:\/\/www.hvk-bo.de\/hvk_neu\/bericht-landesfinale-essen-badminton\/\" target=\"_self\" rel=\"bookmark noopener noreferrer\" class='uagb-image-ratio-inherit'><img loading=\"lazy\" decoding=\"async\" width=\"540\" height=\"360\" src=\"https:\/\/www.hvk-bo.de\/hvk_neu\/wp-content\/uploads\/2026\/03\/Homepage-Badminton1b.webp\" class=\"attachment-large size-large\" alt=\"\" srcset=\"https:\/\/www.hvk-bo.de\/hvk_neu\/wp-content\/uploads\/2026\/03\/Homepage-Badminton1b.webp 540w, https:\/\/www.hvk-bo.de\/hvk_neu\/wp-content\/uploads\/2026\/03\/Homepage-Badminton1b-300x200.webp 300w\" sizes=\"auto, (max-width: 540px) 100vw, 540px\" \/>\t\t\t\t\t<\/a>\n\t\t\t\t\t\t\t<\/div>\n\t\t\t\t\t\t<h6 class=\"uagb-post__title uagb-post__text\">\n\t\t\t\t<a href=\"https:\/\/www.hvk-bo.de\/hvk_neu\/bericht-landesfinale-essen-badminton\/\" target=\"_self\" rel=\"bookmark noopener noreferrer\">Bericht Landesfinale Essen Badminton<\/a>\n\t\t\t<\/h6>\n\t\t\t\t\t\t<div class='uagb-post__text uagb-post-grid-byline'>\n\t\t\t\t\t\t\t<\/div>\n\t\t\t\t\t\t\t<div class='uagb-post__text uagb-post__excerpt'>\n\t\t\t\t\t<p>Platz 5 beim Landesfinale Badminton in EssenUm einige Erfahrungen reicher kehrte unser Badmintonteam vom Landesfinale von Jugend trainiert f\u00fcr Olympia&#8230;\t\t\t\t<\/div>\n\t\t\t\t\t\t<div class=\"uagb-post__text uagb-post__cta wp-block-button\">\n\t\t\t\t<a class=\"wp-block-button__link uagb-text-link\" style=\"\" href=\"https:\/\/www.hvk-bo.de\/hvk_neu\/bericht-landesfinale-essen-badminton\/\" target=\"_self\" rel=\"bookmark noopener noreferrer\">Weiterlesen<\/a>\n\t\t\t<\/div>\n\t\t\t\n\t\t\t\t\t\t\t\t\t<\/article>\n\t\t\t\t\t\t\t\t\t\t\t<\/div>\n\t\t\t<\/div>\n<\/div>\n\n\n\n<div class=\"sticky-buttons\">\n    <button class=\"sticky-button\" onclick=\"togglePanel('panel1')\"><svg xmlns=\"http:\/\/www.w3.org\/2000\/svg\" width=\"16\" height=\"16\" fill=\"currentColor\" class=\"bi bi-telephone-forward-fill\" viewBox=\"0 0 16 16\">\n  <path fill-rule=\"evenodd\" d=\"M1.885.511a1.745 1.745 0 0 1 2.61.163L6.29 2.98c.329.423.445.974.315 1.494l-.547 2.19a.68.68 0 0 0 .178.643l2.457 2.457a.68.68 0 0 0 .644.178l2.189-.547a1.75 1.75 0 0 1 1.494.315l2.306 1.794c.829.645.905 1.87.163 2.611l-1.034 1.034c-.74.74-1.846 1.065-2.877.702a18.6 18.6 0 0 1-7.01-4.42 18.6 18.6 0 0 1-4.42-7.009c-.362-1.03-.037-2.137.703-2.877zm10.761.135a.5.5 0 0 1 .708 0l2.5 2.5a.5.5 0 0 1 0 .708l-2.5 2.5a.5.5 0 0 1-.708-.708L14.293 4H9.5a.5.5 0 0 1 0-1h4.793l-1.647-1.646a.5.5 0 0 1 0-.708\"\/>\n<\/svg><\/button>\n    <button class=\"sticky-button\" onclick=\"togglePanel('panel2')\"><svg xmlns=\"http:\/\/www.w3.org\/2000\/svg\" width=\"16\" height=\"16\" fill=\"currentColor\" class=\"bi bi-calendar3\" viewBox=\"0 0 16 16\">\n  <path d=\"M14 0H2a2 2 0 0 0-2 2v12a2 2 0 0 0 2 2h12a2 2 0 0 0 2-2V2a2 2 0 0 0-2-2M1 3.857C1 3.384 1.448 3 2 3h12c.552 0 1 .384 1 .857v10.286c0 .473-.448.857-1 .857H2c-.552 0-1-.384-1-.857z\"\/>\n  <path d=\"M6.5 7a1 1 0 1 0 0-2 1 1 0 0 0 0 2m3 0a1 1 0 1 0 0-2 1 1 0 0 0 0 2m3 0a1 1 0 1 0 0-2 1 1 0 0 0 0 2m-9 3a1 1 0 1 0 0-2 1 1 0 0 0 0 2m3 0a1 1 0 1 0 0-2 1 1 0 0 0 0 2m3 0a1 1 0 1 0 0-2 1 1 0 0 0 0 2m3 0a1 1 0 1 0 0-2 1 1 0 0 0 0 2m-9 3a1 1 0 1 0 0-2 1 1 0 0 0 0 2m3 0a1 1 0 1 0 0-2 1 1 0 0 0 0 2m3 0a1 1 0 1 0 0-2 1 1 0 0 0 0 2\"\/>\n<\/svg><\/button>\n    <button class=\"sticky-button\" onclick=\"togglePanel('panel3')\"><svg xmlns=\"http:\/\/www.w3.org\/2000\/svg\" width=\"16\" height=\"16\" fill=\"currentColor\" class=\"bi bi-envelope-at\" viewBox=\"0 0 16 16\">\n  <path d=\"M2 2a2 2 0 0 0-2 2v8.01A2 2 0 0 0 2 14h5.5a.5.5 0 0 0 0-1H2a1 1 0 0 1-.966-.741l5.64-3.471L8 9.583l7-4.2V8.5a.5.5 0 0 0 1 0V4a2 2 0 0 0-2-2zm3.708 6.208L1 11.105V5.383zM1 4.217V4a1 1 0 0 1 1-1h12a1 1 0 0 1 1 1v.217l-7 4.2z\"\/>\n  <path d=\"M14.247 14.269c1.01 0 1.587-.857 1.587-2.025v-.21C15.834 10.43 14.64 9 12.52 9h-.035C10.42 9 9 10.36 9 12.432v.214C9 14.82 10.438 16 12.358 16h.044c.594 0 1.018-.074 1.237-.175v-.73c-.245.11-.673.18-1.18.18h-.044c-1.334 0-2.571-.788-2.571-2.655v-.157c0-1.657 1.058-2.724 2.64-2.724h.04c1.535 0 2.484 1.05 2.484 2.326v.118c0 .975-.324 1.39-.639 1.39-.232 0-.41-.148-.41-.42v-2.19h-.906v.569h-.03c-.084-.298-.368-.63-.954-.63-.778 0-1.259.555-1.259 1.4v.528c0 .892.49 1.434 1.26 1.434.471 0 .896-.227 1.014-.643h.043c.118.42.617.648 1.12.648m-2.453-1.588v-.227c0-.546.227-.791.573-.791.297 0 .572.192.572.708v.367c0 .573-.253.744-.564.744-.354 0-.581-.215-.581-.8Z\"\/>\n<\/svg><\/button>\n<\/div>\n\n<div id=\"panel1\" class=\"content-panel p-rounded\"><span class=\"close-btn\" onclick=\"closePanel('panel1')\">&times;<\/span><p><h4>Sekretariat anrufen <\/h4><a href=\"tel:+49234891250\">0234-891250<\/a><\/p><\/div>\n<div id=\"panel2\" class=\"content-panel p-rounded\"><span class=\"close-btn\"  onclick=\"closePanel('panel2')\">&times;<\/span><p style=\"padding-bottom:5px\"><\/p><iframe loading=\"lazy\" src=\"https:\/\/calendar.google.com\/calendar\/embed?src=008lnq6qk21ri5hdvmfgeei8u4%40group.calendar.google.com&#038;ctz=Europe%2FBerlin&#038;mode=AGENDA&#038;showTitle=0&#038;showPrint=1&#038;showTabs=0&#038;showCalendars=0&#038;showTz=0&#038;height=300\" style=\"border: 0\" width=\"100%\" height=\"300\" frameborder=\"0\" scrolling=\"no\"><\/iframe><\/div>\n<div id=\"panel3\" class=\"content-panel p-rounded\"><span class=\"close-btn\" onclick=\"closePanel('panel3')\">&times;<\/span><p><h5>Mail direkt an <a href=\"mailto:sekretariat@hvk-bochum.de\">Sekretariat<\/a><\/h5>oder nutzen Sie das <a href=\".\/service\/kontakt\/#kontaktformular\"> Kontaktformular<\/a>.<\/p><\/div>\n\n\n\n<p><\/p>\n","protected":false},"excerpt":{"rendered":"<p>Willkommen auf der Homepage des HvK Wir freuen uns, dass Sie sich f\u00fcr unser Gymnasium im Schulzentrum Nord interessieren. Wir [&hellip;]<\/p>\n","protected":false},"author":1,"featured_media":0,"parent":0,"menu_order":0,"comment_status":"closed","ping_status":"closed","template":"","meta":{"_uag_custom_page_level_css":"","site-sidebar-layout":"no-sidebar","site-content-layout":"plain-container","ast-site-content-layout":"default","site-content-style":"unboxed","site-sidebar-style":"default","ast-global-header-display":"","ast-banner-title-visibility":"","ast-main-header-display":"","ast-hfb-above-header-display":"","ast-hfb-below-header-display":"","ast-hfb-mobile-header-display":"","site-post-title":"disabled","ast-breadcrumbs-content":"","ast-featured-img":"","footer-sml-layout":"","ast-disable-related-posts":"","theme-transparent-header-meta":"disabled","adv-header-id-meta":"","stick-header-meta":"","header-above-stick-meta":"","header-main-stick-meta":"","header-below-stick-meta":"","astra-migrate-meta-layouts":"default","ast-page-background-enabled":"default","ast-page-background-meta":{"desktop":{"background-color":"var(--ast-global-color-4)","background-image":"","background-repeat":"repeat","background-position":"center center","background-size":"auto","background-attachment":"scroll","background-type":"","background-media":"","overlay-type":"","overlay-color":"","overlay-opacity":"","overlay-gradient":""},"tablet":{"background-color":"","background-image":"","background-repeat":"repeat","background-position":"center center","background-size":"auto","background-attachment":"scroll","background-type":"","background-media":"","overlay-type":"","overlay-color":"","overlay-opacity":"","overlay-gradient":""},"mobile":{"background-color":"","background-image":"","background-repeat":"repeat","background-position":"center center","background-size":"auto","background-attachment":"scroll","background-type":"","background-media":"","overlay-type":"","overlay-color":"","overlay-opacity":"","overlay-gradient":""}},"ast-content-background-meta":{"desktop":{"background-color":"var(--ast-global-color-5)","background-image":"","background-repeat":"repeat","background-position":"center center","background-size":"auto","background-attachment":"scroll","background-type":"","background-media":"","overlay-type":"","overlay-color":"","overlay-opacity":"","overlay-gradient":""},"tablet":{"background-color":"var(--ast-global-color-5)","background-image":"","background-repeat":"repeat","background-position":"center center","background-size":"auto","background-attachment":"scroll","background-type":"","background-media":"","overlay-type":"","overlay-color":"","overlay-opacity":"","overlay-gradient":""},"mobile":{"background-color":"var(--ast-global-color-5)","background-image":"","background-repeat":"repeat","background-position":"center center","background-size":"auto","background-attachment":"scroll","background-type":"","background-media":"","overlay-type":"","overlay-color":"","overlay-opacity":"","overlay-gradient":""}},"footnotes":""},"class_list":["post-7","page","type-page","status-publish","hentry"],"yoast_head":"<!-- This site is optimized with the Yoast SEO plugin v27.5 - https:\/\/yoast.com\/product\/yoast-seo-wordpress\/ -->\n<title>Start - Heinrich-von-Kleist-Gymnasium<\/title>\n<meta name=\"robots\" content=\"index, follow, max-snippet:-1, max-image-preview:large, max-video-preview:-1\" \/>\n<link rel=\"canonical\" href=\"https:\/\/www.hvk-bo.de\/hvk_neu\/\" \/>\n<meta property=\"og:locale\" content=\"de_DE\" \/>\n<meta property=\"og:type\" content=\"article\" \/>\n<meta property=\"og:title\" content=\"Start - Heinrich-von-Kleist-Gymnasium\" \/>\n<meta property=\"og:description\" content=\"Willkommen auf der Homepage des HvK Wir freuen uns, dass Sie sich f\u00fcr unser Gymnasium im Schulzentrum Nord interessieren. Wir [&hellip;]\" \/>\n<meta property=\"og:url\" content=\"https:\/\/www.hvk-bo.de\/hvk_neu\/\" \/>\n<meta property=\"og:site_name\" content=\"Heinrich-von-Kleist-Gymnasium\" \/>\n<meta property=\"article:modified_time\" content=\"2026-03-27T13:15:59+00:00\" \/>\n<meta property=\"og:image\" content=\"https:\/\/www.hvk-bo.de\/hvk_neu\/wp-content\/uploads\/2024\/10\/HvK_2_LPNord_klein.jpg\" \/>\n\t<meta property=\"og:image:width\" content=\"1080\" \/>\n\t<meta property=\"og:image:height\" content=\"721\" \/>\n\t<meta property=\"og:image:type\" content=\"image\/jpeg\" \/>\n<meta name=\"twitter:card\" content=\"summary_large_image\" \/>\n<meta name=\"twitter:label1\" content=\"Gesch\u00e4tzte Lesezeit\" \/>\n\t<meta name=\"twitter:data1\" content=\"1\u00a0Minute\" \/>\n<script type=\"application\/ld+json\" class=\"yoast-schema-graph\">{\"@context\":\"https:\\\/\\\/schema.org\",\"@graph\":[{\"@type\":\"WebPage\",\"@id\":\"https:\\\/\\\/www.hvk-bo.de\\\/hvk_neu\\\/\",\"url\":\"https:\\\/\\\/www.hvk-bo.de\\\/hvk_neu\\\/\",\"name\":\"Start - Heinrich-von-Kleist-Gymnasium\",\"isPartOf\":{\"@id\":\"https:\\\/\\\/www.hvk-bo.de\\\/hvk_neu\\\/#website\"},\"primaryImageOfPage\":{\"@id\":\"https:\\\/\\\/www.hvk-bo.de\\\/hvk_neu\\\/#primaryimage\"},\"image\":{\"@id\":\"https:\\\/\\\/www.hvk-bo.de\\\/hvk_neu\\\/#primaryimage\"},\"thumbnailUrl\":\"https:\\\/\\\/www.hvk-bo.de\\\/hvk_neu\\\/wp-content\\\/uploads\\\/2024\\\/10\\\/HvK_2_LPNord_klein-1024x684.jpg\",\"datePublished\":\"2024-04-22T10:33:06+00:00\",\"dateModified\":\"2026-03-27T13:15:59+00:00\",\"breadcrumb\":{\"@id\":\"https:\\\/\\\/www.hvk-bo.de\\\/hvk_neu\\\/#breadcrumb\"},\"inLanguage\":\"de\",\"potentialAction\":[{\"@type\":\"ReadAction\",\"target\":[\"https:\\\/\\\/www.hvk-bo.de\\\/hvk_neu\\\/\"]}]},{\"@type\":\"ImageObject\",\"inLanguage\":\"de\",\"@id\":\"https:\\\/\\\/www.hvk-bo.de\\\/hvk_neu\\\/#primaryimage\",\"url\":\"https:\\\/\\\/www.hvk-bo.de\\\/hvk_neu\\\/wp-content\\\/uploads\\\/2024\\\/10\\\/HvK_2_LPNord_klein.jpg\",\"contentUrl\":\"https:\\\/\\\/www.hvk-bo.de\\\/hvk_neu\\\/wp-content\\\/uploads\\\/2024\\\/10\\\/HvK_2_LPNord_klein.jpg\",\"width\":1080,\"height\":721,\"caption\":\"Alle auf einem Bild\"},{\"@type\":\"BreadcrumbList\",\"@id\":\"https:\\\/\\\/www.hvk-bo.de\\\/hvk_neu\\\/#breadcrumb\",\"itemListElement\":[{\"@type\":\"ListItem\",\"position\":1,\"name\":\"Startseite\",\"item\":\"https:\\\/\\\/www.hvk-bo.de\\\/hvk_neu\\\/\"},{\"@type\":\"ListItem\",\"position\":2,\"name\":\"Start\"}]},{\"@type\":\"WebSite\",\"@id\":\"https:\\\/\\\/www.hvk-bo.de\\\/hvk_neu\\\/#website\",\"url\":\"https:\\\/\\\/www.hvk-bo.de\\\/hvk_neu\\\/\",\"name\":\"Heinrich-von-Kleist-Gymnasium\",\"description\":\"Ganztagsgymnasium\",\"publisher\":{\"@id\":\"https:\\\/\\\/www.hvk-bo.de\\\/hvk_neu\\\/#organization\"},\"alternateName\":\"HvK Bochum\",\"potentialAction\":[{\"@type\":\"SearchAction\",\"target\":{\"@type\":\"EntryPoint\",\"urlTemplate\":\"https:\\\/\\\/www.hvk-bo.de\\\/hvk_neu\\\/?s={search_term_string}\"},\"query-input\":{\"@type\":\"PropertyValueSpecification\",\"valueRequired\":true,\"valueName\":\"search_term_string\"}}],\"inLanguage\":\"de\"},{\"@type\":\"Organization\",\"@id\":\"https:\\\/\\\/www.hvk-bo.de\\\/hvk_neu\\\/#organization\",\"name\":\"Heinrich-von-Kleist-Gymnasium\",\"alternateName\":\"HvK Bochum\",\"url\":\"https:\\\/\\\/www.hvk-bo.de\\\/hvk_neu\\\/\",\"logo\":{\"@type\":\"ImageObject\",\"inLanguage\":\"de\",\"@id\":\"https:\\\/\\\/www.hvk-bo.de\\\/hvk_neu\\\/#\\\/schema\\\/logo\\\/image\\\/\",\"url\":\"https:\\\/\\\/www.hvk-bo.de\\\/hvk_neu\\\/wp-content\\\/uploads\\\/2024\\\/06\\\/HvK_Logo_klein.png\",\"contentUrl\":\"https:\\\/\\\/www.hvk-bo.de\\\/hvk_neu\\\/wp-content\\\/uploads\\\/2024\\\/06\\\/HvK_Logo_klein.png\",\"width\":512,\"height\":512,\"caption\":\"Heinrich-von-Kleist-Gymnasium\"},\"image\":{\"@id\":\"https:\\\/\\\/www.hvk-bo.de\\\/hvk_neu\\\/#\\\/schema\\\/logo\\\/image\\\/\"}}]}<\/script>\n<!-- \/ Yoast SEO plugin. -->","yoast_head_json":{"title":"Start - Heinrich-von-Kleist-Gymnasium","robots":{"index":"index","follow":"follow","max-snippet":"max-snippet:-1","max-image-preview":"max-image-preview:large","max-video-preview":"max-video-preview:-1"},"canonical":"https:\/\/www.hvk-bo.de\/hvk_neu\/","og_locale":"de_DE","og_type":"article","og_title":"Start - Heinrich-von-Kleist-Gymnasium","og_description":"Willkommen auf der Homepage des HvK Wir freuen uns, dass Sie sich f\u00fcr unser Gymnasium im Schulzentrum Nord interessieren. Wir [&hellip;]","og_url":"https:\/\/www.hvk-bo.de\/hvk_neu\/","og_site_name":"Heinrich-von-Kleist-Gymnasium","article_modified_time":"2026-03-27T13:15:59+00:00","og_image":[{"width":1080,"height":721,"url":"https:\/\/www.hvk-bo.de\/hvk_neu\/wp-content\/uploads\/2024\/10\/HvK_2_LPNord_klein.jpg","type":"image\/jpeg"}],"twitter_card":"summary_large_image","twitter_misc":{"Gesch\u00e4tzte Lesezeit":"1\u00a0Minute"},"schema":{"@context":"https:\/\/schema.org","@graph":[{"@type":"WebPage","@id":"https:\/\/www.hvk-bo.de\/hvk_neu\/","url":"https:\/\/www.hvk-bo.de\/hvk_neu\/","name":"Start - Heinrich-von-Kleist-Gymnasium","isPartOf":{"@id":"https:\/\/www.hvk-bo.de\/hvk_neu\/#website"},"primaryImageOfPage":{"@id":"https:\/\/www.hvk-bo.de\/hvk_neu\/#primaryimage"},"image":{"@id":"https:\/\/www.hvk-bo.de\/hvk_neu\/#primaryimage"},"thumbnailUrl":"https:\/\/www.hvk-bo.de\/hvk_neu\/wp-content\/uploads\/2024\/10\/HvK_2_LPNord_klein-1024x684.jpg","datePublished":"2024-04-22T10:33:06+00:00","dateModified":"2026-03-27T13:15:59+00:00","breadcrumb":{"@id":"https:\/\/www.hvk-bo.de\/hvk_neu\/#breadcrumb"},"inLanguage":"de","potentialAction":[{"@type":"ReadAction","target":["https:\/\/www.hvk-bo.de\/hvk_neu\/"]}]},{"@type":"ImageObject","inLanguage":"de","@id":"https:\/\/www.hvk-bo.de\/hvk_neu\/#primaryimage","url":"https:\/\/www.hvk-bo.de\/hvk_neu\/wp-content\/uploads\/2024\/10\/HvK_2_LPNord_klein.jpg","contentUrl":"https:\/\/www.hvk-bo.de\/hvk_neu\/wp-content\/uploads\/2024\/10\/HvK_2_LPNord_klein.jpg","width":1080,"height":721,"caption":"Alle auf einem Bild"},{"@type":"BreadcrumbList","@id":"https:\/\/www.hvk-bo.de\/hvk_neu\/#breadcrumb","itemListElement":[{"@type":"ListItem","position":1,"name":"Startseite","item":"https:\/\/www.hvk-bo.de\/hvk_neu\/"},{"@type":"ListItem","position":2,"name":"Start"}]},{"@type":"WebSite","@id":"https:\/\/www.hvk-bo.de\/hvk_neu\/#website","url":"https:\/\/www.hvk-bo.de\/hvk_neu\/","name":"Heinrich-von-Kleist-Gymnasium","description":"Ganztagsgymnasium","publisher":{"@id":"https:\/\/www.hvk-bo.de\/hvk_neu\/#organization"},"alternateName":"HvK Bochum","potentialAction":[{"@type":"SearchAction","target":{"@type":"EntryPoint","urlTemplate":"https:\/\/www.hvk-bo.de\/hvk_neu\/?s={search_term_string}"},"query-input":{"@type":"PropertyValueSpecification","valueRequired":true,"valueName":"search_term_string"}}],"inLanguage":"de"},{"@type":"Organization","@id":"https:\/\/www.hvk-bo.de\/hvk_neu\/#organization","name":"Heinrich-von-Kleist-Gymnasium","alternateName":"HvK Bochum","url":"https:\/\/www.hvk-bo.de\/hvk_neu\/","logo":{"@type":"ImageObject","inLanguage":"de","@id":"https:\/\/www.hvk-bo.de\/hvk_neu\/#\/schema\/logo\/image\/","url":"https:\/\/www.hvk-bo.de\/hvk_neu\/wp-content\/uploads\/2024\/06\/HvK_Logo_klein.png","contentUrl":"https:\/\/www.hvk-bo.de\/hvk_neu\/wp-content\/uploads\/2024\/06\/HvK_Logo_klein.png","width":512,"height":512,"caption":"Heinrich-von-Kleist-Gymnasium"},"image":{"@id":"https:\/\/www.hvk-bo.de\/hvk_neu\/#\/schema\/logo\/image\/"}}]}},"uagb_featured_image_src":{"full":false,"thumbnail":false,"medium":false,"medium_large":false,"large":false,"1536x1536":false,"2048x2048":false},"uagb_author_info":{"display_name":"Elmar B\u00fcsing","author_link":"https:\/\/www.hvk-bo.de\/hvk_neu\/author\/elmarmusterschule\/"},"uagb_comment_info":0,"uagb_excerpt":"Willkommen auf der Homepage des HvK Wir freuen uns, dass Sie sich f\u00fcr unser Gymnasium im Schulzentrum Nord interessieren. Wir [&hellip;]","_links":{"self":[{"href":"https:\/\/www.hvk-bo.de\/hvk_neu\/wp-json\/wp\/v2\/pages\/7","targetHints":{"allow":["GET"]}}],"collection":[{"href":"https:\/\/www.hvk-bo.de\/hvk_neu\/wp-json\/wp\/v2\/pages"}],"about":[{"href":"https:\/\/www.hvk-bo.de\/hvk_neu\/wp-json\/wp\/v2\/types\/page"}],"author":[{"embeddable":true,"href":"https:\/\/www.hvk-bo.de\/hvk_neu\/wp-json\/wp\/v2\/users\/1"}],"replies":[{"embeddable":true,"href":"https:\/\/www.hvk-bo.de\/hvk_neu\/wp-json\/wp\/v2\/comments?post=7"}],"version-history":[{"count":12,"href":"https:\/\/www.hvk-bo.de\/hvk_neu\/wp-json\/wp\/v2\/pages\/7\/revisions"}],"predecessor-version":[{"id":4171,"href":"https:\/\/www.hvk-bo.de\/hvk_neu\/wp-json\/wp\/v2\/pages\/7\/revisions\/4171"}],"wp:attachment":[{"href":"https:\/\/www.hvk-bo.de\/hvk_neu\/wp-json\/wp\/v2\/media?parent=7"}],"curies":[{"name":"wp","href":"https:\/\/api.w.org\/{rel}","templated":true}]}}